{"id":109481,"date":"2025-01-21T14:35:30","date_gmt":"2025-01-21T17:35:30","guid":{"rendered":"https:\/\/www.apucarana.pr.gov.br\/site\/?page_id=109481"},"modified":"2025-12-19T08:39:57","modified_gmt":"2025-12-19T11:39:57","slug":"chamamentos-publicos-2025","status":"publish","type":"page","link":"https:\/\/www.apucarana.pr.gov.br\/site\/chamamentos-publicos-2025\/","title":{"rendered":"Chamamentos P\u00fablicos 2025"},"content":{"rendered":"\t\t<div data-elementor-type=\"wp-page\" data-elementor-id=\"109481\" class=\"elementor elementor-109481\">\n\t\t\t\t\t\t\t\t\t<section class=\"elementor-section elementor-top-section elementor-element elementor-element-371e7ca elementor-section-boxed elementor-section-height-default elementor-section-height-default\" data-id=\"371e7ca\" data-element_type=\"section\" data-settings=\"{&quot;jet_parallax_layout_list&quot;:[{&quot;jet_parallax_layout_image&quot;:{&quot;url&quot;:&quot;&quot;,&quot;id&quot;:&quot;&quot;},&quot;_id&quot;:&quot;4dfac68&quot;,&quot;jet_parallax_layout_image_tablet&quot;:{&quot;url&quot;:&quot;&quot;,&quot;id&quot;:&quot;&quot;},&quot;jet_parallax_layout_image_mobile&quot;:{&quot;url&quot;:&quot;&quot;,&quot;id&quot;:&quot;&quot;},&quot;jet_parallax_layout_speed&quot;:{&quot;unit&quot;:&quot;%&quot;,&quot;size&quot;:50,&quot;sizes&quot;:[]},&quot;jet_parallax_layout_type&quot;:&quot;scroll&quot;,&quot;jet_parallax_layout_direction&quot;:null,&quot;jet_parallax_layout_fx_direction&quot;:null,&quot;jet_parallax_layout_z_index&quot;:&quot;&quot;,&quot;jet_parallax_layout_bg_x&quot;:50,&quot;jet_parallax_layout_bg_x_tablet&quot;:&quot;&quot;,&quot;jet_parallax_layout_bg_x_mobile&quot;:&quot;&quot;,&quot;jet_parallax_layout_bg_y&quot;:50,&quot;jet_parallax_layout_bg_y_tablet&quot;:&quot;&quot;,&quot;jet_parallax_layout_bg_y_mobile&quot;:&quot;&quot;,&quot;jet_parallax_layout_bg_size&quot;:&quot;auto&quot;,&quot;jet_parallax_layout_bg_size_tablet&quot;:&quot;&quot;,&quot;jet_parallax_layout_bg_size_mobile&quot;:&quot;&quot;,&quot;jet_parallax_layout_animation_prop&quot;:&quot;transform&quot;,&quot;jet_parallax_layout_on&quot;:[&quot;desktop&quot;,&quot;tablet&quot;]}]}\">\n\t\t\t\t\t\t<div class=\"elementor-container elementor-column-gap-default\">\n\t\t\t\t\t<div class=\"elementor-column elementor-col-50 elementor-top-column elementor-element elementor-element-87a5401\" data-id=\"87a5401\" data-element_type=\"column\">\n\t\t\t<div class=\"elementor-widget-wrap elementor-element-populated\">\n\t\t\t\t\t\t\t\t<div class=\"elementor-element elementor-element-90adfc4 elementor-widget elementor-widget-jet-custom-menu\" data-id=\"90adfc4\" data-element_type=\"widget\" data-widget_type=\"jet-custom-menu.default\">\n\t\t\t\t<div class=\"elementor-widget-container\">\n\t\t\t<div class=\"menu-chamamentos-publicos-container\"><div class=\"jet-custom-nav jet-custom-nav--dropdown-right-side jet-custom-nav--animation-fade\"><div class=\"menu-item menu-item-type-post_type menu-item-object-page jet-custom-nav__item jet-custom-nav__item-123348\"><a href=\"https:\/\/www.apucarana.pr.gov.br\/site\/chamamentos-publicos-2026\/\" class=\"jet-custom-nav__item-link\"><span class=\"jet-menu-link-text\"><span class=\"jet-custom-item-label top-level-label\">2026<\/span><\/span><\/a><\/div>\n<div class=\"menu-item menu-item-type-post_type menu-item-object-page jet-custom-nav__item jet-custom-nav__item-109485\"><a href=\"https:\/\/www.apucarana.pr.gov.br\/site\/chamamentos-publicos-2025\/\" class=\"jet-custom-nav__item-link\"><span class=\"jet-menu-link-text\"><span class=\"jet-custom-item-label top-level-label\">2025<\/span><\/span><\/a><\/div>\n<div class=\"menu-item menu-item-type-post_type menu-item-object-page jet-custom-nav__item jet-custom-nav__item-91711\"><a href=\"https:\/\/www.apucarana.pr.gov.br\/site\/chamamentos-publicos-2024\/\" class=\"jet-custom-nav__item-link\"><span class=\"jet-menu-link-text\"><span class=\"jet-custom-item-label top-level-label\">2024<\/span><\/span><\/a><\/div>\n<div class=\"menu-item menu-item-type-post_type menu-item-object-page jet-custom-nav__item jet-custom-nav__item-83461\"><a href=\"https:\/\/www.apucarana.pr.gov.br\/site\/chamamentos-publicos-2023\/\" class=\"jet-custom-nav__item-link\"><span class=\"jet-menu-link-text\"><span class=\"jet-custom-item-label top-level-label\">2023<\/span><\/span><\/a><\/div>\n<div class=\"menu-item menu-item-type-post_type menu-item-object-page jet-custom-nav__item jet-custom-nav__item-83462\"><a href=\"https:\/\/www.apucarana.pr.gov.br\/site\/chamamentos-publicos-2022\/\" class=\"jet-custom-nav__item-link\"><span class=\"jet-menu-link-text\"><span class=\"jet-custom-item-label top-level-label\">2022<\/span><\/span><\/a><\/div>\n<div class=\"menu-item menu-item-type-post_type menu-item-object-page jet-custom-nav__item jet-custom-nav__item-83463\"><a href=\"https:\/\/www.apucarana.pr.gov.br\/site\/chamamentos-publicos-2021\/\" class=\"jet-custom-nav__item-link\"><span class=\"jet-menu-link-text\"><span class=\"jet-custom-item-label top-level-label\">2021<\/span><\/span><\/a><\/div>\n<div class=\"menu-item menu-item-type-post_type menu-item-object-page jet-custom-nav__item jet-custom-nav__item-83464\"><a href=\"https:\/\/www.apucarana.pr.gov.br\/site\/chamamentos-publicos-2020\/\" class=\"jet-custom-nav__item-link\"><span class=\"jet-menu-link-text\"><span class=\"jet-custom-item-label top-level-label\">2020<\/span><\/span><\/a><\/div>\n<div class=\"menu-item menu-item-type-post_type menu-item-object-page jet-custom-nav__item jet-custom-nav__item-83465\"><a href=\"https:\/\/www.apucarana.pr.gov.br\/site\/chamamentos-publicos-2019\/\" class=\"jet-custom-nav__item-link\"><span class=\"jet-menu-link-text\"><span class=\"jet-custom-item-label top-level-label\">2019<\/span><\/span><\/a><\/div>\n<div class=\"menu-item menu-item-type-post_type menu-item-object-page jet-custom-nav__item jet-custom-nav__item-83466\"><a href=\"https:\/\/www.apucarana.pr.gov.br\/site\/chamamentos-publicos-2018\/\" class=\"jet-custom-nav__item-link\"><span class=\"jet-menu-link-text\"><span class=\"jet-custom-item-label top-level-label\">2018<\/span><\/span><\/a><\/div>\n<div class=\"menu-item menu-item-type-post_type menu-item-object-page jet-custom-nav__item jet-custom-nav__item-83467\"><a href=\"https:\/\/www.apucarana.pr.gov.br\/site\/chamamentos-publicos-2017\/\" class=\"jet-custom-nav__item-link\"><span class=\"jet-menu-link-text\"><span class=\"jet-custom-item-label top-level-label\">2017<\/span><\/span><\/a><\/div>\n<div class=\"menu-item menu-item-type-post_type menu-item-object-page jet-custom-nav__item jet-custom-nav__item-83468\"><a href=\"https:\/\/www.apucarana.pr.gov.br\/site\/chamamentos-publicos-2016\/\" class=\"jet-custom-nav__item-link\"><span class=\"jet-menu-link-text\"><span class=\"jet-custom-item-label top-level-label\">2016<\/span><\/span><\/a><\/div>\n<div class=\"menu-item menu-item-type-post_type menu-item-object-page jet-custom-nav__item jet-custom-nav__item-83469\"><a href=\"https:\/\/www.apucarana.pr.gov.br\/site\/chamamentos-publicos-2015\/\" class=\"jet-custom-nav__item-link\"><span class=\"jet-menu-link-text\"><span class=\"jet-custom-item-label top-level-label\">2015<\/span><\/span><\/a><\/div>\n<\/div><\/div>\t\t<\/div>\n\t\t\t\t<\/div>\n\t\t\t\t\t<\/div>\n\t\t<\/div>\n\t\t\t\t<div class=\"elementor-column elementor-col-50 elementor-top-column elementor-element elementor-element-f386e5c\" data-id=\"f386e5c\" data-element_type=\"column\">\n\t\t\t<div class=\"elementor-widget-wrap elementor-element-populated\">\n\t\t\t\t\t\t\t\t<div class=\"elementor-element elementor-element-7dd6f63 elementor-align-left elementor-widget elementor-widget-raven-heading\" data-id=\"7dd6f63\" data-element_type=\"widget\" data-widget_type=\"raven-heading.default\">\n\t\t\t\t<div class=\"elementor-widget-container\">\n\t\t\t\t\t<div class=\"raven-widget-wrapper\"><h2 class=\"raven-heading raven-heading-h2\"><span class=\"raven-heading-title\">Secretarias<\/span><\/h2><\/div>\n\t\t\t\t<\/div>\n\t\t\t\t<\/div>\n\t\t\t\t<div class=\"elementor-element elementor-element-e8e076c carta-de-servicos-accordion elementor-widget elementor-widget-jet-accordion\" data-id=\"e8e076c\" data-element_type=\"widget\" data-widget_type=\"jet-accordion.default\">\n\t\t\t\t<div class=\"elementor-widget-container\">\n\t\t\t\t\t<div class=\"jet-accordion\" data-settings=\"{&quot;collapsible&quot;:false,&quot;ajaxTemplate&quot;:false,&quot;switchScrolling&quot;:false,&quot;switchScrollingOffset&quot;:0}\" role=\"tablist\">\n\t\t\t<div class=\"jet-accordion__inner\">\n\t\t\t\t<div class=\"jet-accordion__item jet-toggle jet-toggle-fade-effect \">\n\t\t\t\t\t\t\t<div id=\"jet-toggle-control-2441\" class=\"jet-toggle__control elementor-menu-anchor\" data-toggle=\"1\" role=\"tab\" tabindex=\"0\" aria-controls=\"jet-toggle-content-2441\" aria-expanded=\"false\" data-template-id=\"false\">\n\t\t\t\t\t\t\t\t<div class=\"jet-toggle__label-icon jet-toggle-icon-position-left\"><span class=\"jet-toggle__icon icon-normal jet-tabs-icon\"><i class=\"fas fa-user-graduate\"><\/i><\/span><span class=\"jet-toggle__icon icon-active jet-tabs-icon\"><i class=\"fas fa-user-graduate\"><\/i><\/span><\/div><div class=\"jet-toggle__label-text\">Autarquia Municipal de Educa\u00e7\u00e3o<\/div>\t\t\t\t\t\t\t<\/div>\n\t\t\t\t\t\t\t<div id=\"jet-toggle-content-2441\" class=\"jet-toggle__content\" data-toggle=\"1\" role=\"tabpanel\" data-template-id=\"false\">\n\t\t\t\t\t\t\t\t<div class=\"jet-toggle__content-inner\"><ul><li><a href=\"\/site\/chamamentos-publicos-2025\/chp-08-2025-cadastramento-de-fornecedores-de-produtos-utilizados-na-merenda-escolar\/\">Chamamento P\u00fablico N\u00ba 08\/2025 &#8211; CHAMAMENTO P\u00daBLICO PARA CADASTRAMENTO DE FORNECEDORES DE PRODUTOS UTILIZADOS NA MERENDA ESCOLAR, NA AQUISI\u00c7\u00c3O DE G\u00caNEROS ALIMENT\u00cdCIOS DA AGRICULTURA FAMILIAR E\/OU EMPREENDEDOR FAMILIAR RURAL PARA A DESTINA\u00c7\u00c3O M\u00cdNIMA DE 45% DOS RECURSOS RECEBIDOS ATRAV\u00c9S DO PNAE<\/a><\/li><\/ul><\/div>\n\t\t\t\t\t\t\t<\/div>\n\t\t\t\t\t\t<\/div><div class=\"jet-accordion__item jet-toggle jet-toggle-fade-effect \">\n\t\t\t\t\t\t\t<div id=\"jet-toggle-control-2442\" class=\"jet-toggle__control elementor-menu-anchor\" data-toggle=\"2\" role=\"tab\" tabindex=\"0\" aria-controls=\"jet-toggle-content-2442\" aria-expanded=\"false\" data-template-id=\"false\">\n\t\t\t\t\t\t\t\t<div class=\"jet-toggle__label-icon jet-toggle-icon-position-left\"><span class=\"jet-toggle__icon icon-normal jet-tabs-icon\"><i class=\"fas fa-briefcase-medical\"><\/i><\/span><span class=\"jet-toggle__icon icon-active jet-tabs-icon\"><i class=\"fas fa-briefcase-medical\"><\/i><\/span><\/div><div class=\"jet-toggle__label-text\">Autarquia Municipal de Sa\u00fade<\/div>\t\t\t\t\t\t\t<\/div>\n\t\t\t\t\t\t\t<div id=\"jet-toggle-content-2442\" class=\"jet-toggle__content\" data-toggle=\"2\" role=\"tabpanel\" data-template-id=\"false\">\n\t\t\t\t\t\t\t\t<div class=\"jet-toggle__content-inner\"><ul>\n \t<li><a href=\"\/site\/chamamentos-publicos-2025\/chp-12-2025-pessoa-juridica-categorias-profissionais\/\">CHP 12\/2025 &#8211;  PESSOA JUR\u00cdDICA &#8211; CATEGORIAS PROFISSIONAIS<\/a><\/li>\n \t<li><a href=\"\/site\/chamamentos-publicos-2025\/chp-11-2025-plantoes-de-natal-e-ano-novo-pai-pronto-atendimento-infantil\/\">CHP 11\/2025 &#8211; PLANT\u00d5ES DE NATAL E ANO NOVO &#8211; PAI (PRONTO ATENDIMENTO INFANTIL)<\/a><\/li>\n \t<li><a href=\"\/site\/chamamentos-publicos-2025\/chp-10-2025-oferta-de-cuidados-integrados-ocis\/\">CHP 10\/2025 &#8211; OFERTA DE CUIDADOS INTEGRADOS &#8211; OCIS<\/a><\/li>\n \t<li><a href=\"\/site\/chamamentos-publicos-2025\/chp-09-2025-exames-de-imagens\/\">CHP 09\/2025 &#8211; EXAMES DE IMAGENS<\/a><\/li>\n \t<li><a href=\"\/site\/chamamentos-publicos-2025\/chp-08-2025-exames-laboratoriais\/\">CHP 08\/2025 &#8211; EXAMES LABORATORIAIS<\/a><\/li>\n \t<li><a href=\"\/site\/chamamentos-publicos-2025\/chp-07-2025-clinicas-veterinarias-cemsa\/\">CHP 07\/2025 &#8211; CL\u00cdNICAS VETERIN\u00c1RIAS &#8211; CEMSA<\/a><\/li>\n \t<li><a href=\"\/site\/chamamentos-publicos-2025\/chp-06-2025-medico-plantonista-upa-ams\/\">CHP 06\/2025 &#8211; M\u00c9DICO PLANTONISTA &#8211; UPA\/AMS<\/a><\/li>\n \t<li><a href=\"\/site\/chamamentos-publicos-2025\/chp-05-2025-plantoes-medicos-samu\/\">CHP 05\/2025 &#8211; PLANT\u00d5ES M\u00c9DICOS\/SAMU<\/a><\/li>\n \t<li><a href=\"\/site\/chamamentos-publicos-2025\/chp-04-2025-odontologia-clinica-geral\/\">CHP 04\/2025 &#8211; ODONTOLOGIA &#8211; CL\u00cdNICA GERAL<\/a><\/li>\n \t<li><a href=\"\/site\/chamamentos-publicos-2025\/chp-03-2025-pediatria-por-hora-centro-infantil\/\">CHP 03\/2025 &#8211; PEDIATRIA POR HORA &#8211; CENTRO INFANTIL<\/a><\/li>\n \t<li><a href=\"\/site\/chamamentos-publicos-2025\/chp-02-25-pediatria-centro-infantil\/\">CHP 02\/2025 &#8211; PEDIATRIA &#8211; CENTRO INFANTIL<\/a><\/li>\n \t<li><a href=\"\/site\/chamamentos-publicos-2025\/chp-01-2025-endocrinologista-casa-da-gestante\/\">CHP 01\/2025 &#8211; ENDOCRINOLOGISTA &#8211; CASA DA GESTANTE<\/a><\/li>\n<\/ul><\/div>\n\t\t\t\t\t\t\t<\/div>\n\t\t\t\t\t\t<\/div><div class=\"jet-accordion__item jet-toggle jet-toggle-fade-effect \">\n\t\t\t\t\t\t\t<div id=\"jet-toggle-control-2443\" class=\"jet-toggle__control elementor-menu-anchor\" data-toggle=\"3\" role=\"tab\" tabindex=\"0\" aria-controls=\"jet-toggle-content-2443\" aria-expanded=\"false\" data-template-id=\"false\">\n\t\t\t\t\t\t\t\t<div class=\"jet-toggle__label-icon jet-toggle-icon-position-left\"><span class=\"jet-toggle__icon icon-normal jet-tabs-icon\"><i class=\"fas fa-drafting-compass\"><\/i><\/span><span class=\"jet-toggle__icon icon-active jet-tabs-icon\"><i class=\"fas fa-drafting-compass\"><\/i><\/span><\/div><div class=\"jet-toggle__label-text\">IDEPPLAN<\/div>\t\t\t\t\t\t\t<\/div>\n\t\t\t\t\t\t\t<div id=\"jet-toggle-content-2443\" class=\"jet-toggle__content\" data-toggle=\"3\" role=\"tabpanel\" data-template-id=\"false\">\n\t\t\t\t\t\t\t\t<div class=\"jet-toggle__content-inner\"><ul><li><a href=\"\/site\/chamamentos-publicos-2025\/chamamento-publico-001-2025-credenciamento-de-empresas-espacializadas-na-prestacao-de-servicos-tecnicos-de-arquitetura-engenharia\/\">Chamamento P\u00fablico N\u00b0 001\/2025 &#8211; Credenciamento de empresas especializadas na presta\u00e7\u00e3o de servi\u00e7os t\u00e9cnicos de arquitetura e\/ou engenharia<\/a><\/li><\/ul><\/div>\n\t\t\t\t\t\t\t<\/div>\n\t\t\t\t\t\t<\/div><div class=\"jet-accordion__item jet-toggle jet-toggle-fade-effect \">\n\t\t\t\t\t\t\t<div id=\"jet-toggle-control-2444\" class=\"jet-toggle__control elementor-menu-anchor\" data-toggle=\"4\" role=\"tab\" tabindex=\"0\" aria-controls=\"jet-toggle-content-2444\" aria-expanded=\"false\" data-template-id=\"false\">\n\t\t\t\t\t\t\t\t<div class=\"jet-toggle__label-icon jet-toggle-icon-position-left\"><span class=\"jet-toggle__icon icon-normal jet-tabs-icon\"><i class=\"far fa-address-card\"><\/i><\/span><span class=\"jet-toggle__icon icon-active jet-tabs-icon\"><i class=\"far fa-address-card\"><\/i><\/span><\/div><div class=\"jet-toggle__label-text\">Secretaria de Assist\u00eancia Social<\/div>\t\t\t\t\t\t\t<\/div>\n\t\t\t\t\t\t\t<div id=\"jet-toggle-content-2444\" class=\"jet-toggle__content\" data-toggle=\"4\" role=\"tabpanel\" data-template-id=\"false\">\n\t\t\t\t\t\t\t\t<div class=\"jet-toggle__content-inner\"><ul><li><a href=\"\/site\/chamamentos-publicos-2025\/chamamento-publico-no-005-2025-educador-social\/\">Chamamento P\u00fablico N\u00ba 005\/2025 \u2013 Educador Social<\/a><\/li><\/ul><\/div>\n\t\t\t\t\t\t\t<\/div>\n\t\t\t\t\t\t<\/div><div class=\"jet-accordion__item jet-toggle jet-toggle-fade-effect \">\n\t\t\t\t\t\t\t<div id=\"jet-toggle-control-2445\" class=\"jet-toggle__control elementor-menu-anchor\" data-toggle=\"5\" role=\"tab\" tabindex=\"0\" aria-controls=\"jet-toggle-content-2445\" aria-expanded=\"false\" data-template-id=\"false\">\n\t\t\t\t\t\t\t\t<div class=\"jet-toggle__label-icon jet-toggle-icon-position-left\"><span class=\"jet-toggle__icon icon-normal jet-tabs-icon\"><i class=\"fas fa-running\"><\/i><\/span><span class=\"jet-toggle__icon icon-active jet-tabs-icon\"><i class=\"fas fa-running\"><\/i><\/span><\/div><div class=\"jet-toggle__label-text\">Secretaria de Esportes<\/div>\t\t\t\t\t\t\t<\/div>\n\t\t\t\t\t\t\t<div id=\"jet-toggle-content-2445\" class=\"jet-toggle__content\" data-toggle=\"5\" role=\"tabpanel\" data-template-id=\"false\">\n\t\t\t\t\t\t\t\t<div class=\"jet-toggle__content-inner\"><ul><li><a href=\"\/site\/chamamentos-publicos-2025\/chamamento-publico-009-2025-credenciamento-de-profissionais-aptos-a-funcao-de-tecnico-desportivo\/\">Chamamento P\u00fablico N\u00ba 009\/2025 &#8211; Credenciamento de profissionais aptos \u00e0 fun\u00e7\u00e3o de T\u00e9cnico Desportivo, para presta\u00e7\u00e3o de servi\u00e7o nas escolinhas de treinamento de diversas modalidades esportivas.\u00a0<\/a><\/li><li><a href=\"\/site\/chamamentos-publicos-2025\/chamamento-publico-no-001-2025-bolsa-atleta\/\">Chamamento P\u00fablico N\u00ba 001\/2025 &#8211; Bolsa Atleta<\/a><\/li><\/ul><\/div>\n\t\t\t\t\t\t\t<\/div>\n\t\t\t\t\t\t<\/div><div class=\"jet-accordion__item jet-toggle jet-toggle-fade-effect \">\n\t\t\t\t\t\t\t<div id=\"jet-toggle-control-2446\" class=\"jet-toggle__control elementor-menu-anchor\" data-toggle=\"6\" role=\"tab\" tabindex=\"0\" aria-controls=\"jet-toggle-content-2446\" aria-expanded=\"false\" data-template-id=\"false\">\n\t\t\t\t\t\t\t\t<div class=\"jet-toggle__label-icon jet-toggle-icon-position-left\"><span class=\"jet-toggle__icon icon-normal jet-tabs-icon\"><i class=\"far fa-chart-bar\"><\/i><\/span><span class=\"jet-toggle__icon icon-active jet-tabs-icon\"><i class=\"far fa-chart-bar\"><\/i><\/span><\/div><div class=\"jet-toggle__label-text\">Secretaria de Gest\u00e3o P\u00fablica<\/div>\t\t\t\t\t\t\t<\/div>\n\t\t\t\t\t\t\t<div id=\"jet-toggle-content-2446\" class=\"jet-toggle__content\" data-toggle=\"6\" role=\"tabpanel\" data-template-id=\"false\">\n\t\t\t\t\t\t\t\t<div class=\"jet-toggle__content-inner\"><ul><li><a href=\"\/site\/wp-content\/uploads\/2025\/03\/CHAMAMENTO-02-25-AQUISICAO-CAFE.pdf\" target=\"_blank\" rel=\"noopener\">Chamamento P\u00fablico N\u00ba 02\/2025 &#8211; CREDENCIAMENTO para a aquisi\u00e7\u00e3o de caf\u00e9 para consumo da Prefeitura Municipal e suas secretarias por meio da Agricultura Familiar e do Empreendedor Familiar Rural.<\/a><\/li><\/ul><\/div>\n\t\t\t\t\t\t\t<\/div>\n\t\t\t\t\t\t<\/div><div class=\"jet-accordion__item jet-toggle jet-toggle-fade-effect \">\n\t\t\t\t\t\t\t<div id=\"jet-toggle-control-2447\" class=\"jet-toggle__control elementor-menu-anchor\" data-toggle=\"7\" role=\"tab\" tabindex=\"0\" aria-controls=\"jet-toggle-content-2447\" aria-expanded=\"false\" data-template-id=\"false\">\n\t\t\t\t\t\t\t\t<div class=\"jet-toggle__label-icon jet-toggle-icon-position-left\"><span class=\"jet-toggle__icon icon-normal jet-tabs-icon\"><i class=\"fas fa-industry\"><\/i><\/span><span class=\"jet-toggle__icon icon-active jet-tabs-icon\"><i class=\"fas fa-industry\"><\/i><\/span><\/div><div class=\"jet-toggle__label-text\">Secretaria de Ind\u00fastria, Com\u00e9rcio e Emprego<\/div>\t\t\t\t\t\t\t<\/div>\n\t\t\t\t\t\t\t<div id=\"jet-toggle-content-2447\" class=\"jet-toggle__content\" data-toggle=\"7\" role=\"tabpanel\" data-template-id=\"false\">\n\t\t\t\t\t\t\t\t<div class=\"jet-toggle__content-inner\"><ul><li><a href=\"\/site\/chamamentos-publicos-2025\/chamamento-publico-no-007-2025-autorizacao-para-a-exploracao-comercial-de-espacos-publicos-durante-o-periodo-alusivo-ao-feriado-de-finados\/\">Chamamento P\u00fablico N\u00ba 007\/2025 &#8211; Autoriza\u00e7\u00e3o para a explora\u00e7\u00e3o comercial de espa\u00e7os p\u00fablicos durante o per\u00edodo alusivo ao feriado de Finados<\/a><\/li><\/ul><\/div>\n\t\t\t\t\t\t\t<\/div>\n\t\t\t\t\t\t<\/div><div class=\"jet-accordion__item jet-toggle jet-toggle-fade-effect \">\n\t\t\t\t\t\t\t<div id=\"jet-toggle-control-2448\" class=\"jet-toggle__control elementor-menu-anchor\" data-toggle=\"8\" role=\"tab\" tabindex=\"0\" aria-controls=\"jet-toggle-content-2448\" aria-expanded=\"false\" data-template-id=\"false\">\n\t\t\t\t\t\t\t\t<div class=\"jet-toggle__label-icon jet-toggle-icon-position-left\"><span class=\"jet-toggle__icon icon-normal jet-tabs-icon\"><i class=\"fas fa-photo-video\"><\/i><\/span><span class=\"jet-toggle__icon icon-active jet-tabs-icon\"><i class=\"fas fa-photo-video\"><\/i><\/span><\/div><div class=\"jet-toggle__label-text\">Secretaria de Promo\u00e7\u00e3o Art\u00edstica, Cultural e Tur\u00edstica<\/div>\t\t\t\t\t\t\t<\/div>\n\t\t\t\t\t\t\t<div id=\"jet-toggle-content-2448\" class=\"jet-toggle__content\" data-toggle=\"8\" role=\"tabpanel\" data-template-id=\"false\">\n\t\t\t\t\t\t\t\t<div class=\"jet-toggle__content-inner\"><ul><li><a href=\"\/site\/chamamentos-publicos-2025\/chamamento-publico-cultura-e-turismo-003-2025\">CHP 003\/2025 &#8211; Credenciamento de artistas, duplas, trios e bandas para apresenta\u00e7\u00f5es musicais<\/a><\/li><li><a href=\"\/site\/chamamentos-publicos-2025\/chamamento-publico-cultura-e-turismo-pnab-001-2025\">CHP 001\/2025 &#8211; Sele\u00e7\u00e3o de Projetos de Pontos e Pont\u00f5es de Cultura da Pol\u00edtica Nacional Cultura Viva<\/a><\/li><\/ul><\/div>\n\t\t\t\t\t\t\t<\/div>\n\t\t\t\t\t\t<\/div><div class=\"jet-accordion__item jet-toggle jet-toggle-fade-effect \">\n\t\t\t\t\t\t\t<div id=\"jet-toggle-control-2449\" class=\"jet-toggle__control elementor-menu-anchor\" data-toggle=\"9\" role=\"tab\" tabindex=\"0\" aria-controls=\"jet-toggle-content-2449\" aria-expanded=\"false\" data-template-id=\"false\">\n\t\t\t\t\t\t\t\t<div class=\"jet-toggle__label-icon jet-toggle-icon-position-left\"><span class=\"jet-toggle__icon icon-normal jet-tabs-icon\"><i class=\"fas fa-tree\"><\/i><\/span><span class=\"jet-toggle__icon icon-active jet-tabs-icon\"><i class=\"fas fa-tree\"><\/i><\/span><\/div><div class=\"jet-toggle__label-text\">Secretaria do Meio Ambiente<\/div>\t\t\t\t\t\t\t<\/div>\n\t\t\t\t\t\t\t<div id=\"jet-toggle-content-2449\" class=\"jet-toggle__content\" data-toggle=\"9\" role=\"tabpanel\" data-template-id=\"false\">\n\t\t\t\t\t\t\t\t<div class=\"jet-toggle__content-inner\"><ul><li><a href=\"\/site\/chamamentos-publicos-2025\/chamamento-publico-no-006-2025-credenciamento-para-doacao-de-animais-de-grande-porte\/\">Chamamento P\u00fablico N\u00ba 006\/2025 &#8211; Credenciamento para Doa\u00e7\u00e3o de Animais de Grande Porte<\/a><\/li><\/ul><\/div>\n\t\t\t\t\t\t\t<\/div>\n\t\t\t\t\t\t<\/div>\t\t\t\t\t\t\t\t<\/div>\n\t\t<\/div>\n\t\t\t\t<\/div>\n\t\t\t\t<\/div>\n\t\t\t\t<div class=\"elementor-element elementor-element-e069ace elementor-hidden-desktop elementor-hidden-tablet elementor-hidden-mobile elementor-align-left elementor-widget elementor-widget-raven-heading\" data-id=\"e069ace\" data-element_type=\"widget\" data-widget_type=\"raven-heading.default\">\n\t\t\t\t<div class=\"elementor-widget-container\">\n\t\t\t\t\t<div class=\"raven-widget-wrapper\"><h2 class=\"raven-heading raven-heading-h2\"><span class=\"raven-heading-title\">Mais Informa\u00e7\u00f5es<\/span><\/h2><\/div>\n\t\t\t\t<\/div>\n\t\t\t\t<\/div>\n\t\t\t\t<div class=\"elementor-element elementor-element-d41e79b carta-de-servicos-accordion elementor-hidden-desktop elementor-hidden-tablet elementor-hidden-mobile elementor-widget elementor-widget-jet-accordion\" data-id=\"d41e79b\" data-element_type=\"widget\" data-widget_type=\"jet-accordion.default\">\n\t\t\t\t<div class=\"elementor-widget-container\">\n\t\t\t\t\t<div class=\"jet-accordion\" data-settings=\"{&quot;collapsible&quot;:false,&quot;ajaxTemplate&quot;:false,&quot;switchScrolling&quot;:false,&quot;switchScrollingOffset&quot;:0}\" role=\"tablist\">\n\t\t\t<div class=\"jet-accordion__inner\">\n\t\t\t\t<div class=\"jet-accordion__item jet-toggle jet-toggle-fade-effect \">\n\t\t\t\t\t\t\t<div id=\"jet-toggle-control-2221\" class=\"jet-toggle__control elementor-menu-anchor\" data-toggle=\"1\" role=\"tab\" tabindex=\"0\" aria-controls=\"jet-toggle-content-2221\" aria-expanded=\"false\" data-template-id=\"false\">\n\t\t\t\t\t\t\t\t<div class=\"jet-toggle__label-icon jet-toggle-icon-position-left\"><span class=\"jet-toggle__icon icon-normal jet-tabs-icon\"><i class=\"fas fa-arrow-alt-circle-right\"><\/i><\/span><span class=\"jet-toggle__icon icon-active jet-tabs-icon\"><i class=\"fas fa-arrow-alt-circle-right\"><\/i><\/span><\/div><div class=\"jet-toggle__label-text\">Documenta\u00e7\u00e3o<\/div>\t\t\t\t\t\t\t<\/div>\n\t\t\t\t\t\t\t<div id=\"jet-toggle-content-2221\" class=\"jet-toggle__content\" data-toggle=\"1\" role=\"tabpanel\" data-template-id=\"false\">\n\t\t\t\t\t\t\t\t<div class=\"jet-toggle__content-inner\"><ul><li><a href=\"\/site\/wp-content\/uploads\/2022\/07\/2022_jups_programa_horario_atletismo.pdf\" target=\"_blank\" rel=\"noopener\">Edital<\/a><\/li><\/ul><\/div>\n\t\t\t\t\t\t\t<\/div>\n\t\t\t\t\t\t<\/div>\t\t\t\t\t\t\t\t<\/div>\n\t\t<\/div>\n\t\t\t\t<\/div>\n\t\t\t\t<\/div>\n\t\t\t\t\t<\/div>\n\t\t<\/div>\n\t\t\t\t\t\t\t<\/div>\n\t\t<\/section>\n\t\t\t\t\t\t\t<\/div>\n\t\t","protected":false},"excerpt":{"rendered":"<p>2025 2024 2023 2022 2021 2020 2019 2018 2017 2016 2015 Secretarias Autarquia Municipal de Educa&ccedil;&atilde;o Chamamento P&uacute;blico N&ordm; 08\/2025 &ndash; CHAMAMENTO P&Uacute;BLICO PARA CADASTRAMENTO DE FORNECEDORES DE PRODUTOS UTILIZADOS NA MERENDA ESCOLAR, NA AQUISI&Ccedil;&Atilde;O DE G&Ecirc;NEROS ALIMENT&Iacute;CIOS DA AGRICULTURA FAMILIAR E\/OU EMPREENDEDOR FAMILIAR RURAL PARA A DESTINA&Ccedil;&Atilde;O M&Iacute;NIMA DE 45% DOS RECURSOS RECEBIDOS ATRAV&Eacute;S [&hellip;]<\/p>\n","protected":false},"author":5,"featured_media":0,"parent":0,"menu_order":0,"comment_status":"closed","ping_status":"closed","template":"","meta":{"footnotes":""},"class_list":["post-109481","page","type-page","status-publish","hentry"],"acf":[],"_links":{"self":[{"href":"https:\/\/www.apucarana.pr.gov.br\/site\/wp-json\/wp\/v2\/pages\/109481","targetHints":{"allow":["GET"]}}],"collection":[{"href":"https:\/\/www.apucarana.pr.gov.br\/site\/wp-json\/wp\/v2\/pages"}],"about":[{"href":"https:\/\/www.apucarana.pr.gov.br\/site\/wp-json\/wp\/v2\/types\/page"}],"author":[{"embeddable":true,"href":"https:\/\/www.apucarana.pr.gov.br\/site\/wp-json\/wp\/v2\/users\/5"}],"replies":[{"embeddable":true,"href":"https:\/\/www.apucarana.pr.gov.br\/site\/wp-json\/wp\/v2\/comments?post=109481"}],"version-history":[{"count":5,"href":"https:\/\/www.apucarana.pr.gov.br\/site\/wp-json\/wp\/v2\/pages\/109481\/revisions"}],"predecessor-version":[{"id":121798,"href":"https:\/\/www.apucarana.pr.gov.br\/site\/wp-json\/wp\/v2\/pages\/109481\/revisions\/121798"}],"wp:attachment":[{"href":"https:\/\/www.apucarana.pr.gov.br\/site\/wp-json\/wp\/v2\/media?parent=109481"}],"curies":[{"name":"wp","href":"https:\/\/api.w.org\/{rel}","templated":true}]}}