{"id":83451,"date":"2023-07-07T10:53:53","date_gmt":"2023-07-07T13:53:53","guid":{"rendered":"http:\/\/www.apucarana.pr.gov.br\/site\/?page_id=83451"},"modified":"2025-01-08T10:03:04","modified_gmt":"2025-01-08T13:03:04","slug":"chamamentos-publicos-2019","status":"publish","type":"page","link":"http:\/\/www.apucarana.pr.gov.br\/site\/chamamentos-publicos-2019\/","title":{"rendered":"Chamamentos P\u00fablicos 2019"},"content":{"rendered":"\t\t<div data-elementor-type=\"wp-page\" data-elementor-id=\"83451\" class=\"elementor elementor-83451\">\n\t\t\t\t\t\t\t\t\t<section class=\"elementor-section elementor-top-section elementor-element elementor-element-898f2e4 elementor-section-boxed elementor-section-height-default elementor-section-height-default\" data-id=\"898f2e4\" data-element_type=\"section\" data-settings=\"{&quot;jet_parallax_layout_list&quot;:[{&quot;jet_parallax_layout_image&quot;:{&quot;url&quot;:&quot;&quot;,&quot;id&quot;:&quot;&quot;},&quot;_id&quot;:&quot;4dfac68&quot;,&quot;jet_parallax_layout_image_tablet&quot;:{&quot;url&quot;:&quot;&quot;,&quot;id&quot;:&quot;&quot;},&quot;jet_parallax_layout_image_mobile&quot;:{&quot;url&quot;:&quot;&quot;,&quot;id&quot;:&quot;&quot;},&quot;jet_parallax_layout_speed&quot;:{&quot;unit&quot;:&quot;%&quot;,&quot;size&quot;:50,&quot;sizes&quot;:[]},&quot;jet_parallax_layout_type&quot;:&quot;scroll&quot;,&quot;jet_parallax_layout_direction&quot;:null,&quot;jet_parallax_layout_fx_direction&quot;:null,&quot;jet_parallax_layout_z_index&quot;:&quot;&quot;,&quot;jet_parallax_layout_bg_x&quot;:50,&quot;jet_parallax_layout_bg_x_tablet&quot;:&quot;&quot;,&quot;jet_parallax_layout_bg_x_mobile&quot;:&quot;&quot;,&quot;jet_parallax_layout_bg_y&quot;:50,&quot;jet_parallax_layout_bg_y_tablet&quot;:&quot;&quot;,&quot;jet_parallax_layout_bg_y_mobile&quot;:&quot;&quot;,&quot;jet_parallax_layout_bg_size&quot;:&quot;auto&quot;,&quot;jet_parallax_layout_bg_size_tablet&quot;:&quot;&quot;,&quot;jet_parallax_layout_bg_size_mobile&quot;:&quot;&quot;,&quot;jet_parallax_layout_animation_prop&quot;:&quot;transform&quot;,&quot;jet_parallax_layout_on&quot;:[&quot;desktop&quot;,&quot;tablet&quot;]}]}\">\n\t\t\t\t\t\t<div class=\"elementor-container elementor-column-gap-default\">\n\t\t\t\t\t<div class=\"elementor-column elementor-col-50 elementor-top-column elementor-element elementor-element-f00f672\" data-id=\"f00f672\" data-element_type=\"column\">\n\t\t\t<div class=\"elementor-widget-wrap elementor-element-populated\">\n\t\t\t\t\t\t\t\t<div class=\"elementor-element elementor-element-4397d12 elementor-widget elementor-widget-jet-custom-menu\" data-id=\"4397d12\" data-element_type=\"widget\" data-widget_type=\"jet-custom-menu.default\">\n\t\t\t\t<div class=\"elementor-widget-container\">\n\t\t\t<div class=\"menu-chamamentos-publicos-container\"><div class=\"jet-custom-nav jet-custom-nav--dropdown-right-side jet-custom-nav--animation-fade\"><div class=\"menu-item menu-item-type-post_type menu-item-object-page jet-custom-nav__item jet-custom-nav__item-123348\"><a href=\"http:\/\/www.apucarana.pr.gov.br\/site\/chamamentos-publicos-2026\/\" class=\"jet-custom-nav__item-link\"><span class=\"jet-menu-link-text\"><span class=\"jet-custom-item-label top-level-label\">2026<\/span><\/span><\/a><\/div>\n<div class=\"menu-item menu-item-type-post_type menu-item-object-page jet-custom-nav__item jet-custom-nav__item-109485\"><a href=\"http:\/\/www.apucarana.pr.gov.br\/site\/chamamentos-publicos-2025\/\" class=\"jet-custom-nav__item-link\"><span class=\"jet-menu-link-text\"><span class=\"jet-custom-item-label top-level-label\">2025<\/span><\/span><\/a><\/div>\n<div class=\"menu-item menu-item-type-post_type menu-item-object-page jet-custom-nav__item jet-custom-nav__item-91711\"><a href=\"http:\/\/www.apucarana.pr.gov.br\/site\/chamamentos-publicos-2024\/\" class=\"jet-custom-nav__item-link\"><span class=\"jet-menu-link-text\"><span class=\"jet-custom-item-label top-level-label\">2024<\/span><\/span><\/a><\/div>\n<div class=\"menu-item menu-item-type-post_type menu-item-object-page jet-custom-nav__item jet-custom-nav__item-83461\"><a href=\"http:\/\/www.apucarana.pr.gov.br\/site\/chamamentos-publicos-2023\/\" class=\"jet-custom-nav__item-link\"><span class=\"jet-menu-link-text\"><span class=\"jet-custom-item-label top-level-label\">2023<\/span><\/span><\/a><\/div>\n<div class=\"menu-item menu-item-type-post_type menu-item-object-page jet-custom-nav__item jet-custom-nav__item-83462\"><a href=\"http:\/\/www.apucarana.pr.gov.br\/site\/chamamentos-publicos-2022\/\" class=\"jet-custom-nav__item-link\"><span class=\"jet-menu-link-text\"><span class=\"jet-custom-item-label top-level-label\">2022<\/span><\/span><\/a><\/div>\n<div class=\"menu-item menu-item-type-post_type menu-item-object-page jet-custom-nav__item jet-custom-nav__item-83463\"><a href=\"http:\/\/www.apucarana.pr.gov.br\/site\/chamamentos-publicos-2021\/\" class=\"jet-custom-nav__item-link\"><span class=\"jet-menu-link-text\"><span class=\"jet-custom-item-label top-level-label\">2021<\/span><\/span><\/a><\/div>\n<div class=\"menu-item menu-item-type-post_type menu-item-object-page jet-custom-nav__item jet-custom-nav__item-83464\"><a href=\"http:\/\/www.apucarana.pr.gov.br\/site\/chamamentos-publicos-2020\/\" class=\"jet-custom-nav__item-link\"><span class=\"jet-menu-link-text\"><span class=\"jet-custom-item-label top-level-label\">2020<\/span><\/span><\/a><\/div>\n<div class=\"menu-item menu-item-type-post_type menu-item-object-page jet-custom-nav__item jet-custom-nav__item-83465\"><a href=\"http:\/\/www.apucarana.pr.gov.br\/site\/chamamentos-publicos-2019\/\" class=\"jet-custom-nav__item-link\"><span class=\"jet-menu-link-text\"><span class=\"jet-custom-item-label top-level-label\">2019<\/span><\/span><\/a><\/div>\n<div class=\"menu-item menu-item-type-post_type menu-item-object-page jet-custom-nav__item jet-custom-nav__item-83466\"><a href=\"http:\/\/www.apucarana.pr.gov.br\/site\/chamamentos-publicos-2018\/\" class=\"jet-custom-nav__item-link\"><span class=\"jet-menu-link-text\"><span class=\"jet-custom-item-label top-level-label\">2018<\/span><\/span><\/a><\/div>\n<div class=\"menu-item menu-item-type-post_type menu-item-object-page jet-custom-nav__item jet-custom-nav__item-83467\"><a href=\"http:\/\/www.apucarana.pr.gov.br\/site\/chamamentos-publicos-2017\/\" class=\"jet-custom-nav__item-link\"><span class=\"jet-menu-link-text\"><span class=\"jet-custom-item-label top-level-label\">2017<\/span><\/span><\/a><\/div>\n<div class=\"menu-item menu-item-type-post_type menu-item-object-page jet-custom-nav__item jet-custom-nav__item-83468\"><a href=\"http:\/\/www.apucarana.pr.gov.br\/site\/chamamentos-publicos-2016\/\" class=\"jet-custom-nav__item-link\"><span class=\"jet-menu-link-text\"><span class=\"jet-custom-item-label top-level-label\">2016<\/span><\/span><\/a><\/div>\n<div class=\"menu-item menu-item-type-post_type menu-item-object-page jet-custom-nav__item jet-custom-nav__item-83469\"><a href=\"http:\/\/www.apucarana.pr.gov.br\/site\/chamamentos-publicos-2015\/\" class=\"jet-custom-nav__item-link\"><span class=\"jet-menu-link-text\"><span class=\"jet-custom-item-label top-level-label\">2015<\/span><\/span><\/a><\/div>\n<\/div><\/div>\t\t<\/div>\n\t\t\t\t<\/div>\n\t\t\t\t\t<\/div>\n\t\t<\/div>\n\t\t\t\t<div class=\"elementor-column elementor-col-50 elementor-top-column elementor-element elementor-element-bad249b\" data-id=\"bad249b\" data-element_type=\"column\">\n\t\t\t<div class=\"elementor-widget-wrap elementor-element-populated\">\n\t\t\t\t\t\t\t\t<div class=\"elementor-element elementor-element-e67a677 elementor-align-left elementor-widget elementor-widget-raven-heading\" data-id=\"e67a677\" data-element_type=\"widget\" data-widget_type=\"raven-heading.default\">\n\t\t\t\t<div class=\"elementor-widget-container\">\n\t\t\t\t\t<div class=\"raven-widget-wrapper\"><h2 class=\"raven-heading raven-heading-h2\"><span class=\"raven-heading-title\">Secretarias<\/span><\/h2><\/div>\n\t\t\t\t<\/div>\n\t\t\t\t<\/div>\n\t\t\t\t<div class=\"elementor-element elementor-element-44b1136 carta-de-servicos-accordion elementor-widget elementor-widget-jet-accordion\" data-id=\"44b1136\" data-element_type=\"widget\" data-widget_type=\"jet-accordion.default\">\n\t\t\t\t<div class=\"elementor-widget-container\">\n\t\t\t\t\t<div class=\"jet-accordion\" data-settings=\"{&quot;collapsible&quot;:false,&quot;ajaxTemplate&quot;:false,&quot;switchScrolling&quot;:false,&quot;switchScrollingOffset&quot;:0}\" role=\"tablist\">\n\t\t\t<div class=\"jet-accordion__inner\">\n\t\t\t\t<div class=\"jet-accordion__item jet-toggle jet-toggle-fade-effect \">\n\t\t\t\t\t\t\t<div id=\"jet-toggle-control-7201\" class=\"jet-toggle__control elementor-menu-anchor\" data-toggle=\"1\" role=\"tab\" tabindex=\"0\" aria-controls=\"jet-toggle-content-7201\" aria-expanded=\"false\" data-template-id=\"false\">\n\t\t\t\t\t\t\t\t<div class=\"jet-toggle__label-icon jet-toggle-icon-position-left\"><span class=\"jet-toggle__icon icon-normal jet-tabs-icon\"><i class=\"fas fa-briefcase-medical\"><\/i><\/span><span class=\"jet-toggle__icon icon-active jet-tabs-icon\"><i class=\"fas fa-briefcase-medical\"><\/i><\/span><\/div><div class=\"jet-toggle__label-text\">Autarquia Municipal de Sa\u00fade<\/div>\t\t\t\t\t\t\t<\/div>\n\t\t\t\t\t\t\t<div id=\"jet-toggle-content-7201\" class=\"jet-toggle__content\" data-toggle=\"1\" role=\"tabpanel\" data-template-id=\"false\">\n\t\t\t\t\t\t\t\t<div class=\"jet-toggle__content-inner\"><ul>\n \t<li><a href=\"\/site\/wp-content\/uploads\/2025\/01\/REVOGACAO-CHP-04-19-PEDIATRIA-CENTRO-INFANTIL.pdf\" target=\"_blank\" rel=\"noopener\">REVOGA\u00c7\u00c3O DO CHP 04-2019<\/a><\/li>\n \t<li><a href=\"\/site\/wp-content\/uploads\/2025\/01\/REVOGACAO-CHP-06-19-EXAMES-LABORATORIAIS-CASA-DA-GESTANTE.pdf\" target=\"_blank\" rel=\"noopener\">REVOGA\u00c7\u00c3O DO CHP 06-2019<\/a><\/li>\n \t<li><a href=\"\/site\/wp-content\/uploads\/2025\/01\/REVOGACAO-CHP-08-2019.pdf\" target=\"_blank\" rel=\"noopener\">REVOGA\u00c7\u00c3O DO CHP 08-2019<\/a><\/li>\n \t<li><a href=\"\/site\/wp-content\/uploads\/2025\/01\/REVOGACAO-CHP-09-19-OTORRINOLARINGOLOGISTA-CEM.pdf\" target=\"_blank\" rel=\"noopener\">REVOGA\u00c7\u00c3O DO CHP 09-2019<\/a><\/li>\n \t<li><a href=\"\/site\/wp-content\/uploads\/2023\/07\/ENTREGA-DE-ENVELOPES-CHP-08-19-FISIOTERAPIA-ATUALIZADA.docx\" target=\"_blank\" rel=\"noopener\">ENTREGA DE ENVELOPES &#8211; CHP 08-19 &#8211; FISIOTERAPIA &#8211; ATUALIZADA<\/a><\/li>\n \t<li><a href=\"\/site\/wp-content\/uploads\/2023\/07\/ENTREGA-DE-ENVELOPES-CHP-06-19-EXAMES-ESCOLA-DA-GESTANTE.docx\" target=\"_blank\" rel=\"noopener\">ENTREGA DE ENVELOPES &#8211; CHP 06-19 &#8211; EXAMES ESCOLA DA GESTANTE<\/a><\/li>\n \t<li><a href=\"\/site\/wp-content\/uploads\/2023\/07\/ENTREGA-DE-ENVELOPES-CHP-04-19-MEDICOS-CENTRO-INFANTIL.docx\" target=\"_blank\" rel=\"noopener\">ENTREGA DE ENVELOPES &#8211; CHP 04-19 &#8211; M\u00c9DICOS CENTRO INFANTIL<\/a><\/li>\n \t<li><a href=\"\/site\/wp-content\/uploads\/2023\/07\/chProcesso-162-19-CHP-09-19-OTORRINOLARINGOLOGISTA.pdf\" target=\"_blank\" rel=\"noopener\">chProcesso 162-19 &#8211; CHP 09-19 &#8211; OTORRINOLARINGOLOGISTA<\/a><\/li>\n \t<li><a href=\"\/site\/wp-content\/uploads\/2023\/07\/chProcesso-145-19-CHP-08-19-SERVICOS-E-PROCEDIMENTOS-DE-FISIOTERAPIA.pdf\" target=\"_blank\" rel=\"noopener\">chProcesso 145-19 CHP 08-19 SERVI\u00c7OS E PROCEDIMENTOS DE FISIOTERAPIA<\/a><\/li>\n \t<li><a href=\"\/site\/wp-content\/uploads\/2023\/07\/chProcesso-140-19-CHP-06-19-EXAMES-LABORATORIAIS-ESCOLA-DA-GESTANTE-DOCUMENTOS.doc\" target=\"_blank\" rel=\"noopener\">chProcesso 140-19 &#8211; CHP 06-19 &#8211; EXAMES LABORATORIAIS ESCOLA DA GESTANTE &#8211; DOCUMENTOS<\/a><\/li>\n \t<li><a href=\"\/site\/wp-content\/uploads\/2023\/07\/chProcesso-87-19-CHP-04-19-PEDIATRIA-CENTRO-INFANTIL-CREDENCIAMENTO.pdf\" target=\"_blank\" rel=\"noopener\">chProcesso 87-19 &#8211; CHP 04-19 &#8211; PEDIATRIA CENTRO INFANTIL &#8211; CREDENCIAMENTO<\/a><\/li>\n \t<li><a href=\"\/site\/chamamentos-publicos\/chamamento-publico-ams-04-2019\/\">Chamamento P\u00fablico AMS 04\/2019 &#8211; Credenciamento de Empresa da \u00c1rea M\u00e9dica e Pedi\u00e1trica para Presta\u00e7\u00e3o de Servi\u00e7os de Atendimento em Pediatria e Especialidades Pedi\u00e1tricas, no Centro Infantil e Unidade de Pronto Atendimento de Apucarana (UPA)<\/a><\/li>\n<\/ul><\/div>\n\t\t\t\t\t\t\t<\/div>\n\t\t\t\t\t\t<\/div>\t\t\t\t\t\t\t\t<\/div>\n\t\t<\/div>\n\t\t\t\t<\/div>\n\t\t\t\t<\/div>\n\t\t\t\t<div class=\"elementor-element elementor-element-9a4f5ec elementor-hidden-desktop elementor-hidden-tablet elementor-hidden-mobile elementor-align-left elementor-widget elementor-widget-raven-heading\" data-id=\"9a4f5ec\" data-element_type=\"widget\" data-widget_type=\"raven-heading.default\">\n\t\t\t\t<div class=\"elementor-widget-container\">\n\t\t\t\t\t<div class=\"raven-widget-wrapper\"><h2 class=\"raven-heading raven-heading-h2\"><span class=\"raven-heading-title\">Mais Informa\u00e7\u00f5es<\/span><\/h2><\/div>\n\t\t\t\t<\/div>\n\t\t\t\t<\/div>\n\t\t\t\t<div class=\"elementor-element elementor-element-db889a4 carta-de-servicos-accordion elementor-hidden-desktop elementor-hidden-tablet elementor-hidden-mobile elementor-widget elementor-widget-jet-accordion\" data-id=\"db889a4\" data-element_type=\"widget\" data-widget_type=\"jet-accordion.default\">\n\t\t\t\t<div class=\"elementor-widget-container\">\n\t\t\t\t\t<div class=\"jet-accordion\" data-settings=\"{&quot;collapsible&quot;:false,&quot;ajaxTemplate&quot;:false,&quot;switchScrolling&quot;:false,&quot;switchScrollingOffset&quot;:0}\" role=\"tablist\">\n\t\t\t<div class=\"jet-accordion__inner\">\n\t\t\t\t<div class=\"jet-accordion__item jet-toggle jet-toggle-fade-effect \">\n\t\t\t\t\t\t\t<div id=\"jet-toggle-control-2301\" class=\"jet-toggle__control elementor-menu-anchor\" data-toggle=\"1\" role=\"tab\" tabindex=\"0\" aria-controls=\"jet-toggle-content-2301\" aria-expanded=\"false\" data-template-id=\"false\">\n\t\t\t\t\t\t\t\t<div class=\"jet-toggle__label-icon jet-toggle-icon-position-left\"><span class=\"jet-toggle__icon icon-normal jet-tabs-icon\"><i class=\"fas fa-arrow-alt-circle-right\"><\/i><\/span><span class=\"jet-toggle__icon icon-active jet-tabs-icon\"><i class=\"fas fa-arrow-alt-circle-right\"><\/i><\/span><\/div><div class=\"jet-toggle__label-text\">Documenta\u00e7\u00e3o<\/div>\t\t\t\t\t\t\t<\/div>\n\t\t\t\t\t\t\t<div id=\"jet-toggle-content-2301\" class=\"jet-toggle__content\" data-toggle=\"1\" role=\"tabpanel\" data-template-id=\"false\">\n\t\t\t\t\t\t\t\t<div class=\"jet-toggle__content-inner\"><ul><li><a href=\"\/site\/wp-content\/uploads\/2022\/07\/2022_jups_programa_horario_atletismo.pdf\" target=\"_blank\" rel=\"noopener\">Edital<\/a><\/li><\/ul><\/div>\n\t\t\t\t\t\t\t<\/div>\n\t\t\t\t\t\t<\/div>\t\t\t\t\t\t\t\t<\/div>\n\t\t<\/div>\n\t\t\t\t<\/div>\n\t\t\t\t<\/div>\n\t\t\t\t\t<\/div>\n\t\t<\/div>\n\t\t\t\t\t\t\t<\/div>\n\t\t<\/section>\n\t\t\t\t\t\t\t<\/div>\n\t\t","protected":false},"excerpt":{"rendered":"<p>2024 2023 2022 2021 2020 2019 2018 2017 2016 2015 Secretarias Autarquia Municipal de Sa&uacute;de REVOGA&Ccedil;&Atilde;O DO CHP 04-2019 REVOGA&Ccedil;&Atilde;O DO CHP 06-2019 REVOGA&Ccedil;&Atilde;O DO CHP 08-2019 REVOGA&Ccedil;&Atilde;O DO CHP 09-2019 ENTREGA DE ENVELOPES &ndash; CHP 08-19 &ndash; FISIOTERAPIA &ndash; ATUALIZADA ENTREGA DE ENVELOPES &ndash; CHP 06-19 &ndash; EXAMES ESCOLA DA GESTANTE ENTREGA DE ENVELOPES [&hellip;]<\/p>\n","protected":false},"author":2,"featured_media":0,"parent":0,"menu_order":0,"comment_status":"closed","ping_status":"closed","template":"","meta":{"footnotes":""},"class_list":["post-83451","page","type-page","status-publish","hentry"],"acf":[],"_links":{"self":[{"href":"http:\/\/www.apucarana.pr.gov.br\/site\/wp-json\/wp\/v2\/pages\/83451","targetHints":{"allow":["GET"]}}],"collection":[{"href":"http:\/\/www.apucarana.pr.gov.br\/site\/wp-json\/wp\/v2\/pages"}],"about":[{"href":"http:\/\/www.apucarana.pr.gov.br\/site\/wp-json\/wp\/v2\/types\/page"}],"author":[{"embeddable":true,"href":"http:\/\/www.apucarana.pr.gov.br\/site\/wp-json\/wp\/v2\/users\/2"}],"replies":[{"embeddable":true,"href":"http:\/\/www.apucarana.pr.gov.br\/site\/wp-json\/wp\/v2\/comments?post=83451"}],"version-history":[{"count":6,"href":"http:\/\/www.apucarana.pr.gov.br\/site\/wp-json\/wp\/v2\/pages\/83451\/revisions"}],"predecessor-version":[{"id":108989,"href":"http:\/\/www.apucarana.pr.gov.br\/site\/wp-json\/wp\/v2\/pages\/83451\/revisions\/108989"}],"wp:attachment":[{"href":"http:\/\/www.apucarana.pr.gov.br\/site\/wp-json\/wp\/v2\/media?parent=83451"}],"curies":[{"name":"wp","href":"https:\/\/api.w.org\/{rel}","templated":true}]}}