{"id":1544,"date":"2021-07-08T13:40:01","date_gmt":"2021-07-08T16:40:01","guid":{"rendered":"http:\/\/www.apucarana.pr.gov.br\/site\/?page_id=1544"},"modified":"2026-04-17T14:35:03","modified_gmt":"2026-04-17T17:35:03","slug":"instituto-de-pesquisa-e-planejamento","status":"publish","type":"page","link":"http:\/\/www.apucarana.pr.gov.br\/site\/orgaos-da-administracao\/instituto-de-pesquisa-e-planejamento\/","title":{"rendered":"Instituto de Pesquisa e Planejamento"},"content":{"rendered":"\t\t<div data-elementor-type=\"wp-page\" data-elementor-id=\"1544\" class=\"elementor elementor-1544\">\n\t\t\t\t\t\t\t\t\t<section class=\"elementor-section elementor-top-section elementor-element elementor-element-029eb54 elementor-section-boxed elementor-section-height-default elementor-section-height-default\" data-id=\"029eb54\" data-element_type=\"section\" data-settings=\"{&quot;jet_parallax_layout_list&quot;:[{&quot;jet_parallax_layout_image&quot;:{&quot;url&quot;:&quot;&quot;,&quot;id&quot;:&quot;&quot;},&quot;_id&quot;:&quot;4dfac68&quot;,&quot;jet_parallax_layout_image_tablet&quot;:{&quot;url&quot;:&quot;&quot;,&quot;id&quot;:&quot;&quot;},&quot;jet_parallax_layout_image_mobile&quot;:{&quot;url&quot;:&quot;&quot;,&quot;id&quot;:&quot;&quot;},&quot;jet_parallax_layout_speed&quot;:{&quot;unit&quot;:&quot;%&quot;,&quot;size&quot;:50,&quot;sizes&quot;:[]},&quot;jet_parallax_layout_type&quot;:&quot;scroll&quot;,&quot;jet_parallax_layout_direction&quot;:null,&quot;jet_parallax_layout_fx_direction&quot;:null,&quot;jet_parallax_layout_z_index&quot;:&quot;&quot;,&quot;jet_parallax_layout_bg_x&quot;:50,&quot;jet_parallax_layout_bg_x_tablet&quot;:&quot;&quot;,&quot;jet_parallax_layout_bg_x_mobile&quot;:&quot;&quot;,&quot;jet_parallax_layout_bg_y&quot;:50,&quot;jet_parallax_layout_bg_y_tablet&quot;:&quot;&quot;,&quot;jet_parallax_layout_bg_y_mobile&quot;:&quot;&quot;,&quot;jet_parallax_layout_bg_size&quot;:&quot;auto&quot;,&quot;jet_parallax_layout_bg_size_tablet&quot;:&quot;&quot;,&quot;jet_parallax_layout_bg_size_mobile&quot;:&quot;&quot;,&quot;jet_parallax_layout_animation_prop&quot;:&quot;transform&quot;,&quot;jet_parallax_layout_on&quot;:[&quot;desktop&quot;,&quot;tablet&quot;]}]}\">\n\t\t\t\t\t\t<div class=\"elementor-container elementor-column-gap-default\">\n\t\t\t\t\t<div class=\"elementor-column elementor-col-50 elementor-top-column elementor-element elementor-element-7b8689a\" data-id=\"7b8689a\" data-element_type=\"column\">\n\t\t\t<div class=\"elementor-widget-wrap elementor-element-populated\">\n\t\t\t\t\t\t\t\t<div class=\"elementor-element elementor-element-2661f87 elementor-widget elementor-widget-jet-custom-menu\" data-id=\"2661f87\" data-element_type=\"widget\" data-widget_type=\"jet-custom-menu.default\">\n\t\t\t\t<div class=\"elementor-widget-container\">\n\t\t\t<div class=\"menu-secretarias-container\"><div class=\"jet-custom-nav jet-custom-nav--dropdown-right-side jet-custom-nav--animation-fade\"><div class=\"menu-item menu-item-type-post_type menu-item-object-page jet-custom-nav__item jet-custom-nav__item-1449\"><a href=\"http:\/\/www.apucarana.pr.gov.br\/site\/orgaos-da-administracao\/agricultura\/\" class=\"jet-custom-nav__item-link\"><span class=\"jet-menu-link-text\"><span class=\"jet-custom-item-label top-level-label\">Agricultura<\/span><\/span><\/a><\/div>\n<div class=\"menu-item menu-item-type-post_type menu-item-object-page jet-custom-nav__item jet-custom-nav__item-1584\"><a href=\"http:\/\/www.apucarana.pr.gov.br\/site\/orgaos-da-administracao\/assistencia-social\/\" class=\"jet-custom-nav__item-link\"><span class=\"jet-menu-link-text\"><span class=\"jet-custom-item-label top-level-label\">Assist\u00eancia Social<\/span><\/span><\/a><\/div>\n<div class=\"menu-item menu-item-type-post_type menu-item-object-page jet-custom-nav__item jet-custom-nav__item-1576\"><a href=\"http:\/\/www.apucarana.pr.gov.br\/site\/orgaos-da-administracao\/autarquia-municipal-de-educacao\/\" class=\"jet-custom-nav__item-link\"><span class=\"jet-menu-link-text\"><span class=\"jet-custom-item-label top-level-label\">Autarquia Municipal de Educa\u00e7\u00e3o<\/span><\/span><\/a><\/div>\n<div class=\"menu-item menu-item-type-post_type menu-item-object-page jet-custom-nav__item jet-custom-nav__item-1575\"><a href=\"http:\/\/www.apucarana.pr.gov.br\/site\/orgaos-da-administracao\/autarquia-municipal-de-saude\/\" class=\"jet-custom-nav__item-link\"><span class=\"jet-menu-link-text\"><span class=\"jet-custom-item-label top-level-label\">Autarquia Municipal de Sa\u00fade<\/span><\/span><\/a><\/div>\n<div class=\"menu-item menu-item-type-post_type menu-item-object-page jet-custom-nav__item jet-custom-nav__item-1574\"><a href=\"http:\/\/www.apucarana.pr.gov.br\/site\/orgaos-da-administracao\/autarquia-de-servicos-funerarios\/\" class=\"jet-custom-nav__item-link\"><span class=\"jet-menu-link-text\"><span class=\"jet-custom-item-label top-level-label\">Autarquia de Servi\u00e7os Funer\u00e1rios<\/span><\/span><\/a><\/div>\n<div class=\"menu-item menu-item-type-post_type menu-item-object-page jet-custom-nav__item jet-custom-nav__item-50437\"><a href=\"http:\/\/www.apucarana.pr.gov.br\/site\/orgaos-da-administracao\/controle-interno\/\" class=\"jet-custom-nav__item-link\"><span class=\"jet-menu-link-text\"><span class=\"jet-custom-item-label top-level-label\">Controle Interno<\/span><\/span><\/a><\/div>\n<div class=\"menu-item menu-item-type-post_type menu-item-object-page jet-custom-nav__item jet-custom-nav__item-1582\"><a href=\"http:\/\/www.apucarana.pr.gov.br\/site\/orgaos-da-administracao\/esportes\/\" class=\"jet-custom-nav__item-link\"><span class=\"jet-menu-link-text\"><span class=\"jet-custom-item-label top-level-label\">Esportes<\/span><\/span><\/a><\/div>\n<div class=\"menu-item menu-item-type-post_type menu-item-object-page jet-custom-nav__item jet-custom-nav__item-1337\"><a href=\"http:\/\/www.apucarana.pr.gov.br\/site\/orgaos-da-administracao\/fazenda\/\" class=\"jet-custom-nav__item-link\"><span class=\"jet-menu-link-text\"><span class=\"jet-custom-item-label top-level-label\">Fazenda<\/span><\/span><\/a><\/div>\n<div class=\"menu-item menu-item-type-post_type menu-item-object-page jet-custom-nav__item jet-custom-nav__item-50510\"><a href=\"http:\/\/www.apucarana.pr.gov.br\/site\/orgaos-da-administracao\/gabinete\/\" class=\"jet-custom-nav__item-link\"><span class=\"jet-menu-link-text\"><span class=\"jet-custom-item-label top-level-label\">Gabinete<\/span><\/span><\/a><\/div>\n<div class=\"menu-item menu-item-type-post_type menu-item-object-page jet-custom-nav__item jet-custom-nav__item-1581\"><a href=\"http:\/\/www.apucarana.pr.gov.br\/site\/orgaos-da-administracao\/gestao-publica\/\" class=\"jet-custom-nav__item-link\"><span class=\"jet-menu-link-text\"><span class=\"jet-custom-item-label top-level-label\">Gest\u00e3o P\u00fablica<\/span><\/span><\/a><\/div>\n<div class=\"menu-item menu-item-type-post_type menu-item-object-page jet-custom-nav__item jet-custom-nav__item-1580\"><a href=\"http:\/\/www.apucarana.pr.gov.br\/site\/orgaos-da-administracao\/industria-comercio-e-emprego\/\" class=\"jet-custom-nav__item-link\"><span class=\"jet-menu-link-text\"><span class=\"jet-custom-item-label top-level-label\">Ind\u00fastria, Com\u00e9rcio e Emprego<\/span><\/span><\/a><\/div>\n<div class=\"menu-item menu-item-type-post_type menu-item-object-page jet-custom-nav__item jet-custom-nav__item-1573\"><a href=\"http:\/\/www.apucarana.pr.gov.br\/site\/orgaos-da-administracao\/instituto-de-pesquisa-e-planejamento\/\" class=\"jet-custom-nav__item-link\"><span class=\"jet-menu-link-text\"><span class=\"jet-custom-item-label top-level-label\">Instituto de Pesquisa e Planejamento<\/span><\/span><\/a><\/div>\n<div class=\"menu-item menu-item-type-post_type menu-item-object-page jet-custom-nav__item jet-custom-nav__item-1579\"><a href=\"http:\/\/www.apucarana.pr.gov.br\/site\/orgaos-da-administracao\/meio-ambiente\/\" class=\"jet-custom-nav__item-link\"><span class=\"jet-menu-link-text\"><span class=\"jet-custom-item-label top-level-label\">Meio Ambiente<\/span><\/span><\/a><\/div>\n<div class=\"menu-item menu-item-type-post_type menu-item-object-page jet-custom-nav__item jet-custom-nav__item-1572\"><a href=\"http:\/\/www.apucarana.pr.gov.br\/site\/orgaos-da-administracao\/mulher-e-assuntos-da-familia\/\" class=\"jet-custom-nav__item-link\"><span class=\"jet-menu-link-text\"><span class=\"jet-custom-item-label top-level-label\">Mulher e Assuntos da Fam\u00edlia<\/span><\/span><\/a><\/div>\n<div class=\"menu-item menu-item-type-post_type menu-item-object-page jet-custom-nav__item jet-custom-nav__item-1578\"><a href=\"http:\/\/www.apucarana.pr.gov.br\/site\/orgaos-da-administracao\/obras\/\" class=\"jet-custom-nav__item-link\"><span class=\"jet-menu-link-text\"><span class=\"jet-custom-item-label top-level-label\">Obras<\/span><\/span><\/a><\/div>\n<div class=\"menu-item menu-item-type-post_type menu-item-object-page jet-custom-nav__item jet-custom-nav__item-1846\"><a href=\"http:\/\/www.apucarana.pr.gov.br\/site\/orgaos-da-administracao\/promocao-artistica-cultural-e-turistica\/\" class=\"jet-custom-nav__item-link\"><span class=\"jet-menu-link-text\"><span class=\"jet-custom-item-label top-level-label\">Promo\u00e7\u00e3o Art\u00edstica, Cultural e Tur\u00edstica<\/span><\/span><\/a><\/div>\n<div class=\"menu-item menu-item-type-post_type menu-item-object-page jet-custom-nav__item jet-custom-nav__item-113445\"><a href=\"http:\/\/www.apucarana.pr.gov.br\/site\/orgaos-da-administracao\/seguranca-transporte-transito-mobilidade-urbana-e-defesa-civil\/\" class=\"jet-custom-nav__item-link\"><span class=\"jet-menu-link-text\"><span class=\"jet-custom-item-label top-level-label\">Seguran\u00e7a, Transporte, Tr\u00e2nsito, Mobilidade Urbana e Defesa Civil<\/span><\/span><\/a><\/div>\n<div class=\"menu-item menu-item-type-post_type menu-item-object-page jet-custom-nav__item jet-custom-nav__item-1577\"><a href=\"http:\/\/www.apucarana.pr.gov.br\/site\/orgaos-da-administracao\/servicos-publicos\/\" class=\"jet-custom-nav__item-link\"><span class=\"jet-menu-link-text\"><span class=\"jet-custom-item-label top-level-label\">Servi\u00e7os P\u00fablicos<\/span><\/span><\/a><\/div>\n<\/div><\/div>\t\t<\/div>\n\t\t\t\t<\/div>\n\t\t\t\t\t<\/div>\n\t\t<\/div>\n\t\t\t\t<div class=\"elementor-column elementor-col-50 elementor-top-column elementor-element elementor-element-154fe61\" data-id=\"154fe61\" data-element_type=\"column\">\n\t\t\t<div class=\"elementor-widget-wrap elementor-element-populated\">\n\t\t\t\t\t\t\t\t<div class=\"elementor-element elementor-element-fd0ff74 elementor-align-left elementor-widget elementor-widget-raven-heading\" data-id=\"fd0ff74\" data-element_type=\"widget\" data-widget_type=\"raven-heading.default\">\n\t\t\t\t<div class=\"elementor-widget-container\">\n\t\t\t\t\t<div class=\"raven-widget-wrapper\"><h2 class=\"raven-heading raven-heading-h2\"><span class=\"raven-heading-title\">Instituto de Desenvolvimento, Pesquisa e Planejamento  de Apucarana (Idepplan)<\/span><\/h2><\/div>\n\t\t\t\t<\/div>\n\t\t\t\t<\/div>\n\t\t\t\t<div class=\"elementor-element elementor-element-5d514fa elementor-widget elementor-widget-text-editor\" data-id=\"5d514fa\" data-element_type=\"widget\" data-widget_type=\"text-editor.default\">\n\t\t\t\t<div class=\"elementor-widget-container\">\n\t\t\t\t\t\t\t<p><span style=\"color: var( --e-global-color-text ); font-family: var( --e-global-typography-text-font-family ), Sans-serif; font-weight: var( --e-global-typography-text-font-weight ); font-size: 1rem;\">O Instituto de Desenvolvimento, Pesquisa e Planejamento de Apucarana (Idepplan) \u00e9 uma autarquia municipal, regulamentada pela lei n\u00ba 120 de 28 de dezembro de 2014.<\/span><\/p><p>Sua fun\u00e7\u00e3o \u00e9 promover, planejar e fomentar o desenvolvimento urbano do munic\u00edpio. Tem como atribui\u00e7\u00e3o especial monitorar a implanta\u00e7\u00e3o, adequa\u00e7\u00e3o e moderniza\u00e7\u00e3o do Plano Diretor de Apucarana.\u00a0<\/p><p>\u00c9 respons\u00e1vel pela elabora\u00e7\u00e3o e encaminhamento ao Executivo do anteprojeto de lei que fixa o plano urban\u00edstico de Apucarana. Tamb\u00e9m promove estudos e pesquisas para o planejamento integrado do desenvolvimento do munic\u00edpio, e analisa projetos de lei ou medidas administrativas que possam ter repercuss\u00e3o no desenvolvimento do Munic\u00edpio.\u00a0<\/p><p>Entre as suas obriga\u00e7\u00f5es est\u00e3o ainda o gerenciamento de projetos estrat\u00e9gicos, o planejamento urbano e a supervis\u00e3o de tr\u00e2nsito, ilumina\u00e7\u00e3o p\u00fablica e sistema vi\u00e1rio de Apucarana, entre outras atribui\u00e7\u00f5es.<\/p>\t\t\t\t\t\t<\/div>\n\t\t\t\t<\/div>\n\t\t\t\t<div class=\"elementor-element elementor-element-35465e9 elementor-widget elementor-widget-text-editor\" data-id=\"35465e9\" data-element_type=\"widget\" data-widget_type=\"text-editor.default\">\n\t\t\t\t<div class=\"elementor-widget-container\">\n\t\t\t\t\t\t\t<p><strong>Diretor-Presidente<\/strong>: Nilton Antonio Fornaciari Junior<\/p><p><strong>Endere\u00e7o<\/strong>: <span class=\"span-padrao\">Centro C\u00edvico Jos\u00e9 de Oliveira Rosa, 25 \u2013 Centro \u2013 2\u00ba andar<\/span><\/p><p><strong>Telefone<\/strong>: <span class=\"span-padrao\">(43) 3422-4000 (Ramais 411 e 413)<br \/><\/span><\/p><p><strong>E-mail<\/strong>: idepplan@apucarana.pr.gov.br<\/p><p><strong>Hor\u00e1rio de Funcionamento<\/strong>: Segunda a sexta-feira, das 8h \u00e0s 18h<\/p>\t\t\t\t\t\t<\/div>\n\t\t\t\t<\/div>\n\t\t\t\t<div class=\"elementor-element elementor-element-9d47622 carta-de-servicos-accordion elementor-widget elementor-widget-jet-accordion\" data-id=\"9d47622\" data-element_type=\"widget\" data-widget_type=\"jet-accordion.default\">\n\t\t\t\t<div class=\"elementor-widget-container\">\n\t\t\t\t\t<div class=\"jet-accordion\" data-settings=\"{&quot;collapsible&quot;:false,&quot;ajaxTemplate&quot;:false,&quot;switchScrolling&quot;:false,&quot;switchScrollingOffset&quot;:0}\" role=\"tablist\">\n\t\t\t<div class=\"jet-accordion__inner\">\n\t\t\t\t<div class=\"jet-accordion__item jet-toggle jet-toggle-fade-effect \">\n\t\t\t\t\t\t\t<div id=\"jet-toggle-control-1641\" class=\"jet-toggle__control elementor-menu-anchor\" data-toggle=\"1\" role=\"tab\" tabindex=\"0\" aria-controls=\"jet-toggle-content-1641\" aria-expanded=\"false\" data-template-id=\"false\">\n\t\t\t\t\t\t\t\t<div class=\"jet-toggle__label-icon jet-toggle-icon-position-left\"><span class=\"jet-toggle__icon icon-normal jet-tabs-icon\"><i class=\"fas fa-arrow-alt-circle-right\"><\/i><\/span><span class=\"jet-toggle__icon icon-active jet-tabs-icon\"><i class=\"fas fa-arrow-alt-circle-right\"><\/i><\/span><\/div><div class=\"jet-toggle__label-text\">Guia R\u00e1pido<\/div>\t\t\t\t\t\t\t<\/div>\n\t\t\t\t\t\t\t<div id=\"jet-toggle-content-1641\" class=\"jet-toggle__content\" data-toggle=\"1\" role=\"tabpanel\" data-template-id=\"false\">\n\t\t\t\t\t\t\t\t<div class=\"jet-toggle__content-inner\"><ul><li><a href=\"\/site\/termos-de-busca\/conecta-apucarana\/\" target=\"_blank\" rel=\"noopener\">Conecta Apucarana<\/a><\/li><li><a href=\"\/site\/arquivos\/formulario-consulta-previa\/\" target=\"_blank\" rel=\"noopener\">Formul\u00e1rio Consulta Pr\u00e9via<\/a><\/li><li><a href=\"\/site\/termos-de-busca\/informacoes-sobre-a-iluminacao-publica\/\">Informa\u00e7\u00f5es sobre a Ilumina\u00e7\u00e3o P\u00fablica<\/a><\/li><li><a href=\"\/site\/arquivos\/mapa-5000-lotes\/\" target=\"_blank\" rel=\"noopener\">Mapa 5000 Lotes<\/a><\/li><li><a href=\"\/site\/termos-de-busca\/plano-de-mobilidade-urbana\/\" target=\"_blank\" rel=\"noopener\">Plano de Mobilidade Urbana<\/a><\/li><li><a href=\"\/site\/arquivos\/plano-diretor\/\">Plano Diretor<\/a><\/li><\/ul><\/div>\n\t\t\t\t\t\t\t<\/div>\n\t\t\t\t\t\t<\/div><div class=\"jet-accordion__item jet-toggle jet-toggle-fade-effect \">\n\t\t\t\t\t\t\t<div id=\"jet-toggle-control-1642\" class=\"jet-toggle__control elementor-menu-anchor\" data-toggle=\"2\" role=\"tab\" tabindex=\"0\" aria-controls=\"jet-toggle-content-1642\" aria-expanded=\"false\" data-template-id=\"false\">\n\t\t\t\t\t\t\t\t<div class=\"jet-toggle__label-icon jet-toggle-icon-position-left\"><span class=\"jet-toggle__icon icon-normal jet-tabs-icon\"><i class=\"fas fa-list-alt\"><\/i><\/span><span class=\"jet-toggle__icon icon-active jet-tabs-icon\"><i class=\"fas fa-list-alt\"><\/i><\/span><\/div><div class=\"jet-toggle__label-text\">Servi\u00e7os e Programas<\/div>\t\t\t\t\t\t\t<\/div>\n\t\t\t\t\t\t\t<div id=\"jet-toggle-content-1642\" class=\"jet-toggle__content\" data-toggle=\"2\" role=\"tabpanel\" data-template-id=\"false\">\n\t\t\t\t\t\t\t\t<div class=\"jet-toggle__content-inner\"><ul>\n \t<li><a href=\"\/site\/carta-de-servicos\/certidao-de-uso-e-ocupacao-do-solo-idepplan\/\">Certid\u00e3o de Uso e Ocupa\u00e7\u00e3o do Solo<\/a><\/li>\n \t<li><a href=\"\/site\/carta-de-servicos\/certidao-narrativa\/\">Certid\u00e3o Narrativa<\/a><\/li>\n \t<li><a href=\"\/site\/carta-de-servicos\/comunicacao-de-queda-de-globo-luminaria-ou-poste-metalico-ornamental\/\">Comunica\u00e7\u00e3o de Queda de Globo, Lumin\u00e1ria ou Poste Met\u00e1lico Ornamental<\/a><\/li>\n \t<li><a href=\"\/site\/carta-de-servicos\/consulta-previa-de-localizacao\/\">Consulta Pr\u00e9via de Localiza\u00e7\u00e3o<\/a><\/li>\n \t<li><a href=\"\/site\/carta-de-servicos\/diretriz-de-loteamento\/\">Diretriz de Loteamento<\/a><\/li>\n \t<li><a href=\"\/site\/carta-de-servicos\/estudo-de-impacto-de-vizinhanca-eiv\/\">Estudo de Impacto de Vizinhan\u00e7a &#8211; EIV<\/a><\/li>\n \t<li><a href=\"\/site\/carta-de-servicos\/laudo-de-viabilidade-de-construcao\/\">Laudo de Viabilidade de Constru\u00e7\u00e3o<\/a><\/li>\n \t<li><a href=\"\/site\/carta-de-servicos\/laudo-de-viabilidade-de-loteamento\/\">Laudo de Viabilidade de Loteamento<\/a><\/li>\n \t<li><a href=\"\/site\/carta-de-servicos\/solicitacao-de-instalacao-de-braco-de-luz\/\">Solicita\u00e7\u00e3o de Instala\u00e7\u00e3o de Bra\u00e7o de Luz<\/a><\/li>\n \t<li><a href=\"\/site\/carta-de-servicos\/solicitacao-de-instalacao-de-poste-de-luz\/\">Solicita\u00e7\u00e3o de Instala\u00e7\u00e3o de Poste de Luz<\/a><\/li>\n \t<li><a href=\"\/site\/carta-de-servicos\/solicitacao-de-manutencao-na-iluminacao-publica-luminarias-apagadas\/\">Solicita\u00e7\u00e3o de Manuten\u00e7\u00e3o na Ilumina\u00e7\u00e3o P\u00fablica &#8211; Lumin\u00e1rias Apagadas<\/a><\/li> \t\n<\/ul><\/div>\n\t\t\t\t\t\t\t<\/div>\n\t\t\t\t\t\t<\/div>\t\t\t\t\t\t\t\t<\/div>\n\t\t<\/div>\n\t\t\t\t<\/div>\n\t\t\t\t<\/div>\n\t\t\t\t\t<\/div>\n\t\t<\/div>\n\t\t\t\t\t\t\t<\/div>\n\t\t<\/section>\n\t\t\t\t\t\t\t<\/div>\n\t\t","protected":false},"excerpt":{"rendered":"<p>Agricultura Assist&ecirc;ncia Social Autarquia Municipal de Educa&ccedil;&atilde;o Autarquia Municipal de Sa&uacute;de Autarquia de Servi&ccedil;os Funer&aacute;rios Controle Interno Esportes Fazenda Gabinete Gest&atilde;o P&uacute;blica Ind&uacute;stria, Com&eacute;rcio e Emprego Instituto de Pesquisa e Planejamento Meio Ambiente Mulher e Assuntos da Fam&iacute;lia Obras Promo&ccedil;&atilde;o Art&iacute;stica, Cultural e Tur&iacute;stica Seguran&ccedil;a, Transporte, Tr&acirc;nsito, Mobilidade Urbana e Defesa Civil Servi&ccedil;os P&uacute;blicos Instituto [&hellip;]<\/p>\n","protected":false},"author":2,"featured_media":0,"parent":646,"menu_order":0,"comment_status":"closed","ping_status":"closed","template":"","meta":{"footnotes":""},"class_list":["post-1544","page","type-page","status-publish","hentry"],"acf":[],"_links":{"self":[{"href":"http:\/\/www.apucarana.pr.gov.br\/site\/wp-json\/wp\/v2\/pages\/1544","targetHints":{"allow":["GET"]}}],"collection":[{"href":"http:\/\/www.apucarana.pr.gov.br\/site\/wp-json\/wp\/v2\/pages"}],"about":[{"href":"http:\/\/www.apucarana.pr.gov.br\/site\/wp-json\/wp\/v2\/types\/page"}],"author":[{"embeddable":true,"href":"http:\/\/www.apucarana.pr.gov.br\/site\/wp-json\/wp\/v2\/users\/2"}],"replies":[{"embeddable":true,"href":"http:\/\/www.apucarana.pr.gov.br\/site\/wp-json\/wp\/v2\/comments?post=1544"}],"version-history":[{"count":5,"href":"http:\/\/www.apucarana.pr.gov.br\/site\/wp-json\/wp\/v2\/pages\/1544\/revisions"}],"predecessor-version":[{"id":126250,"href":"http:\/\/www.apucarana.pr.gov.br\/site\/wp-json\/wp\/v2\/pages\/1544\/revisions\/126250"}],"up":[{"embeddable":true,"href":"http:\/\/www.apucarana.pr.gov.br\/site\/wp-json\/wp\/v2\/pages\/646"}],"wp:attachment":[{"href":"http:\/\/www.apucarana.pr.gov.br\/site\/wp-json\/wp\/v2\/media?parent=1544"}],"curies":[{"name":"wp","href":"https:\/\/api.w.org\/{rel}","templated":true}]}}