{"id":1534,"date":"2021-07-08T13:36:29","date_gmt":"2021-07-08T16:36:29","guid":{"rendered":"http:\/\/www.apucarana.pr.gov.br\/site\/?page_id=1534"},"modified":"2026-02-10T10:14:53","modified_gmt":"2026-02-10T13:14:53","slug":"autarquia-municipal-de-saude","status":"publish","type":"page","link":"http:\/\/www.apucarana.pr.gov.br\/site\/orgaos-da-administracao\/autarquia-municipal-de-saude\/","title":{"rendered":"Autarquia Municipal de Sa\u00fade"},"content":{"rendered":"\t\t<div data-elementor-type=\"wp-page\" data-elementor-id=\"1534\" class=\"elementor elementor-1534\">\n\t\t\t\t\t\t\t\t\t<section class=\"elementor-section elementor-top-section elementor-element elementor-element-c00fd8e elementor-section-boxed elementor-section-height-default elementor-section-height-default\" data-id=\"c00fd8e\" data-element_type=\"section\" data-settings=\"{&quot;jet_parallax_layout_list&quot;:[{&quot;jet_parallax_layout_image&quot;:{&quot;url&quot;:&quot;&quot;,&quot;id&quot;:&quot;&quot;},&quot;_id&quot;:&quot;4dfac68&quot;,&quot;jet_parallax_layout_image_tablet&quot;:{&quot;url&quot;:&quot;&quot;,&quot;id&quot;:&quot;&quot;},&quot;jet_parallax_layout_image_mobile&quot;:{&quot;url&quot;:&quot;&quot;,&quot;id&quot;:&quot;&quot;},&quot;jet_parallax_layout_speed&quot;:{&quot;unit&quot;:&quot;%&quot;,&quot;size&quot;:50,&quot;sizes&quot;:[]},&quot;jet_parallax_layout_type&quot;:&quot;scroll&quot;,&quot;jet_parallax_layout_direction&quot;:null,&quot;jet_parallax_layout_fx_direction&quot;:null,&quot;jet_parallax_layout_z_index&quot;:&quot;&quot;,&quot;jet_parallax_layout_bg_x&quot;:50,&quot;jet_parallax_layout_bg_x_tablet&quot;:&quot;&quot;,&quot;jet_parallax_layout_bg_x_mobile&quot;:&quot;&quot;,&quot;jet_parallax_layout_bg_y&quot;:50,&quot;jet_parallax_layout_bg_y_tablet&quot;:&quot;&quot;,&quot;jet_parallax_layout_bg_y_mobile&quot;:&quot;&quot;,&quot;jet_parallax_layout_bg_size&quot;:&quot;auto&quot;,&quot;jet_parallax_layout_bg_size_tablet&quot;:&quot;&quot;,&quot;jet_parallax_layout_bg_size_mobile&quot;:&quot;&quot;,&quot;jet_parallax_layout_animation_prop&quot;:&quot;transform&quot;,&quot;jet_parallax_layout_on&quot;:[&quot;desktop&quot;,&quot;tablet&quot;]}]}\">\n\t\t\t\t\t\t<div class=\"elementor-container elementor-column-gap-default\">\n\t\t\t\t\t<div class=\"elementor-column elementor-col-50 elementor-top-column elementor-element elementor-element-c03c756\" data-id=\"c03c756\" data-element_type=\"column\">\n\t\t\t<div class=\"elementor-widget-wrap elementor-element-populated\">\n\t\t\t\t\t\t\t\t<div class=\"elementor-element elementor-element-85321d8 elementor-widget elementor-widget-jet-custom-menu\" data-id=\"85321d8\" data-element_type=\"widget\" data-widget_type=\"jet-custom-menu.default\">\n\t\t\t\t<div class=\"elementor-widget-container\">\n\t\t\t<div class=\"menu-secretarias-container\"><div class=\"jet-custom-nav jet-custom-nav--dropdown-right-side jet-custom-nav--animation-fade\"><div class=\"menu-item menu-item-type-post_type menu-item-object-page jet-custom-nav__item jet-custom-nav__item-1449\"><a href=\"http:\/\/www.apucarana.pr.gov.br\/site\/orgaos-da-administracao\/agricultura\/\" class=\"jet-custom-nav__item-link\"><span class=\"jet-menu-link-text\"><span class=\"jet-custom-item-label top-level-label\">Agricultura<\/span><\/span><\/a><\/div>\n<div class=\"menu-item menu-item-type-post_type menu-item-object-page jet-custom-nav__item jet-custom-nav__item-1584\"><a href=\"http:\/\/www.apucarana.pr.gov.br\/site\/orgaos-da-administracao\/assistencia-social\/\" class=\"jet-custom-nav__item-link\"><span class=\"jet-menu-link-text\"><span class=\"jet-custom-item-label top-level-label\">Assist\u00eancia Social<\/span><\/span><\/a><\/div>\n<div class=\"menu-item menu-item-type-post_type menu-item-object-page jet-custom-nav__item jet-custom-nav__item-1576\"><a href=\"http:\/\/www.apucarana.pr.gov.br\/site\/orgaos-da-administracao\/autarquia-municipal-de-educacao\/\" class=\"jet-custom-nav__item-link\"><span class=\"jet-menu-link-text\"><span class=\"jet-custom-item-label top-level-label\">Autarquia Municipal de Educa\u00e7\u00e3o<\/span><\/span><\/a><\/div>\n<div class=\"menu-item menu-item-type-post_type menu-item-object-page jet-custom-nav__item jet-custom-nav__item-1575\"><a href=\"http:\/\/www.apucarana.pr.gov.br\/site\/orgaos-da-administracao\/autarquia-municipal-de-saude\/\" class=\"jet-custom-nav__item-link\"><span class=\"jet-menu-link-text\"><span class=\"jet-custom-item-label top-level-label\">Autarquia Municipal de Sa\u00fade<\/span><\/span><\/a><\/div>\n<div class=\"menu-item menu-item-type-post_type menu-item-object-page jet-custom-nav__item jet-custom-nav__item-1574\"><a href=\"http:\/\/www.apucarana.pr.gov.br\/site\/orgaos-da-administracao\/autarquia-de-servicos-funerarios\/\" class=\"jet-custom-nav__item-link\"><span class=\"jet-menu-link-text\"><span class=\"jet-custom-item-label top-level-label\">Autarquia de Servi\u00e7os Funer\u00e1rios<\/span><\/span><\/a><\/div>\n<div class=\"menu-item menu-item-type-post_type menu-item-object-page jet-custom-nav__item jet-custom-nav__item-50437\"><a href=\"http:\/\/www.apucarana.pr.gov.br\/site\/orgaos-da-administracao\/controle-interno\/\" class=\"jet-custom-nav__item-link\"><span class=\"jet-menu-link-text\"><span class=\"jet-custom-item-label top-level-label\">Controle Interno<\/span><\/span><\/a><\/div>\n<div class=\"menu-item menu-item-type-post_type menu-item-object-page jet-custom-nav__item jet-custom-nav__item-1582\"><a href=\"http:\/\/www.apucarana.pr.gov.br\/site\/orgaos-da-administracao\/esportes\/\" class=\"jet-custom-nav__item-link\"><span class=\"jet-menu-link-text\"><span class=\"jet-custom-item-label top-level-label\">Esportes<\/span><\/span><\/a><\/div>\n<div class=\"menu-item menu-item-type-post_type menu-item-object-page jet-custom-nav__item jet-custom-nav__item-1337\"><a href=\"http:\/\/www.apucarana.pr.gov.br\/site\/orgaos-da-administracao\/fazenda\/\" class=\"jet-custom-nav__item-link\"><span class=\"jet-menu-link-text\"><span class=\"jet-custom-item-label top-level-label\">Fazenda<\/span><\/span><\/a><\/div>\n<div class=\"menu-item menu-item-type-post_type menu-item-object-page jet-custom-nav__item jet-custom-nav__item-50510\"><a href=\"http:\/\/www.apucarana.pr.gov.br\/site\/orgaos-da-administracao\/gabinete\/\" class=\"jet-custom-nav__item-link\"><span class=\"jet-menu-link-text\"><span class=\"jet-custom-item-label top-level-label\">Gabinete<\/span><\/span><\/a><\/div>\n<div class=\"menu-item menu-item-type-post_type menu-item-object-page jet-custom-nav__item jet-custom-nav__item-1581\"><a href=\"http:\/\/www.apucarana.pr.gov.br\/site\/orgaos-da-administracao\/gestao-publica\/\" class=\"jet-custom-nav__item-link\"><span class=\"jet-menu-link-text\"><span class=\"jet-custom-item-label top-level-label\">Gest\u00e3o P\u00fablica<\/span><\/span><\/a><\/div>\n<div class=\"menu-item menu-item-type-post_type menu-item-object-page jet-custom-nav__item jet-custom-nav__item-1580\"><a href=\"http:\/\/www.apucarana.pr.gov.br\/site\/orgaos-da-administracao\/industria-comercio-e-emprego\/\" class=\"jet-custom-nav__item-link\"><span class=\"jet-menu-link-text\"><span class=\"jet-custom-item-label top-level-label\">Ind\u00fastria, Com\u00e9rcio e Emprego<\/span><\/span><\/a><\/div>\n<div class=\"menu-item menu-item-type-post_type menu-item-object-page jet-custom-nav__item jet-custom-nav__item-1573\"><a href=\"http:\/\/www.apucarana.pr.gov.br\/site\/orgaos-da-administracao\/instituto-de-pesquisa-e-planejamento\/\" class=\"jet-custom-nav__item-link\"><span class=\"jet-menu-link-text\"><span class=\"jet-custom-item-label top-level-label\">Instituto de Pesquisa e Planejamento<\/span><\/span><\/a><\/div>\n<div class=\"menu-item menu-item-type-post_type menu-item-object-page jet-custom-nav__item jet-custom-nav__item-1579\"><a href=\"http:\/\/www.apucarana.pr.gov.br\/site\/orgaos-da-administracao\/meio-ambiente\/\" class=\"jet-custom-nav__item-link\"><span class=\"jet-menu-link-text\"><span class=\"jet-custom-item-label top-level-label\">Meio Ambiente<\/span><\/span><\/a><\/div>\n<div class=\"menu-item menu-item-type-post_type menu-item-object-page jet-custom-nav__item jet-custom-nav__item-1572\"><a href=\"http:\/\/www.apucarana.pr.gov.br\/site\/orgaos-da-administracao\/mulher-e-assuntos-da-familia\/\" class=\"jet-custom-nav__item-link\"><span class=\"jet-menu-link-text\"><span class=\"jet-custom-item-label top-level-label\">Mulher e Assuntos da Fam\u00edlia<\/span><\/span><\/a><\/div>\n<div class=\"menu-item menu-item-type-post_type menu-item-object-page jet-custom-nav__item jet-custom-nav__item-1578\"><a href=\"http:\/\/www.apucarana.pr.gov.br\/site\/orgaos-da-administracao\/obras\/\" class=\"jet-custom-nav__item-link\"><span class=\"jet-menu-link-text\"><span class=\"jet-custom-item-label top-level-label\">Obras<\/span><\/span><\/a><\/div>\n<div class=\"menu-item menu-item-type-post_type menu-item-object-page jet-custom-nav__item jet-custom-nav__item-1846\"><a href=\"http:\/\/www.apucarana.pr.gov.br\/site\/orgaos-da-administracao\/promocao-artistica-cultural-e-turistica\/\" class=\"jet-custom-nav__item-link\"><span class=\"jet-menu-link-text\"><span class=\"jet-custom-item-label top-level-label\">Promo\u00e7\u00e3o Art\u00edstica, Cultural e Tur\u00edstica<\/span><\/span><\/a><\/div>\n<div class=\"menu-item menu-item-type-post_type menu-item-object-page jet-custom-nav__item jet-custom-nav__item-113445\"><a href=\"http:\/\/www.apucarana.pr.gov.br\/site\/orgaos-da-administracao\/seguranca-transporte-transito-mobilidade-urbana-e-defesa-civil\/\" class=\"jet-custom-nav__item-link\"><span class=\"jet-menu-link-text\"><span class=\"jet-custom-item-label top-level-label\">Seguran\u00e7a, Transporte, Tr\u00e2nsito, Mobilidade Urbana e Defesa Civil<\/span><\/span><\/a><\/div>\n<div class=\"menu-item menu-item-type-post_type menu-item-object-page jet-custom-nav__item jet-custom-nav__item-1577\"><a href=\"http:\/\/www.apucarana.pr.gov.br\/site\/orgaos-da-administracao\/servicos-publicos\/\" class=\"jet-custom-nav__item-link\"><span class=\"jet-menu-link-text\"><span class=\"jet-custom-item-label top-level-label\">Servi\u00e7os P\u00fablicos<\/span><\/span><\/a><\/div>\n<\/div><\/div>\t\t<\/div>\n\t\t\t\t<\/div>\n\t\t\t\t\t<\/div>\n\t\t<\/div>\n\t\t\t\t<div class=\"elementor-column elementor-col-50 elementor-top-column elementor-element elementor-element-ff58b00\" data-id=\"ff58b00\" data-element_type=\"column\">\n\t\t\t<div class=\"elementor-widget-wrap elementor-element-populated\">\n\t\t\t\t\t\t\t\t<div class=\"elementor-element elementor-element-9a7e06b elementor-align-left elementor-widget elementor-widget-raven-heading\" data-id=\"9a7e06b\" data-element_type=\"widget\" data-widget_type=\"raven-heading.default\">\n\t\t\t\t<div class=\"elementor-widget-container\">\n\t\t\t\t\t<div class=\"raven-widget-wrapper\"><h2 class=\"raven-heading raven-heading-h2\"><span class=\"raven-heading-title\">Autarquia Municipal de Sa\u00fade<\/span><\/h2><\/div>\n\t\t\t\t<\/div>\n\t\t\t\t<\/div>\n\t\t\t\t<div class=\"elementor-element elementor-element-192b02c elementor-widget elementor-widget-text-editor\" data-id=\"192b02c\" data-element_type=\"widget\" data-widget_type=\"text-editor.default\">\n\t\t\t\t<div class=\"elementor-widget-container\">\n\t\t\t\t\t\t\t<p>A Autarquia Municipal de Sa\u00fade (AMS) foi criada pela lei n\u00ba 026\/85. \u00c9 uma entidade jur\u00eddica de direito p\u00fablico interno, com autonomia administrativa, financeira e patrimonial. Tem como fun\u00e7\u00e3o principal executar a pol\u00edtica de sa\u00fade do Munic\u00edpio de Apucarana.<\/p><p>Executa a\u00e7\u00f5es e programas p\u00fablicos de promo\u00e7\u00e3o, preven\u00e7\u00e3o e aten\u00e7\u00e3o \u00e0 sa\u00fade diretamente e exclusivamente no contexto do Sistema \u00danico de Sa\u00fade (SUS), utilizando profissionais habilitados.\u00a0<\/p><p>Al\u00e9m disso, acolhe e presta atendimento aos usu\u00e1rios dos servi\u00e7os ofertados atrav\u00e9s do Sistema \u00danico de Sa\u00fade e universaliza a assist\u00eancia \u00e0 sa\u00fade com a\u00e7\u00f5es e programas financiados com recursos p\u00fablicos, provenientes especialmente do SUS. Cumpre ainda as diretrizes pactuadas pela Uni\u00e3o, Distrito Federal, Estados e Munic\u00edpios, conforme o Pacto pela Sa\u00fade nas suas tr\u00eas dimens\u00f5es: pacto pela vida, pacto em defesa do SUS e o pacto de gest\u00e3o.\u00a0<\/p><p>Promove tamb\u00e9m a vigil\u00e2ncia em sa\u00fade (epidemiol\u00f3gica, ambiental e sanit\u00e1ria e sa\u00fade do trabalhador); assegura aos usu\u00e1rios o acesso a servi\u00e7os de m\u00e9dia e alta complexidade;\u00a0 e promove assist\u00eancia farmac\u00eautica, entre outras obriga\u00e7\u00f5es.<\/p><div>\u00a0\u00a0<\/div>\t\t\t\t\t\t<\/div>\n\t\t\t\t<\/div>\n\t\t\t\t<div class=\"elementor-element elementor-element-141d51e elementor-widget elementor-widget-text-editor\" data-id=\"141d51e\" data-element_type=\"widget\" data-widget_type=\"text-editor.default\">\n\t\t\t\t<div class=\"elementor-widget-container\">\n\t\t\t\t\t\t\t<p><strong>Diretor-Presidente<\/strong>: Guilherme de Paula<\/p><p><strong>Endere\u00e7o<\/strong>: R. Vivaldos Jos\u00e9 Teixeira, 114 &#8211; Jardim Paineiras II<\/p><p><strong>Telefone<\/strong>: (43) 3422-5888<\/p><p><strong>E-mail<\/strong>: ams@apucarana.pr.gov.br<\/p><p><strong>Hor\u00e1rio de Funcionamento<\/strong>: Segunda a sexta-feira, das 8h \u00e0s 18h<\/p>\t\t\t\t\t\t<\/div>\n\t\t\t\t<\/div>\n\t\t\t\t<div class=\"elementor-element elementor-element-014f83d carta-de-servicos-accordion elementor-widget elementor-widget-jet-accordion\" data-id=\"014f83d\" data-element_type=\"widget\" data-widget_type=\"jet-accordion.default\">\n\t\t\t\t<div class=\"elementor-widget-container\">\n\t\t\t\t\t<div class=\"jet-accordion\" data-settings=\"{&quot;collapsible&quot;:false,&quot;ajaxTemplate&quot;:false,&quot;switchScrolling&quot;:false,&quot;switchScrollingOffset&quot;:0}\" role=\"tablist\">\n\t\t\t<div class=\"jet-accordion__inner\">\n\t\t\t\t<div class=\"jet-accordion__item jet-toggle jet-toggle-fade-effect \">\n\t\t\t\t\t\t\t<div id=\"jet-toggle-control-1371\" class=\"jet-toggle__control elementor-menu-anchor\" data-toggle=\"1\" role=\"tab\" tabindex=\"0\" aria-controls=\"jet-toggle-content-1371\" aria-expanded=\"false\" data-template-id=\"false\">\n\t\t\t\t\t\t\t\t<div class=\"jet-toggle__label-icon jet-toggle-icon-position-left\"><span class=\"jet-toggle__icon icon-normal jet-tabs-icon\"><i class=\"fas fa-arrow-alt-circle-right\"><\/i><\/span><span class=\"jet-toggle__icon icon-active jet-tabs-icon\"><i class=\"fas fa-arrow-alt-circle-right\"><\/i><\/span><\/div><div class=\"jet-toggle__label-text\">Guia R\u00e1pido<\/div>\t\t\t\t\t\t\t<\/div>\n\t\t\t\t\t\t\t<div id=\"jet-toggle-content-1371\" class=\"jet-toggle__content\" data-toggle=\"1\" role=\"tabpanel\" data-template-id=\"false\">\n\t\t\t\t\t\t\t\t<div class=\"jet-toggle__content-inner\"><ul><li><a href=\"\/site\/termos-de-busca\/centro-de-referencia-da-assistencia-social-cras\/\">Centro de Refer\u00eancia da Assist\u00eancia Social (CRAS)<\/a><\/li><li><a href=\"\/site\/termos-de-busca\/centros-de-atencao-psicossocial-caps\/\">Centros de Aten\u00e7\u00e3o Psicossocial (CAPS)<\/a><\/li><li><a href=\"\/site\/termos-de-busca\/chamamentos-publicos\/\">Chamamentos P\u00fablicos<\/a><\/li><li><a href=\"\/site\/coronavirus\/chamamentos-publicos-covid\/\">Chamamentos P\u00fablicos (Coronav\u00edrus)<\/a><\/li><li><a href=\"\/site\/coronavirus\/\">Informa\u00e7\u00f5es Sobre o Combate ao Coronav\u00edrus<\/a><\/li><li><a href=\"\/site\/termos-de-busca\/residencias-medicas\/\" target=\"_blank\" rel=\"noopener\">Resid\u00eancia M\u00e9dica e Multiprofissional<\/a><\/li><li><a href=\"\/site\/unidades-basicas-de-saude-ubs\/\">Unidades B\u00e1sicas de Sa\u00fade (UBS)<\/a><\/li><\/ul><\/div>\n\t\t\t\t\t\t\t<\/div>\n\t\t\t\t\t\t<\/div><div class=\"jet-accordion__item jet-toggle jet-toggle-fade-effect \">\n\t\t\t\t\t\t\t<div id=\"jet-toggle-control-1372\" class=\"jet-toggle__control elementor-menu-anchor\" data-toggle=\"2\" role=\"tab\" tabindex=\"0\" aria-controls=\"jet-toggle-content-1372\" aria-expanded=\"false\" data-template-id=\"false\">\n\t\t\t\t\t\t\t\t<div class=\"jet-toggle__label-icon jet-toggle-icon-position-left\"><span class=\"jet-toggle__icon icon-normal jet-tabs-icon\"><i class=\"fas fa-list-alt\"><\/i><\/span><span class=\"jet-toggle__icon icon-active jet-tabs-icon\"><i class=\"fas fa-list-alt\"><\/i><\/span><\/div><div class=\"jet-toggle__label-text\">Servi\u00e7os e Programas<\/div>\t\t\t\t\t\t\t<\/div>\n\t\t\t\t\t\t\t<div id=\"jet-toggle-content-1372\" class=\"jet-toggle__content\" data-toggle=\"2\" role=\"tabpanel\" data-template-id=\"false\">\n\t\t\t\t\t\t\t\t<div class=\"jet-toggle__content-inner\"><ul><li><a href=\"\/site\/carta-de-servicos\/agendamento-de-transporte-individual-e-coletivo\/\">Agendamento de Transporte Individual e Coletivo<\/a><\/li><li><a href=\"\/site\/carta-de-servicos\/ambulatorio-de-alto-risco-em-saude-mental\/\">Ambulat\u00f3rio de Alto Risco em Sa\u00fade Mental<\/a><\/li><li><a href=\"\/site\/carta-de-servicos\/ambulatorio-de-cirurgia-de-catarata\/\">Ambulat\u00f3rio de Cirurgia de Catarata<\/a><\/li><li><a href=\"\/site\/carta-de-servicos\/apoio-ao-cidadao-em-atendimento-medico-especializado-fora-do-municipio\/\">Apoio ao Cidad\u00e3o em Atendimento M\u00e9dico Especializado Fora do Munic\u00edpio<\/a><\/li><li><a href=\"\/site\/carta-de-servicos\/apoio-ao-cuidado-nos-caps\/\">Apoio ao Cuidado nos CAPS<\/a><\/li><li><a href=\"\/site\/carta-de-servicos\/atencao-primaria-em-saude\/\">Aten\u00e7\u00e3o Prim\u00e1ria em Sa\u00fade<\/a><\/li><li><a href=\"\/site\/carta-de-servicos\/atendimento-especializado-em-pre-natal-habitual-alto-risco-e-intermediario\/\">Atendimento Especializado em Pr\u00e9-Natal Habitual, Alto Risco e Intermedi\u00e1rio<\/a><\/li><li><a href=\"\/site\/carta-de-servicos\/atendimento-medico-para-criancas\/\">Atendimento M\u00e9dico para Crian\u00e7as<\/a><\/li><li><a href=\"\/site\/carta-de-servicos\/atendimento-odontologico\/\">Atendimento Odontol\u00f3gico \u2013 CEO<\/a><\/li><li><a href=\"\/site\/carta-de-servicos\/atendimento-odontologico-nas-unidades-de-saude\/\">Atendimento Odontol\u00f3gico nas Unidades de Sa\u00fade<\/a><\/li><li><a href=\"\/site\/carta-de-servicos\/atendimento-para-acesso-a-orteses-e-proteses\/\">Atendimento para Acesso a \u00d3rteses e Pr\u00f3teses<\/a><\/li><li><a href=\"\/site\/carta-de-servicos\/cadastro-para-solicitacao-de-receituario-azul-amarelo-e-retinoides\/\">Cadastro para Solicita\u00e7\u00e3o de Receitu\u00e1rio Azul, Amarelo e Retin\u00f3ides<\/a><\/li><li><a href=\"\/site\/carta-de-servicos\/caps-alcool-e-drogas-caps-ad\/\">CAPS \u00c1lcool e Drogas (CAPS AD)<\/a><\/li><li><a href=\"\/site\/carta-de-servicos\/caps-cambira\/\">CAPS Cambira<\/a><\/li><li><a href=\"\/site\/carta-de-servicos\/caps-infanto-juvenil-caps-ij\/\">CAPS Infanto Juvenil (CAPS IJ)<\/a><\/li><li><a href=\"\/site\/carta-de-servicos\/consultas-medicas-especializadas\/\">Consultas M\u00e9dicas Especializadas<\/a><\/li><li><a href=\"\/site\/carta-de-servicos\/controle-de-animais-peconhentos\/\">Controle de Animais Pe\u00e7onhentos<\/a><\/li><li><a href=\"\/site\/carta-de-servicos\/departamento-de-ouvidoria-em-saude\/\">Departamento de Ouvidoria em Sa\u00fade<\/a><\/li><li><a href=\"\/site\/carta-de-servicos\/dispensacao-de-formulas-infantis-e-dieta-enteral\/\">Dispensa\u00e7\u00e3o de F\u00f3rmulas Infantis e Dieta Enteral<\/a><\/li><li><a href=\"\/site\/carta-de-servicos\/dispensacao-de-medicamentos-basicos\/\">Dispensa\u00e7\u00e3o de Medicamentos B\u00e1sicos<\/a><\/li><li><a href=\"\/site\/carta-de-servicos\/dispensacao-de-medicamentos-basicos-farmacia-24-horas\/\">Dispensa\u00e7\u00e3o de Medicamentos B\u00e1sicos (Farm\u00e1cia 24 Horas)<\/a><\/li><li><a href=\"\/site\/carta-de-servicos\/dispensacao-de-medicamentos-controlados-pela-portaria-344\/\">Dispensa\u00e7\u00e3o de Medicamentos Controlados pela Portaria 344<\/a><\/li><li><a href=\"\/site\/carta-de-servicos\/dispensacao-de-medicamentos-do-programa-de-tabagismo\/\">Dispensa\u00e7\u00e3o de Medicamentos do Programa de Tabagismo<\/a><\/li><li><a href=\"\/site\/carta-de-servicos\/dispensacao-de-medicamentos-do-programa-parana-sem-dor\/\">Dispensa\u00e7\u00e3o de Medicamentos do Programa Paran\u00e1 Sem Dor<\/a><\/li><li><a href=\"\/site\/carta-de-servicos\/dispensacao-de-medicamentos-para-toxoplasmose\/\">Dispensa\u00e7\u00e3o de Medicamentos para Toxoplasmose<\/a><\/li><li><a href=\"\/site\/carta-de-servicos\/dispensacao-de-talidomida\/\">Dispensa\u00e7\u00e3o de Talidomida<\/a><\/li><li><a href=\"\/site\/carta-de-servicos\/entrega-de-fraldas-geriatricas\/\">Entrega de Fraldas Geri\u00e1tricas<\/a><\/li><li><a href=\"\/site\/carta-de-servicos\/entrega-de-resultado-de-exames-de-carater-epidemiologico\/\">Entrega de Resultado de Exames de Car\u00e1ter Epidemiol\u00f3gico<\/a><\/li><li><a href=\"\/site\/carta-de-servicos\/fornecimento-de-lentes-para-oculos-de-grau\/\">Fornecimento de Lentes para \u00d3culos de Grau<\/a><\/li><li><a href=\"\/site\/carta-de-servicos\/fornecimento-de-oxigenoterapia-domiciliar\/\">Fornecimento de Oxigenoterapia Domiciliar<\/a><\/li><li><a href=\"\/site\/carta-de-servicos\/implantes-dentarios-implantodontia\/\">Implantes Dent\u00e1rios (Implantodontia)<\/a><\/li><li><a href=\"\/site\/carta-de-servicos\/liberacao-de-exames-de-interesse-epidemiologico\/\">Libera\u00e7\u00e3o de Exames de Interesse Epidemiol\u00f3gico<\/a><\/li><li><a href=\"\/site\/carta-de-servicos\/liberacao-de-medicamento-especifico-para-tratamento-da-tuberculose-latente\/\">Libera\u00e7\u00e3o de Medicamento Especifico para Tratamento da Tuberculose Latente<\/a><\/li><li><a href=\"\/site\/carta-de-servicos\/passe-livre-para-as-gestantes\/\">Passe Livre para as Gestantes<\/a><\/li><li><a href=\"\/site\/carta-de-servicos\/pediasuit-fisioterapia\/\">Pediasuit Fisioterapia<\/a><\/li><li><a href=\"\/site\/carta-de-servicos\/programa-de-residencia-uniprofissional-em-enfermagem-obstetrica\/\">Programa de Resid\u00eancia Uniprofissional em Enfermagem Obst\u00e9trica<\/a><\/li><li><a href=\"\/site\/carta-de-servicos\/projeto-horta-comunitaria-acolher\/\">Projeto Horta Comunit\u00e1ria &#8220;Acolher&#8221;<\/a><\/li><li><a href=\"\/site\/carta-de-servicos\/realizacao-de-exames-de-analises-clinicas\/\">Realiza\u00e7\u00e3o de Exames de An\u00e1lises Cl\u00ednicas<\/a><\/li><li><a href=\"\/site\/carta-de-servicos\/residencia-multiprofissional-em-atencao-basica-nas-ubs\/\">Resid\u00eancia Multiprofissional em Aten\u00e7\u00e3o B\u00e1sica nas UBS<\/a><\/li><li><a href=\"\/site\/carta-de-servicos\/sae-servico-de-atendimento-especializado-natta\/\">SAE \u2013 Servi\u00e7o de Atendimento Especializado \u2013 NATTA<\/a><\/li><li><a href=\"\/site\/carta-de-servicos\/servico-de-atendimento-movel-de-urgencia-samu\/\">Servi\u00e7o de Atendimento M\u00f3vel de Urg\u00eancia (SAMU)<\/a><\/li><li><a href=\"\/site\/carta-de-servicos\/solicitacao-de-copias-de-prontuario-medico\/\">Solicita\u00e7\u00e3o de C\u00f3pias de Prontu\u00e1rio M\u00e9dico<\/a><\/li><li><a href=\"\/site\/carta-de-servicos\/solicitacao-de-documento-para-realizacao-de-eventos\/\">Solicita\u00e7\u00e3o de Documento para Realiza\u00e7\u00e3o de Eventos<\/a><\/li><li><a href=\"\/site\/carta-de-servicos\/solicitacao-de-imuno-biologico-especial\/\">Solicita\u00e7\u00e3o de Imuno Biol\u00f3gico Especial<\/a><\/li><li><a href=\"\/site\/carta-de-servicos\/solicitacao-de-laudo-para-utilizacao-de-fossa-septica-inviabilidade-de-ligacao-de-esgoto\/\">Solicita\u00e7\u00e3o de Laudo para Utiliza\u00e7\u00e3o de Fossa S\u00e9ptica (Inviabilidade de Liga\u00e7\u00e3o de Esgoto)<\/a><\/li><li><a href=\"\/site\/carta-de-servicos\/solicitacao-de-licenca-anual-vigilancia-sanitaria\/\">Solicita\u00e7\u00e3o de Licen\u00e7a Anual &#8211; Vigil\u00e2ncia Sanit\u00e1ria<\/a><\/li><li><a href=\"\/site\/carta-de-servicos\/solicitacao-de-licenca-para-abertura-de-empresa\/\">Solicita\u00e7\u00e3o de Licen\u00e7a para Abertura de Empresa<\/a><\/li><li><a href=\"\/site\/carta-de-servicos\/solicitacao-de-receituario-azul-amarelo-e-retinoides\/\">Solicita\u00e7\u00e3o de Receitu\u00e1rio Azul, Amarelo e Retin\u00f3ides<\/a><\/li><li><a href=\"\/site\/carta-de-servicos\/tfd-tratamento-fora-de-domicilio\/\">TFD -Tratamento Fora de Domic\u00edlio<\/a><\/li><li><a href=\"\/site\/carta-de-servicos\/transporte-de-pacientes\/\">Transporte de Pacientes<\/a><\/li><li><a href=\"\/site\/carta-de-servicos\/unidade-de-pronto-atendimento-upa\/\">Unidade de Pronto Atendimento<\/a><\/li><li><a href=\"\/site\/carta-de-servicos\/vacinacao-contra-covid-19\/\">Vacina\u00e7\u00e3o Contra COVID-19<\/a><\/li><li><a href=\"\/site\/carta-de-servicos\/vacinacao-de-rotina\/\">Vacina\u00e7\u00e3o de Rotina<\/a><\/li><li><a href=\"\/site\/carta-de-servicos\/visita-de-rotina-em-imoveis-endemias\/\">Visita de Rotina em Im\u00f3veis (Endemias)<\/a><\/li><li><a href=\"\/site\/carta-de-servicos\/visitas-aos-pontos-estrategicos-pe\/\">Visitas aos Pontos Estrat\u00e9gicos (PE)<\/a><\/li><li><a href=\"\/site\/carta-de-servicos\/visitas-emergenciais-em-imoveis-endemias\/\">Visitas Emergenciais em Im\u00f3veis (Endemias)<\/a><\/li><\/ul><\/div>\n\t\t\t\t\t\t\t<\/div>\n\t\t\t\t\t\t<\/div>\t\t\t\t\t\t\t\t<\/div>\n\t\t<\/div>\n\t\t\t\t<\/div>\n\t\t\t\t<\/div>\n\t\t\t\t\t<\/div>\n\t\t<\/div>\n\t\t\t\t\t\t\t<\/div>\n\t\t<\/section>\n\t\t\t\t\t\t\t<\/div>\n\t\t","protected":false},"excerpt":{"rendered":"<p>Agricultura Assist&ecirc;ncia Social Autarquia Municipal de Educa&ccedil;&atilde;o Autarquia Municipal de Sa&uacute;de Autarquia de Servi&ccedil;os Funer&aacute;rios Controle Interno Esportes Fazenda Gabinete Gest&atilde;o P&uacute;blica Ind&uacute;stria, Com&eacute;rcio e Emprego Instituto de Pesquisa e Planejamento Meio Ambiente Mulher e Assuntos da Fam&iacute;lia Obras Promo&ccedil;&atilde;o Art&iacute;stica, Cultural e Tur&iacute;stica Seguran&ccedil;a, Transporte, Tr&acirc;nsito, Mobilidade Urbana e Defesa Civil Servi&ccedil;os P&uacute;blicos Autarquia [&hellip;]<\/p>\n","protected":false},"author":2,"featured_media":0,"parent":646,"menu_order":0,"comment_status":"closed","ping_status":"closed","template":"","meta":{"footnotes":""},"class_list":["post-1534","page","type-page","status-publish","hentry"],"acf":[],"_links":{"self":[{"href":"http:\/\/www.apucarana.pr.gov.br\/site\/wp-json\/wp\/v2\/pages\/1534","targetHints":{"allow":["GET"]}}],"collection":[{"href":"http:\/\/www.apucarana.pr.gov.br\/site\/wp-json\/wp\/v2\/pages"}],"about":[{"href":"http:\/\/www.apucarana.pr.gov.br\/site\/wp-json\/wp\/v2\/types\/page"}],"author":[{"embeddable":true,"href":"http:\/\/www.apucarana.pr.gov.br\/site\/wp-json\/wp\/v2\/users\/2"}],"replies":[{"embeddable":true,"href":"http:\/\/www.apucarana.pr.gov.br\/site\/wp-json\/wp\/v2\/comments?post=1534"}],"version-history":[{"count":5,"href":"http:\/\/www.apucarana.pr.gov.br\/site\/wp-json\/wp\/v2\/pages\/1534\/revisions"}],"predecessor-version":[{"id":123673,"href":"http:\/\/www.apucarana.pr.gov.br\/site\/wp-json\/wp\/v2\/pages\/1534\/revisions\/123673"}],"up":[{"embeddable":true,"href":"http:\/\/www.apucarana.pr.gov.br\/site\/wp-json\/wp\/v2\/pages\/646"}],"wp:attachment":[{"href":"http:\/\/www.apucarana.pr.gov.br\/site\/wp-json\/wp\/v2\/media?parent=1534"}],"curies":[{"name":"wp","href":"https:\/\/api.w.org\/{rel}","templated":true}]}}