{"id":1529,"date":"2021-07-08T13:35:07","date_gmt":"2021-07-08T16:35:07","guid":{"rendered":"http:\/\/www.apucarana.pr.gov.br\/site\/?page_id=1529"},"modified":"2025-05-30T11:22:25","modified_gmt":"2025-05-30T14:22:25","slug":"autarquia-municipal-de-educacao","status":"publish","type":"page","link":"http:\/\/www.apucarana.pr.gov.br\/site\/orgaos-da-administracao\/autarquia-municipal-de-educacao\/","title":{"rendered":"Autarquia Municipal de Educa\u00e7\u00e3o"},"content":{"rendered":"\t\t<div data-elementor-type=\"wp-page\" data-elementor-id=\"1529\" class=\"elementor elementor-1529\">\n\t\t\t\t\t\t\t\t\t<section class=\"elementor-section elementor-top-section elementor-element elementor-element-8681931 elementor-section-boxed elementor-section-height-default elementor-section-height-default\" data-id=\"8681931\" data-element_type=\"section\" data-settings=\"{&quot;jet_parallax_layout_list&quot;:[{&quot;jet_parallax_layout_image&quot;:{&quot;url&quot;:&quot;&quot;,&quot;id&quot;:&quot;&quot;},&quot;_id&quot;:&quot;4dfac68&quot;,&quot;jet_parallax_layout_image_tablet&quot;:{&quot;url&quot;:&quot;&quot;,&quot;id&quot;:&quot;&quot;},&quot;jet_parallax_layout_image_mobile&quot;:{&quot;url&quot;:&quot;&quot;,&quot;id&quot;:&quot;&quot;},&quot;jet_parallax_layout_speed&quot;:{&quot;unit&quot;:&quot;%&quot;,&quot;size&quot;:50,&quot;sizes&quot;:[]},&quot;jet_parallax_layout_type&quot;:&quot;scroll&quot;,&quot;jet_parallax_layout_direction&quot;:null,&quot;jet_parallax_layout_fx_direction&quot;:null,&quot;jet_parallax_layout_z_index&quot;:&quot;&quot;,&quot;jet_parallax_layout_bg_x&quot;:50,&quot;jet_parallax_layout_bg_x_tablet&quot;:&quot;&quot;,&quot;jet_parallax_layout_bg_x_mobile&quot;:&quot;&quot;,&quot;jet_parallax_layout_bg_y&quot;:50,&quot;jet_parallax_layout_bg_y_tablet&quot;:&quot;&quot;,&quot;jet_parallax_layout_bg_y_mobile&quot;:&quot;&quot;,&quot;jet_parallax_layout_bg_size&quot;:&quot;auto&quot;,&quot;jet_parallax_layout_bg_size_tablet&quot;:&quot;&quot;,&quot;jet_parallax_layout_bg_size_mobile&quot;:&quot;&quot;,&quot;jet_parallax_layout_animation_prop&quot;:&quot;transform&quot;,&quot;jet_parallax_layout_on&quot;:[&quot;desktop&quot;,&quot;tablet&quot;]}]}\">\n\t\t\t\t\t\t<div class=\"elementor-container elementor-column-gap-default\">\n\t\t\t\t\t<div class=\"elementor-column elementor-col-50 elementor-top-column elementor-element elementor-element-1d85aa6\" data-id=\"1d85aa6\" data-element_type=\"column\">\n\t\t\t<div class=\"elementor-widget-wrap elementor-element-populated\">\n\t\t\t\t\t\t\t\t<div class=\"elementor-element elementor-element-e21d63c elementor-widget elementor-widget-jet-custom-menu\" data-id=\"e21d63c\" data-element_type=\"widget\" data-widget_type=\"jet-custom-menu.default\">\n\t\t\t\t<div class=\"elementor-widget-container\">\n\t\t\t<div class=\"menu-secretarias-container\"><div class=\"jet-custom-nav jet-custom-nav--dropdown-right-side jet-custom-nav--animation-fade\"><div class=\"menu-item menu-item-type-post_type menu-item-object-page jet-custom-nav__item jet-custom-nav__item-1449\"><a href=\"http:\/\/www.apucarana.pr.gov.br\/site\/orgaos-da-administracao\/agricultura\/\" class=\"jet-custom-nav__item-link\"><span class=\"jet-menu-link-text\"><span class=\"jet-custom-item-label top-level-label\">Agricultura<\/span><\/span><\/a><\/div>\n<div class=\"menu-item menu-item-type-post_type menu-item-object-page jet-custom-nav__item jet-custom-nav__item-1584\"><a href=\"http:\/\/www.apucarana.pr.gov.br\/site\/orgaos-da-administracao\/assistencia-social\/\" class=\"jet-custom-nav__item-link\"><span class=\"jet-menu-link-text\"><span class=\"jet-custom-item-label top-level-label\">Assist\u00eancia Social<\/span><\/span><\/a><\/div>\n<div class=\"menu-item menu-item-type-post_type menu-item-object-page jet-custom-nav__item jet-custom-nav__item-1576\"><a href=\"http:\/\/www.apucarana.pr.gov.br\/site\/orgaos-da-administracao\/autarquia-municipal-de-educacao\/\" class=\"jet-custom-nav__item-link\"><span class=\"jet-menu-link-text\"><span class=\"jet-custom-item-label top-level-label\">Autarquia Municipal de Educa\u00e7\u00e3o<\/span><\/span><\/a><\/div>\n<div class=\"menu-item menu-item-type-post_type menu-item-object-page jet-custom-nav__item jet-custom-nav__item-1575\"><a href=\"http:\/\/www.apucarana.pr.gov.br\/site\/orgaos-da-administracao\/autarquia-municipal-de-saude\/\" class=\"jet-custom-nav__item-link\"><span class=\"jet-menu-link-text\"><span class=\"jet-custom-item-label top-level-label\">Autarquia Municipal de Sa\u00fade<\/span><\/span><\/a><\/div>\n<div class=\"menu-item menu-item-type-post_type menu-item-object-page jet-custom-nav__item jet-custom-nav__item-1574\"><a href=\"http:\/\/www.apucarana.pr.gov.br\/site\/orgaos-da-administracao\/autarquia-de-servicos-funerarios\/\" class=\"jet-custom-nav__item-link\"><span class=\"jet-menu-link-text\"><span class=\"jet-custom-item-label top-level-label\">Autarquia de Servi\u00e7os Funer\u00e1rios<\/span><\/span><\/a><\/div>\n<div class=\"menu-item menu-item-type-post_type menu-item-object-page jet-custom-nav__item jet-custom-nav__item-50437\"><a href=\"http:\/\/www.apucarana.pr.gov.br\/site\/orgaos-da-administracao\/controle-interno\/\" class=\"jet-custom-nav__item-link\"><span class=\"jet-menu-link-text\"><span class=\"jet-custom-item-label top-level-label\">Controle Interno<\/span><\/span><\/a><\/div>\n<div class=\"menu-item menu-item-type-post_type menu-item-object-page jet-custom-nav__item jet-custom-nav__item-1582\"><a href=\"http:\/\/www.apucarana.pr.gov.br\/site\/orgaos-da-administracao\/esportes\/\" class=\"jet-custom-nav__item-link\"><span class=\"jet-menu-link-text\"><span class=\"jet-custom-item-label top-level-label\">Esportes<\/span><\/span><\/a><\/div>\n<div class=\"menu-item menu-item-type-post_type menu-item-object-page jet-custom-nav__item jet-custom-nav__item-1337\"><a href=\"http:\/\/www.apucarana.pr.gov.br\/site\/orgaos-da-administracao\/fazenda\/\" class=\"jet-custom-nav__item-link\"><span class=\"jet-menu-link-text\"><span class=\"jet-custom-item-label top-level-label\">Fazenda<\/span><\/span><\/a><\/div>\n<div class=\"menu-item menu-item-type-post_type menu-item-object-page jet-custom-nav__item jet-custom-nav__item-50510\"><a href=\"http:\/\/www.apucarana.pr.gov.br\/site\/orgaos-da-administracao\/gabinete\/\" class=\"jet-custom-nav__item-link\"><span class=\"jet-menu-link-text\"><span class=\"jet-custom-item-label top-level-label\">Gabinete<\/span><\/span><\/a><\/div>\n<div class=\"menu-item menu-item-type-post_type menu-item-object-page jet-custom-nav__item jet-custom-nav__item-1581\"><a href=\"http:\/\/www.apucarana.pr.gov.br\/site\/orgaos-da-administracao\/gestao-publica\/\" class=\"jet-custom-nav__item-link\"><span class=\"jet-menu-link-text\"><span class=\"jet-custom-item-label top-level-label\">Gest\u00e3o P\u00fablica<\/span><\/span><\/a><\/div>\n<div class=\"menu-item menu-item-type-post_type menu-item-object-page jet-custom-nav__item jet-custom-nav__item-1580\"><a href=\"http:\/\/www.apucarana.pr.gov.br\/site\/orgaos-da-administracao\/industria-comercio-e-emprego\/\" class=\"jet-custom-nav__item-link\"><span class=\"jet-menu-link-text\"><span class=\"jet-custom-item-label top-level-label\">Ind\u00fastria, Com\u00e9rcio e Emprego<\/span><\/span><\/a><\/div>\n<div class=\"menu-item menu-item-type-post_type menu-item-object-page jet-custom-nav__item jet-custom-nav__item-1573\"><a href=\"http:\/\/www.apucarana.pr.gov.br\/site\/orgaos-da-administracao\/instituto-de-pesquisa-e-planejamento\/\" class=\"jet-custom-nav__item-link\"><span class=\"jet-menu-link-text\"><span class=\"jet-custom-item-label top-level-label\">Instituto de Pesquisa e Planejamento<\/span><\/span><\/a><\/div>\n<div class=\"menu-item menu-item-type-post_type menu-item-object-page jet-custom-nav__item jet-custom-nav__item-1579\"><a href=\"http:\/\/www.apucarana.pr.gov.br\/site\/orgaos-da-administracao\/meio-ambiente\/\" class=\"jet-custom-nav__item-link\"><span class=\"jet-menu-link-text\"><span class=\"jet-custom-item-label top-level-label\">Meio Ambiente<\/span><\/span><\/a><\/div>\n<div class=\"menu-item menu-item-type-post_type menu-item-object-page jet-custom-nav__item jet-custom-nav__item-1572\"><a href=\"http:\/\/www.apucarana.pr.gov.br\/site\/orgaos-da-administracao\/mulher-e-assuntos-da-familia\/\" class=\"jet-custom-nav__item-link\"><span class=\"jet-menu-link-text\"><span class=\"jet-custom-item-label top-level-label\">Mulher e Assuntos da Fam\u00edlia<\/span><\/span><\/a><\/div>\n<div class=\"menu-item menu-item-type-post_type menu-item-object-page jet-custom-nav__item jet-custom-nav__item-1578\"><a href=\"http:\/\/www.apucarana.pr.gov.br\/site\/orgaos-da-administracao\/obras\/\" class=\"jet-custom-nav__item-link\"><span class=\"jet-menu-link-text\"><span class=\"jet-custom-item-label top-level-label\">Obras<\/span><\/span><\/a><\/div>\n<div class=\"menu-item menu-item-type-post_type menu-item-object-page jet-custom-nav__item jet-custom-nav__item-1846\"><a href=\"http:\/\/www.apucarana.pr.gov.br\/site\/orgaos-da-administracao\/promocao-artistica-cultural-e-turistica\/\" class=\"jet-custom-nav__item-link\"><span class=\"jet-menu-link-text\"><span class=\"jet-custom-item-label top-level-label\">Promo\u00e7\u00e3o Art\u00edstica, Cultural e Tur\u00edstica<\/span><\/span><\/a><\/div>\n<div class=\"menu-item menu-item-type-post_type menu-item-object-page jet-custom-nav__item jet-custom-nav__item-113445\"><a href=\"http:\/\/www.apucarana.pr.gov.br\/site\/orgaos-da-administracao\/seguranca-transporte-transito-mobilidade-urbana-e-defesa-civil\/\" class=\"jet-custom-nav__item-link\"><span class=\"jet-menu-link-text\"><span class=\"jet-custom-item-label top-level-label\">Seguran\u00e7a, Transporte, Tr\u00e2nsito, Mobilidade Urbana e Defesa Civil<\/span><\/span><\/a><\/div>\n<div class=\"menu-item menu-item-type-post_type menu-item-object-page jet-custom-nav__item jet-custom-nav__item-1577\"><a href=\"http:\/\/www.apucarana.pr.gov.br\/site\/orgaos-da-administracao\/servicos-publicos\/\" class=\"jet-custom-nav__item-link\"><span class=\"jet-menu-link-text\"><span class=\"jet-custom-item-label top-level-label\">Servi\u00e7os P\u00fablicos<\/span><\/span><\/a><\/div>\n<\/div><\/div>\t\t<\/div>\n\t\t\t\t<\/div>\n\t\t\t\t\t<\/div>\n\t\t<\/div>\n\t\t\t\t<div class=\"elementor-column elementor-col-50 elementor-top-column elementor-element elementor-element-278850f\" data-id=\"278850f\" data-element_type=\"column\">\n\t\t\t<div class=\"elementor-widget-wrap elementor-element-populated\">\n\t\t\t\t\t\t\t\t<div class=\"elementor-element elementor-element-fcc8ea2 elementor-align-left elementor-widget elementor-widget-raven-heading\" data-id=\"fcc8ea2\" data-element_type=\"widget\" data-widget_type=\"raven-heading.default\">\n\t\t\t\t<div class=\"elementor-widget-container\">\n\t\t\t\t\t<div class=\"raven-widget-wrapper\"><h2 class=\"raven-heading raven-heading-h2\"><span class=\"raven-heading-title\">Autarquia Municipal de Educa\u00e7\u00e3o<\/span><\/h2><\/div>\n\t\t\t\t<\/div>\n\t\t\t\t<\/div>\n\t\t\t\t<div class=\"elementor-element elementor-element-173a7fb elementor-widget elementor-widget-text-editor\" data-id=\"173a7fb\" data-element_type=\"widget\" data-widget_type=\"text-editor.default\">\n\t\t\t\t<div class=\"elementor-widget-container\">\n\t\t\t\t\t\t\t<p>A Autarquia Municipal de Educa\u00e7\u00e3o foi criada pela lei n\u00ba 242\/2009. \u00c9 uma entidade jur\u00eddica de direito p\u00fablico interno, com autonomia administrativa, financeira e patrimonial. Tem como fun\u00e7\u00e3o central executar a pol\u00edtica de educa\u00e7\u00e3o do Munic\u00edpio de Apucarana, promovendo diretamente a\u00e7\u00f5es e programas para a promo\u00e7\u00e3o e incentivo \u00e0 educa\u00e7\u00e3o.&nbsp;<\/p>\n<p>A Autarquia de Educa\u00e7\u00e3o executa a\u00e7\u00f5es e programas de educa\u00e7\u00e3o pr\u00e9-escolar e fundamental, exclusivamente no contexto p\u00fablico, utilizando profissionais habilitados; administra, coordena e fiscaliza todas as atividades e servi\u00e7os prestados pelas escolas municipais e conveniadas; e organiza, coordena e desenvolve programas de educa\u00e7\u00e3o.&nbsp;<\/p>\n<p>Al\u00e9m disso, executa a pol\u00edtica municipal de educa\u00e7\u00e3o em conformidade com as diretrizes do Minist\u00e9rio da Educa\u00e7\u00e3o e entidades competentes. Atua diretamente nas pol\u00edticas p\u00fablicas de educa\u00e7\u00e3o para contribuir para a forma\u00e7\u00e3o social e de cidadania dos cidad\u00e3os de Apucarana, bem como para o pleno desenvolvimento da pessoa, seu preparo para o exerc\u00edcio da cidadania e sua qualifica\u00e7\u00e3o para o trabalho.<\/p>\n<p>Entre suas responsabilidades est\u00e3o ainda o transporte escolar dos alunos da rede municipal e a capacita\u00e7\u00e3o continuada dos recursos humanos vinculados \u00e0 educa\u00e7\u00e3o, entre outras obriga\u00e7\u00f5es legais.&nbsp;<\/p>\t\t\t\t\t\t<\/div>\n\t\t\t\t<\/div>\n\t\t\t\t<div class=\"elementor-element elementor-element-76ed537 elementor-widget elementor-widget-text-editor\" data-id=\"76ed537\" data-element_type=\"widget\" data-widget_type=\"text-editor.default\">\n\t\t\t\t<div class=\"elementor-widget-container\">\n\t\t\t\t\t\t\t<p><strong>Diretora-Presidente<\/strong>: Ana Paula do Carmo Donato<\/p><p><strong>Endere\u00e7o<\/strong>: Avenida Jaboti, 195 \u2013 Jardim Santo In\u00e1cio\u00a0<\/p><p><strong>Telefone<\/strong>: (43) 3308-1699<\/p><p><strong>E-mail<\/strong>: ame@apucarana.pr.gov.br<\/p><p><strong>Hor\u00e1rio de Funcionamento<\/strong>: Segunda a sexta-feira, das 8h \u00e0s 18h<\/p>\t\t\t\t\t\t<\/div>\n\t\t\t\t<\/div>\n\t\t\t\t<div class=\"elementor-element elementor-element-c4acccf carta-de-servicos-accordion elementor-widget elementor-widget-jet-accordion\" data-id=\"c4acccf\" data-element_type=\"widget\" data-widget_type=\"jet-accordion.default\">\n\t\t\t\t<div class=\"elementor-widget-container\">\n\t\t\t\t\t<div class=\"jet-accordion\" data-settings=\"{&quot;collapsible&quot;:false,&quot;ajaxTemplate&quot;:false,&quot;switchScrolling&quot;:false,&quot;switchScrollingOffset&quot;:0}\" role=\"tablist\">\n\t\t\t<div class=\"jet-accordion__inner\">\n\t\t\t\t<div class=\"jet-accordion__item jet-toggle jet-toggle-fade-effect \">\n\t\t\t\t\t\t\t<div id=\"jet-toggle-control-2061\" class=\"jet-toggle__control elementor-menu-anchor\" data-toggle=\"1\" role=\"tab\" tabindex=\"0\" aria-controls=\"jet-toggle-content-2061\" aria-expanded=\"false\" data-template-id=\"false\">\n\t\t\t\t\t\t\t\t<div class=\"jet-toggle__label-icon jet-toggle-icon-position-left\"><span class=\"jet-toggle__icon icon-normal jet-tabs-icon\"><i class=\"fas fa-arrow-alt-circle-right\"><\/i><\/span><span class=\"jet-toggle__icon icon-active jet-tabs-icon\"><i class=\"fas fa-arrow-alt-circle-right\"><\/i><\/span><\/div><div class=\"jet-toggle__label-text\">Guia R\u00e1pido<\/div>\t\t\t\t\t\t\t<\/div>\n\t\t\t\t\t\t\t<div id=\"jet-toggle-content-2061\" class=\"jet-toggle__content\" data-toggle=\"1\" role=\"tabpanel\" data-template-id=\"false\">\n\t\t\t\t\t\t\t\t<div class=\"jet-toggle__content-inner\"><ul>\n \t<li><a href=\"\/site\/termos-de-busca\/cardapios-da-merenda-escolar\/\" target=\"_blank\" rel=\"noopener\">Card\u00e1pios da Merenda Escolar<\/a><\/li>\n \t<li><a href=\"\/site\/termos-de-busca\/site-da-autarquia-municipal-de-educacao\/\" target=\"_blank\" rel=\"noopener\">Site da Autarquia Municipal de Educa\u00e7\u00e3o<\/a><\/li>\n<\/ul><\/div>\n\t\t\t\t\t\t\t<\/div>\n\t\t\t\t\t\t<\/div><div class=\"jet-accordion__item jet-toggle jet-toggle-fade-effect \">\n\t\t\t\t\t\t\t<div id=\"jet-toggle-control-2062\" class=\"jet-toggle__control elementor-menu-anchor\" data-toggle=\"2\" role=\"tab\" tabindex=\"0\" aria-controls=\"jet-toggle-content-2062\" aria-expanded=\"false\" data-template-id=\"false\">\n\t\t\t\t\t\t\t\t<div class=\"jet-toggle__label-icon jet-toggle-icon-position-left\"><span class=\"jet-toggle__icon icon-normal jet-tabs-icon\"><i class=\"fas fa-list-alt\"><\/i><\/span><span class=\"jet-toggle__icon icon-active jet-tabs-icon\"><i class=\"fas fa-list-alt\"><\/i><\/span><\/div><div class=\"jet-toggle__label-text\">Servi\u00e7os e Programas<\/div>\t\t\t\t\t\t\t<\/div>\n\t\t\t\t\t\t\t<div id=\"jet-toggle-content-2062\" class=\"jet-toggle__content\" data-toggle=\"2\" role=\"tabpanel\" data-template-id=\"false\">\n\t\t\t\t\t\t\t\t<div class=\"jet-toggle__content-inner\"><ul>\n \t<li><a href=\"\/site\/carta-de-servicos\/solicitacao-de-declaracao-escolar-para-fins-de-aposentadoria\/\">Solicita\u00e7\u00e3o de Declara\u00e7\u00e3o Escolar para fins de Aposentadoria<\/a><\/li>\n<li><a href=\"\/site\/carta-de-servicos\/solicitacao-de-licenca-premio-educacao\/\">Solicita\u00e7\u00e3o de Licen\u00e7a Pr\u00eamio (Educa\u00e7\u00e3o)<\/a><\/li>\n \t<li><a href=\"\/site\/carta-de-servicos\/solicitacao-de-passe-livre-para-transporte-escolar\/\">Solicita\u00e7\u00e3o de Passe Livre para Transporte Escolar<\/a><\/li>\n \t<li><a href=\"\/site\/carta-de-servicos\/solicitacao-de-transporte-escolar\/\">Solicita\u00e7\u00e3o de Transporte Escolar<\/a><\/li>\n \t<li><a href=\"\/site\/carta-de-servicos\/solicitacao-de-vagas-para-unidades-escolares\/\">Solicita\u00e7\u00e3o de Vagas para Unidades Escolares<\/a><\/li>\n<\/ul><\/div>\n\t\t\t\t\t\t\t<\/div>\n\t\t\t\t\t\t<\/div>\t\t\t\t\t\t\t\t<\/div>\n\t\t<\/div>\n\t\t\t\t<\/div>\n\t\t\t\t<\/div>\n\t\t\t\t\t<\/div>\n\t\t<\/div>\n\t\t\t\t\t\t\t<\/div>\n\t\t<\/section>\n\t\t\t\t\t\t\t<\/div>\n\t\t","protected":false},"excerpt":{"rendered":"<p>Agricultura Assist&ecirc;ncia Social Autarquia Municipal de Educa&ccedil;&atilde;o Autarquia Municipal de Sa&uacute;de Autarquia de Servi&ccedil;os Funer&aacute;rios Controle Interno Esportes Fazenda Gabinete Gest&atilde;o P&uacute;blica Ind&uacute;stria, Com&eacute;rcio e Emprego Instituto de Pesquisa e Planejamento Meio Ambiente Mulher e Assuntos da Fam&iacute;lia Obras Promo&ccedil;&atilde;o Art&iacute;stica, Cultural e Tur&iacute;stica Seguran&ccedil;a, Transporte, Tr&acirc;nsito, Mobilidade Urbana e Defesa Civil Servi&ccedil;os P&uacute;blicos Autarquia [&hellip;]<\/p>\n","protected":false},"author":2,"featured_media":0,"parent":646,"menu_order":0,"comment_status":"closed","ping_status":"closed","template":"","meta":{"footnotes":""},"class_list":["post-1529","page","type-page","status-publish","hentry"],"acf":[],"_links":{"self":[{"href":"http:\/\/www.apucarana.pr.gov.br\/site\/wp-json\/wp\/v2\/pages\/1529","targetHints":{"allow":["GET"]}}],"collection":[{"href":"http:\/\/www.apucarana.pr.gov.br\/site\/wp-json\/wp\/v2\/pages"}],"about":[{"href":"http:\/\/www.apucarana.pr.gov.br\/site\/wp-json\/wp\/v2\/types\/page"}],"author":[{"embeddable":true,"href":"http:\/\/www.apucarana.pr.gov.br\/site\/wp-json\/wp\/v2\/users\/2"}],"replies":[{"embeddable":true,"href":"http:\/\/www.apucarana.pr.gov.br\/site\/wp-json\/wp\/v2\/comments?post=1529"}],"version-history":[{"count":5,"href":"http:\/\/www.apucarana.pr.gov.br\/site\/wp-json\/wp\/v2\/pages\/1529\/revisions"}],"predecessor-version":[{"id":113956,"href":"http:\/\/www.apucarana.pr.gov.br\/site\/wp-json\/wp\/v2\/pages\/1529\/revisions\/113956"}],"up":[{"embeddable":true,"href":"http:\/\/www.apucarana.pr.gov.br\/site\/wp-json\/wp\/v2\/pages\/646"}],"wp:attachment":[{"href":"http:\/\/www.apucarana.pr.gov.br\/site\/wp-json\/wp\/v2\/media?parent=1529"}],"curies":[{"name":"wp","href":"https:\/\/api.w.org\/{rel}","templated":true}]}}