{"id":1524,"date":"2021-07-08T13:32:59","date_gmt":"2021-07-08T16:32:59","guid":{"rendered":"http:\/\/www.apucarana.pr.gov.br\/site\/?page_id=1524"},"modified":"2025-05-30T11:21:23","modified_gmt":"2025-05-30T14:21:23","slug":"servicos-publicos","status":"publish","type":"page","link":"http:\/\/www.apucarana.pr.gov.br\/site\/orgaos-da-administracao\/servicos-publicos\/","title":{"rendered":"Servi\u00e7os P\u00fablicos"},"content":{"rendered":"\t\t<div data-elementor-type=\"wp-page\" data-elementor-id=\"1524\" class=\"elementor elementor-1524\">\n\t\t\t\t\t\t\t\t\t<section class=\"elementor-section elementor-top-section elementor-element elementor-element-e432cb2 elementor-section-boxed elementor-section-height-default elementor-section-height-default\" data-id=\"e432cb2\" data-element_type=\"section\" data-settings=\"{&quot;jet_parallax_layout_list&quot;:[{&quot;jet_parallax_layout_image&quot;:{&quot;url&quot;:&quot;&quot;,&quot;id&quot;:&quot;&quot;},&quot;_id&quot;:&quot;4dfac68&quot;,&quot;jet_parallax_layout_image_tablet&quot;:{&quot;url&quot;:&quot;&quot;,&quot;id&quot;:&quot;&quot;},&quot;jet_parallax_layout_image_mobile&quot;:{&quot;url&quot;:&quot;&quot;,&quot;id&quot;:&quot;&quot;},&quot;jet_parallax_layout_speed&quot;:{&quot;unit&quot;:&quot;%&quot;,&quot;size&quot;:50,&quot;sizes&quot;:[]},&quot;jet_parallax_layout_type&quot;:&quot;scroll&quot;,&quot;jet_parallax_layout_direction&quot;:null,&quot;jet_parallax_layout_fx_direction&quot;:null,&quot;jet_parallax_layout_z_index&quot;:&quot;&quot;,&quot;jet_parallax_layout_bg_x&quot;:50,&quot;jet_parallax_layout_bg_x_tablet&quot;:&quot;&quot;,&quot;jet_parallax_layout_bg_x_mobile&quot;:&quot;&quot;,&quot;jet_parallax_layout_bg_y&quot;:50,&quot;jet_parallax_layout_bg_y_tablet&quot;:&quot;&quot;,&quot;jet_parallax_layout_bg_y_mobile&quot;:&quot;&quot;,&quot;jet_parallax_layout_bg_size&quot;:&quot;auto&quot;,&quot;jet_parallax_layout_bg_size_tablet&quot;:&quot;&quot;,&quot;jet_parallax_layout_bg_size_mobile&quot;:&quot;&quot;,&quot;jet_parallax_layout_animation_prop&quot;:&quot;transform&quot;,&quot;jet_parallax_layout_on&quot;:[&quot;desktop&quot;,&quot;tablet&quot;]}]}\">\n\t\t\t\t\t\t<div class=\"elementor-container elementor-column-gap-default\">\n\t\t\t\t\t<div class=\"elementor-column elementor-col-50 elementor-top-column elementor-element elementor-element-0f03d82\" data-id=\"0f03d82\" data-element_type=\"column\">\n\t\t\t<div class=\"elementor-widget-wrap elementor-element-populated\">\n\t\t\t\t\t\t\t\t<div class=\"elementor-element elementor-element-5e3fe72 elementor-widget elementor-widget-jet-custom-menu\" data-id=\"5e3fe72\" data-element_type=\"widget\" data-widget_type=\"jet-custom-menu.default\">\n\t\t\t\t<div class=\"elementor-widget-container\">\n\t\t\t<div class=\"menu-secretarias-container\"><div class=\"jet-custom-nav jet-custom-nav--dropdown-right-side jet-custom-nav--animation-fade\"><div class=\"menu-item menu-item-type-post_type menu-item-object-page jet-custom-nav__item jet-custom-nav__item-1449\"><a href=\"http:\/\/www.apucarana.pr.gov.br\/site\/orgaos-da-administracao\/agricultura\/\" class=\"jet-custom-nav__item-link\"><span class=\"jet-menu-link-text\"><span class=\"jet-custom-item-label top-level-label\">Agricultura<\/span><\/span><\/a><\/div>\n<div class=\"menu-item menu-item-type-post_type menu-item-object-page jet-custom-nav__item jet-custom-nav__item-1584\"><a href=\"http:\/\/www.apucarana.pr.gov.br\/site\/orgaos-da-administracao\/assistencia-social\/\" class=\"jet-custom-nav__item-link\"><span class=\"jet-menu-link-text\"><span class=\"jet-custom-item-label top-level-label\">Assist\u00eancia Social<\/span><\/span><\/a><\/div>\n<div class=\"menu-item menu-item-type-post_type menu-item-object-page jet-custom-nav__item jet-custom-nav__item-1576\"><a href=\"http:\/\/www.apucarana.pr.gov.br\/site\/orgaos-da-administracao\/autarquia-municipal-de-educacao\/\" class=\"jet-custom-nav__item-link\"><span class=\"jet-menu-link-text\"><span class=\"jet-custom-item-label top-level-label\">Autarquia Municipal de Educa\u00e7\u00e3o<\/span><\/span><\/a><\/div>\n<div class=\"menu-item menu-item-type-post_type menu-item-object-page jet-custom-nav__item jet-custom-nav__item-1575\"><a href=\"http:\/\/www.apucarana.pr.gov.br\/site\/orgaos-da-administracao\/autarquia-municipal-de-saude\/\" class=\"jet-custom-nav__item-link\"><span class=\"jet-menu-link-text\"><span class=\"jet-custom-item-label top-level-label\">Autarquia Municipal de Sa\u00fade<\/span><\/span><\/a><\/div>\n<div class=\"menu-item menu-item-type-post_type menu-item-object-page jet-custom-nav__item jet-custom-nav__item-1574\"><a href=\"http:\/\/www.apucarana.pr.gov.br\/site\/orgaos-da-administracao\/autarquia-de-servicos-funerarios\/\" class=\"jet-custom-nav__item-link\"><span class=\"jet-menu-link-text\"><span class=\"jet-custom-item-label top-level-label\">Autarquia de Servi\u00e7os Funer\u00e1rios<\/span><\/span><\/a><\/div>\n<div class=\"menu-item menu-item-type-post_type menu-item-object-page jet-custom-nav__item jet-custom-nav__item-50437\"><a href=\"http:\/\/www.apucarana.pr.gov.br\/site\/orgaos-da-administracao\/controle-interno\/\" class=\"jet-custom-nav__item-link\"><span class=\"jet-menu-link-text\"><span class=\"jet-custom-item-label top-level-label\">Controle Interno<\/span><\/span><\/a><\/div>\n<div class=\"menu-item menu-item-type-post_type menu-item-object-page jet-custom-nav__item jet-custom-nav__item-1582\"><a href=\"http:\/\/www.apucarana.pr.gov.br\/site\/orgaos-da-administracao\/esportes\/\" class=\"jet-custom-nav__item-link\"><span class=\"jet-menu-link-text\"><span class=\"jet-custom-item-label top-level-label\">Esportes<\/span><\/span><\/a><\/div>\n<div class=\"menu-item menu-item-type-post_type menu-item-object-page jet-custom-nav__item jet-custom-nav__item-1337\"><a href=\"http:\/\/www.apucarana.pr.gov.br\/site\/orgaos-da-administracao\/fazenda\/\" class=\"jet-custom-nav__item-link\"><span class=\"jet-menu-link-text\"><span class=\"jet-custom-item-label top-level-label\">Fazenda<\/span><\/span><\/a><\/div>\n<div class=\"menu-item menu-item-type-post_type menu-item-object-page jet-custom-nav__item jet-custom-nav__item-50510\"><a href=\"http:\/\/www.apucarana.pr.gov.br\/site\/orgaos-da-administracao\/gabinete\/\" class=\"jet-custom-nav__item-link\"><span class=\"jet-menu-link-text\"><span class=\"jet-custom-item-label top-level-label\">Gabinete<\/span><\/span><\/a><\/div>\n<div class=\"menu-item menu-item-type-post_type menu-item-object-page jet-custom-nav__item jet-custom-nav__item-1581\"><a href=\"http:\/\/www.apucarana.pr.gov.br\/site\/orgaos-da-administracao\/gestao-publica\/\" class=\"jet-custom-nav__item-link\"><span class=\"jet-menu-link-text\"><span class=\"jet-custom-item-label top-level-label\">Gest\u00e3o P\u00fablica<\/span><\/span><\/a><\/div>\n<div class=\"menu-item menu-item-type-post_type menu-item-object-page jet-custom-nav__item jet-custom-nav__item-1580\"><a href=\"http:\/\/www.apucarana.pr.gov.br\/site\/orgaos-da-administracao\/industria-comercio-e-emprego\/\" class=\"jet-custom-nav__item-link\"><span class=\"jet-menu-link-text\"><span class=\"jet-custom-item-label top-level-label\">Ind\u00fastria, Com\u00e9rcio e Emprego<\/span><\/span><\/a><\/div>\n<div class=\"menu-item menu-item-type-post_type menu-item-object-page jet-custom-nav__item jet-custom-nav__item-1573\"><a href=\"http:\/\/www.apucarana.pr.gov.br\/site\/orgaos-da-administracao\/instituto-de-pesquisa-e-planejamento\/\" class=\"jet-custom-nav__item-link\"><span class=\"jet-menu-link-text\"><span class=\"jet-custom-item-label top-level-label\">Instituto de Pesquisa e Planejamento<\/span><\/span><\/a><\/div>\n<div class=\"menu-item menu-item-type-post_type menu-item-object-page jet-custom-nav__item jet-custom-nav__item-1579\"><a href=\"http:\/\/www.apucarana.pr.gov.br\/site\/orgaos-da-administracao\/meio-ambiente\/\" class=\"jet-custom-nav__item-link\"><span class=\"jet-menu-link-text\"><span class=\"jet-custom-item-label top-level-label\">Meio Ambiente<\/span><\/span><\/a><\/div>\n<div class=\"menu-item menu-item-type-post_type menu-item-object-page jet-custom-nav__item jet-custom-nav__item-1572\"><a href=\"http:\/\/www.apucarana.pr.gov.br\/site\/orgaos-da-administracao\/mulher-e-assuntos-da-familia\/\" class=\"jet-custom-nav__item-link\"><span class=\"jet-menu-link-text\"><span class=\"jet-custom-item-label top-level-label\">Mulher e Assuntos da Fam\u00edlia<\/span><\/span><\/a><\/div>\n<div class=\"menu-item menu-item-type-post_type menu-item-object-page jet-custom-nav__item jet-custom-nav__item-1578\"><a href=\"http:\/\/www.apucarana.pr.gov.br\/site\/orgaos-da-administracao\/obras\/\" class=\"jet-custom-nav__item-link\"><span class=\"jet-menu-link-text\"><span class=\"jet-custom-item-label top-level-label\">Obras<\/span><\/span><\/a><\/div>\n<div class=\"menu-item menu-item-type-post_type menu-item-object-page jet-custom-nav__item jet-custom-nav__item-1846\"><a href=\"http:\/\/www.apucarana.pr.gov.br\/site\/orgaos-da-administracao\/promocao-artistica-cultural-e-turistica\/\" class=\"jet-custom-nav__item-link\"><span class=\"jet-menu-link-text\"><span class=\"jet-custom-item-label top-level-label\">Promo\u00e7\u00e3o Art\u00edstica, Cultural e Tur\u00edstica<\/span><\/span><\/a><\/div>\n<div class=\"menu-item menu-item-type-post_type menu-item-object-page jet-custom-nav__item jet-custom-nav__item-113445\"><a href=\"http:\/\/www.apucarana.pr.gov.br\/site\/orgaos-da-administracao\/seguranca-transporte-transito-mobilidade-urbana-e-defesa-civil\/\" class=\"jet-custom-nav__item-link\"><span class=\"jet-menu-link-text\"><span class=\"jet-custom-item-label top-level-label\">Seguran\u00e7a, Transporte, Tr\u00e2nsito, Mobilidade Urbana e Defesa Civil<\/span><\/span><\/a><\/div>\n<div class=\"menu-item menu-item-type-post_type menu-item-object-page jet-custom-nav__item jet-custom-nav__item-1577\"><a href=\"http:\/\/www.apucarana.pr.gov.br\/site\/orgaos-da-administracao\/servicos-publicos\/\" class=\"jet-custom-nav__item-link\"><span class=\"jet-menu-link-text\"><span class=\"jet-custom-item-label top-level-label\">Servi\u00e7os P\u00fablicos<\/span><\/span><\/a><\/div>\n<\/div><\/div>\t\t<\/div>\n\t\t\t\t<\/div>\n\t\t\t\t\t<\/div>\n\t\t<\/div>\n\t\t\t\t<div class=\"elementor-column elementor-col-50 elementor-top-column elementor-element elementor-element-5ee0fdf\" data-id=\"5ee0fdf\" data-element_type=\"column\">\n\t\t\t<div class=\"elementor-widget-wrap elementor-element-populated\">\n\t\t\t\t\t\t\t\t<div class=\"elementor-element elementor-element-e84f3cb elementor-align-left elementor-widget elementor-widget-raven-heading\" data-id=\"e84f3cb\" data-element_type=\"widget\" data-widget_type=\"raven-heading.default\">\n\t\t\t\t<div class=\"elementor-widget-container\">\n\t\t\t\t\t<div class=\"raven-widget-wrapper\"><h2 class=\"raven-heading raven-heading-h2\"><span class=\"raven-heading-title\">Secretaria de Servi\u00e7os P\u00fablicos<\/span><\/h2><\/div>\n\t\t\t\t<\/div>\n\t\t\t\t<\/div>\n\t\t\t\t<div class=\"elementor-element elementor-element-f1eab4c elementor-widget elementor-widget-text-editor\" data-id=\"f1eab4c\" data-element_type=\"widget\" data-widget_type=\"text-editor.default\">\n\t\t\t\t<div class=\"elementor-widget-container\">\n\t\t\t\t\t\t\t<p>A Secretaria Municipal de Servi\u00e7os P\u00fablicos pertence \u00e0 administra\u00e7\u00e3o direta da Prefeitura de Apucarana. \u00c9 respons\u00e1vel pela conserva\u00e7\u00e3o urbana e tamb\u00e9m das estradas rurais, atuando diretamente na manuten\u00e7\u00e3o de logradouros p\u00fablicos, como pra\u00e7as, parques, ruas e cal\u00e7adas.\u00a0<\/p><p>Gerencia os servi\u00e7os de capina, ro\u00e7agem de terrenos baldios e recolhimento de entulhos. \u00c9 respons\u00e1vel ainda por opera\u00e7\u00f5es tapa-buracos nas ruas da \u00e1rea urbana e pela manuten\u00e7\u00e3o da malha rural, incluindo recupera\u00e7\u00e3o de estradas e pontes.<\/p>\t\t\t\t\t\t<\/div>\n\t\t\t\t<\/div>\n\t\t\t\t<div class=\"elementor-element elementor-element-3bc0a2f elementor-widget elementor-widget-text-editor\" data-id=\"3bc0a2f\" data-element_type=\"widget\" data-widget_type=\"text-editor.default\">\n\t\t\t\t<div class=\"elementor-widget-container\">\n\t\t\t\t\t\t\t<p><strong>Secret\u00e1rio<\/strong>: Wendel Sulivan Metta<\/p><p><strong>Endere\u00e7o<\/strong>: Rua Piratininga, 355 &#8211; Jardim Apucarana<\/p><p><strong>Telefone<\/strong>: (43) 3427-8431<\/p><p><strong>E-mail<\/strong>: servicospublicos@apucarana.pr.gov.br<\/p><p><strong>Hor\u00e1rio de Funcionamento<\/strong>: Segunda a sexta-feira, das 8h \u00e0s 17h<\/p>\t\t\t\t\t\t<\/div>\n\t\t\t\t<\/div>\n\t\t\t\t<div class=\"elementor-element elementor-element-3a3578c carta-de-servicos-accordion elementor-widget elementor-widget-jet-accordion\" data-id=\"3a3578c\" data-element_type=\"widget\" data-widget_type=\"jet-accordion.default\">\n\t\t\t\t<div class=\"elementor-widget-container\">\n\t\t\t\t\t<div class=\"jet-accordion\" data-settings=\"{&quot;collapsible&quot;:false,&quot;ajaxTemplate&quot;:false,&quot;switchScrolling&quot;:false,&quot;switchScrollingOffset&quot;:0}\" role=\"tablist\">\n\t\t\t<div class=\"jet-accordion__inner\">\n\t\t\t\t<div class=\"jet-accordion__item jet-toggle jet-toggle-fade-effect \">\n\t\t\t\t\t\t\t<div id=\"jet-toggle-control-6101\" class=\"jet-toggle__control elementor-menu-anchor\" data-toggle=\"1\" role=\"tab\" tabindex=\"0\" aria-controls=\"jet-toggle-content-6101\" aria-expanded=\"false\" data-template-id=\"false\">\n\t\t\t\t\t\t\t\t<div class=\"jet-toggle__label-icon jet-toggle-icon-position-left\"><span class=\"jet-toggle__icon icon-normal jet-tabs-icon\"><i class=\"fas fa-list-alt\"><\/i><\/span><span class=\"jet-toggle__icon icon-active jet-tabs-icon\"><i class=\"fas fa-list-alt\"><\/i><\/span><\/div><div class=\"jet-toggle__label-text\">Servi\u00e7os e Programas<\/div>\t\t\t\t\t\t\t<\/div>\n\t\t\t\t\t\t\t<div id=\"jet-toggle-content-6101\" class=\"jet-toggle__content\" data-toggle=\"1\" role=\"tabpanel\" data-template-id=\"false\">\n\t\t\t\t\t\t\t\t<div class=\"jet-toggle__content-inner\"><ul><li><a href=\"\/site\/carta-de-servicos\/caminhao-de-lixo-e-varricao-de-ruas\/\">Caminh\u00e3o de Lixo e Varri\u00e7\u00e3o de Ruas<\/a><\/li><li><a href=\"\/site\/carta-de-servicos\/coleta-de-moveis-e-inserviveis\/\">Coleta de M\u00f3veis e Inserv\u00edveis<\/a><\/li><li><a href=\"\/site\/carta-de-servicos\/limpeza-e-desentupimento-de-bueiros\/\">Limpeza e Desentupimento de Bueiros<\/a><\/li><li><a href=\"\/site\/carta-de-servicos\/manutencao-de-estradas-rurais\/\">Manuten\u00e7\u00e3o de Estradas Rurais<\/a><\/li><li><a href=\"\/site\/carta-de-servicos\/pintura-e-pequenos-reparos\/\">Pintura e Pequenos Reparos<\/a><\/li><li><a href=\"\/site\/carta-de-servicos\/rocagem\/\">Ro\u00e7agem<\/a><\/li><li><a href=\"\/site\/carta-de-servicos\/tapa-buraco\/\">Tapa Buraco<\/a><\/li><\/ul><\/div>\n\t\t\t\t\t\t\t<\/div>\n\t\t\t\t\t\t<\/div>\t\t\t\t\t\t\t\t<\/div>\n\t\t<\/div>\n\t\t\t\t<\/div>\n\t\t\t\t<\/div>\n\t\t\t\t\t<\/div>\n\t\t<\/div>\n\t\t\t\t\t\t\t<\/div>\n\t\t<\/section>\n\t\t\t\t\t\t\t<\/div>\n\t\t","protected":false},"excerpt":{"rendered":"<p>Agricultura Assist&ecirc;ncia Social Autarquia Municipal de Educa&ccedil;&atilde;o Autarquia Municipal de Sa&uacute;de Autarquia de Servi&ccedil;os Funer&aacute;rios Controle Interno Esportes Fazenda Gabinete Gest&atilde;o P&uacute;blica Ind&uacute;stria, Com&eacute;rcio e Emprego Instituto de Pesquisa e Planejamento Meio Ambiente Mulher e Assuntos da Fam&iacute;lia Obras Promo&ccedil;&atilde;o Art&iacute;stica, Cultural e Tur&iacute;stica Seguran&ccedil;a, Transporte, Tr&acirc;nsito, Mobilidade Urbana e Defesa Civil Servi&ccedil;os P&uacute;blicos Secretaria [&hellip;]<\/p>\n","protected":false},"author":2,"featured_media":0,"parent":646,"menu_order":0,"comment_status":"closed","ping_status":"closed","template":"","meta":{"footnotes":""},"class_list":["post-1524","page","type-page","status-publish","hentry"],"acf":[],"_links":{"self":[{"href":"http:\/\/www.apucarana.pr.gov.br\/site\/wp-json\/wp\/v2\/pages\/1524","targetHints":{"allow":["GET"]}}],"collection":[{"href":"http:\/\/www.apucarana.pr.gov.br\/site\/wp-json\/wp\/v2\/pages"}],"about":[{"href":"http:\/\/www.apucarana.pr.gov.br\/site\/wp-json\/wp\/v2\/types\/page"}],"author":[{"embeddable":true,"href":"http:\/\/www.apucarana.pr.gov.br\/site\/wp-json\/wp\/v2\/users\/2"}],"replies":[{"embeddable":true,"href":"http:\/\/www.apucarana.pr.gov.br\/site\/wp-json\/wp\/v2\/comments?post=1524"}],"version-history":[{"count":5,"href":"http:\/\/www.apucarana.pr.gov.br\/site\/wp-json\/wp\/v2\/pages\/1524\/revisions"}],"predecessor-version":[{"id":113950,"href":"http:\/\/www.apucarana.pr.gov.br\/site\/wp-json\/wp\/v2\/pages\/1524\/revisions\/113950"}],"up":[{"embeddable":true,"href":"http:\/\/www.apucarana.pr.gov.br\/site\/wp-json\/wp\/v2\/pages\/646"}],"wp:attachment":[{"href":"http:\/\/www.apucarana.pr.gov.br\/site\/wp-json\/wp\/v2\/media?parent=1524"}],"curies":[{"name":"wp","href":"https:\/\/api.w.org\/{rel}","templated":true}]}}