{"id":1515,"date":"2021-07-08T13:25:18","date_gmt":"2021-07-08T16:25:18","guid":{"rendered":"http:\/\/www.apucarana.pr.gov.br\/site\/?page_id=1515"},"modified":"2026-02-03T09:21:27","modified_gmt":"2026-02-03T12:21:27","slug":"obras","status":"publish","type":"page","link":"http:\/\/www.apucarana.pr.gov.br\/site\/orgaos-da-administracao\/obras\/","title":{"rendered":"Obras"},"content":{"rendered":"\t\t<div data-elementor-type=\"wp-page\" data-elementor-id=\"1515\" class=\"elementor elementor-1515\">\n\t\t\t\t\t\t\t\t\t<section class=\"elementor-section elementor-top-section elementor-element elementor-element-20dd93c elementor-section-boxed elementor-section-height-default elementor-section-height-default\" data-id=\"20dd93c\" data-element_type=\"section\" data-settings=\"{&quot;jet_parallax_layout_list&quot;:[{&quot;jet_parallax_layout_image&quot;:{&quot;url&quot;:&quot;&quot;,&quot;id&quot;:&quot;&quot;},&quot;_id&quot;:&quot;4dfac68&quot;,&quot;jet_parallax_layout_image_tablet&quot;:{&quot;url&quot;:&quot;&quot;,&quot;id&quot;:&quot;&quot;},&quot;jet_parallax_layout_image_mobile&quot;:{&quot;url&quot;:&quot;&quot;,&quot;id&quot;:&quot;&quot;},&quot;jet_parallax_layout_speed&quot;:{&quot;unit&quot;:&quot;%&quot;,&quot;size&quot;:50,&quot;sizes&quot;:[]},&quot;jet_parallax_layout_type&quot;:&quot;scroll&quot;,&quot;jet_parallax_layout_direction&quot;:null,&quot;jet_parallax_layout_fx_direction&quot;:null,&quot;jet_parallax_layout_z_index&quot;:&quot;&quot;,&quot;jet_parallax_layout_bg_x&quot;:50,&quot;jet_parallax_layout_bg_x_tablet&quot;:&quot;&quot;,&quot;jet_parallax_layout_bg_x_mobile&quot;:&quot;&quot;,&quot;jet_parallax_layout_bg_y&quot;:50,&quot;jet_parallax_layout_bg_y_tablet&quot;:&quot;&quot;,&quot;jet_parallax_layout_bg_y_mobile&quot;:&quot;&quot;,&quot;jet_parallax_layout_bg_size&quot;:&quot;auto&quot;,&quot;jet_parallax_layout_bg_size_tablet&quot;:&quot;&quot;,&quot;jet_parallax_layout_bg_size_mobile&quot;:&quot;&quot;,&quot;jet_parallax_layout_animation_prop&quot;:&quot;transform&quot;,&quot;jet_parallax_layout_on&quot;:[&quot;desktop&quot;,&quot;tablet&quot;]}]}\">\n\t\t\t\t\t\t<div class=\"elementor-container elementor-column-gap-default\">\n\t\t\t\t\t<div class=\"elementor-column elementor-col-50 elementor-top-column elementor-element elementor-element-5fc8948\" data-id=\"5fc8948\" data-element_type=\"column\">\n\t\t\t<div class=\"elementor-widget-wrap elementor-element-populated\">\n\t\t\t\t\t\t\t\t<div class=\"elementor-element elementor-element-c1a4fbc elementor-widget elementor-widget-jet-custom-menu\" data-id=\"c1a4fbc\" data-element_type=\"widget\" data-widget_type=\"jet-custom-menu.default\">\n\t\t\t\t<div class=\"elementor-widget-container\">\n\t\t\t<div class=\"menu-secretarias-container\"><div class=\"jet-custom-nav jet-custom-nav--dropdown-right-side jet-custom-nav--animation-fade\"><div class=\"menu-item menu-item-type-post_type menu-item-object-page jet-custom-nav__item jet-custom-nav__item-1449\"><a href=\"http:\/\/www.apucarana.pr.gov.br\/site\/orgaos-da-administracao\/agricultura\/\" class=\"jet-custom-nav__item-link\"><span class=\"jet-menu-link-text\"><span class=\"jet-custom-item-label top-level-label\">Agricultura<\/span><\/span><\/a><\/div>\n<div class=\"menu-item menu-item-type-post_type menu-item-object-page jet-custom-nav__item jet-custom-nav__item-1584\"><a href=\"http:\/\/www.apucarana.pr.gov.br\/site\/orgaos-da-administracao\/assistencia-social\/\" class=\"jet-custom-nav__item-link\"><span class=\"jet-menu-link-text\"><span class=\"jet-custom-item-label top-level-label\">Assist\u00eancia Social<\/span><\/span><\/a><\/div>\n<div class=\"menu-item menu-item-type-post_type menu-item-object-page jet-custom-nav__item jet-custom-nav__item-1576\"><a href=\"http:\/\/www.apucarana.pr.gov.br\/site\/orgaos-da-administracao\/autarquia-municipal-de-educacao\/\" class=\"jet-custom-nav__item-link\"><span class=\"jet-menu-link-text\"><span class=\"jet-custom-item-label top-level-label\">Autarquia Municipal de Educa\u00e7\u00e3o<\/span><\/span><\/a><\/div>\n<div class=\"menu-item menu-item-type-post_type menu-item-object-page jet-custom-nav__item jet-custom-nav__item-1575\"><a href=\"http:\/\/www.apucarana.pr.gov.br\/site\/orgaos-da-administracao\/autarquia-municipal-de-saude\/\" class=\"jet-custom-nav__item-link\"><span class=\"jet-menu-link-text\"><span class=\"jet-custom-item-label top-level-label\">Autarquia Municipal de Sa\u00fade<\/span><\/span><\/a><\/div>\n<div class=\"menu-item menu-item-type-post_type menu-item-object-page jet-custom-nav__item jet-custom-nav__item-1574\"><a href=\"http:\/\/www.apucarana.pr.gov.br\/site\/orgaos-da-administracao\/autarquia-de-servicos-funerarios\/\" class=\"jet-custom-nav__item-link\"><span class=\"jet-menu-link-text\"><span class=\"jet-custom-item-label top-level-label\">Autarquia de Servi\u00e7os Funer\u00e1rios<\/span><\/span><\/a><\/div>\n<div class=\"menu-item menu-item-type-post_type menu-item-object-page jet-custom-nav__item jet-custom-nav__item-50437\"><a href=\"http:\/\/www.apucarana.pr.gov.br\/site\/orgaos-da-administracao\/controle-interno\/\" class=\"jet-custom-nav__item-link\"><span class=\"jet-menu-link-text\"><span class=\"jet-custom-item-label top-level-label\">Controle Interno<\/span><\/span><\/a><\/div>\n<div class=\"menu-item menu-item-type-post_type menu-item-object-page jet-custom-nav__item jet-custom-nav__item-1582\"><a href=\"http:\/\/www.apucarana.pr.gov.br\/site\/orgaos-da-administracao\/esportes\/\" class=\"jet-custom-nav__item-link\"><span class=\"jet-menu-link-text\"><span class=\"jet-custom-item-label top-level-label\">Esportes<\/span><\/span><\/a><\/div>\n<div class=\"menu-item menu-item-type-post_type menu-item-object-page jet-custom-nav__item jet-custom-nav__item-1337\"><a href=\"http:\/\/www.apucarana.pr.gov.br\/site\/orgaos-da-administracao\/fazenda\/\" class=\"jet-custom-nav__item-link\"><span class=\"jet-menu-link-text\"><span class=\"jet-custom-item-label top-level-label\">Fazenda<\/span><\/span><\/a><\/div>\n<div class=\"menu-item menu-item-type-post_type menu-item-object-page jet-custom-nav__item jet-custom-nav__item-50510\"><a href=\"http:\/\/www.apucarana.pr.gov.br\/site\/orgaos-da-administracao\/gabinete\/\" class=\"jet-custom-nav__item-link\"><span class=\"jet-menu-link-text\"><span class=\"jet-custom-item-label top-level-label\">Gabinete<\/span><\/span><\/a><\/div>\n<div class=\"menu-item menu-item-type-post_type menu-item-object-page jet-custom-nav__item jet-custom-nav__item-1581\"><a href=\"http:\/\/www.apucarana.pr.gov.br\/site\/orgaos-da-administracao\/gestao-publica\/\" class=\"jet-custom-nav__item-link\"><span class=\"jet-menu-link-text\"><span class=\"jet-custom-item-label top-level-label\">Gest\u00e3o P\u00fablica<\/span><\/span><\/a><\/div>\n<div class=\"menu-item menu-item-type-post_type menu-item-object-page jet-custom-nav__item jet-custom-nav__item-1580\"><a href=\"http:\/\/www.apucarana.pr.gov.br\/site\/orgaos-da-administracao\/industria-comercio-e-emprego\/\" class=\"jet-custom-nav__item-link\"><span class=\"jet-menu-link-text\"><span class=\"jet-custom-item-label top-level-label\">Ind\u00fastria, Com\u00e9rcio e Emprego<\/span><\/span><\/a><\/div>\n<div class=\"menu-item menu-item-type-post_type menu-item-object-page jet-custom-nav__item jet-custom-nav__item-1573\"><a href=\"http:\/\/www.apucarana.pr.gov.br\/site\/orgaos-da-administracao\/instituto-de-pesquisa-e-planejamento\/\" class=\"jet-custom-nav__item-link\"><span class=\"jet-menu-link-text\"><span class=\"jet-custom-item-label top-level-label\">Instituto de Pesquisa e Planejamento<\/span><\/span><\/a><\/div>\n<div class=\"menu-item menu-item-type-post_type menu-item-object-page jet-custom-nav__item jet-custom-nav__item-1579\"><a href=\"http:\/\/www.apucarana.pr.gov.br\/site\/orgaos-da-administracao\/meio-ambiente\/\" class=\"jet-custom-nav__item-link\"><span class=\"jet-menu-link-text\"><span class=\"jet-custom-item-label top-level-label\">Meio Ambiente<\/span><\/span><\/a><\/div>\n<div class=\"menu-item menu-item-type-post_type menu-item-object-page jet-custom-nav__item jet-custom-nav__item-1572\"><a href=\"http:\/\/www.apucarana.pr.gov.br\/site\/orgaos-da-administracao\/mulher-e-assuntos-da-familia\/\" class=\"jet-custom-nav__item-link\"><span class=\"jet-menu-link-text\"><span class=\"jet-custom-item-label top-level-label\">Mulher e Assuntos da Fam\u00edlia<\/span><\/span><\/a><\/div>\n<div class=\"menu-item menu-item-type-post_type menu-item-object-page jet-custom-nav__item jet-custom-nav__item-1578\"><a href=\"http:\/\/www.apucarana.pr.gov.br\/site\/orgaos-da-administracao\/obras\/\" class=\"jet-custom-nav__item-link\"><span class=\"jet-menu-link-text\"><span class=\"jet-custom-item-label top-level-label\">Obras<\/span><\/span><\/a><\/div>\n<div class=\"menu-item menu-item-type-post_type menu-item-object-page jet-custom-nav__item jet-custom-nav__item-1846\"><a href=\"http:\/\/www.apucarana.pr.gov.br\/site\/orgaos-da-administracao\/promocao-artistica-cultural-e-turistica\/\" class=\"jet-custom-nav__item-link\"><span class=\"jet-menu-link-text\"><span class=\"jet-custom-item-label top-level-label\">Promo\u00e7\u00e3o Art\u00edstica, Cultural e Tur\u00edstica<\/span><\/span><\/a><\/div>\n<div class=\"menu-item menu-item-type-post_type menu-item-object-page jet-custom-nav__item jet-custom-nav__item-113445\"><a href=\"http:\/\/www.apucarana.pr.gov.br\/site\/orgaos-da-administracao\/seguranca-transporte-transito-mobilidade-urbana-e-defesa-civil\/\" class=\"jet-custom-nav__item-link\"><span class=\"jet-menu-link-text\"><span class=\"jet-custom-item-label top-level-label\">Seguran\u00e7a, Transporte, Tr\u00e2nsito, Mobilidade Urbana e Defesa Civil<\/span><\/span><\/a><\/div>\n<div class=\"menu-item menu-item-type-post_type menu-item-object-page jet-custom-nav__item jet-custom-nav__item-1577\"><a href=\"http:\/\/www.apucarana.pr.gov.br\/site\/orgaos-da-administracao\/servicos-publicos\/\" class=\"jet-custom-nav__item-link\"><span class=\"jet-menu-link-text\"><span class=\"jet-custom-item-label top-level-label\">Servi\u00e7os P\u00fablicos<\/span><\/span><\/a><\/div>\n<\/div><\/div>\t\t<\/div>\n\t\t\t\t<\/div>\n\t\t\t\t\t<\/div>\n\t\t<\/div>\n\t\t\t\t<div class=\"elementor-column elementor-col-50 elementor-top-column elementor-element elementor-element-83c866c\" data-id=\"83c866c\" data-element_type=\"column\">\n\t\t\t<div class=\"elementor-widget-wrap elementor-element-populated\">\n\t\t\t\t\t\t\t\t<div class=\"elementor-element elementor-element-85ce295 elementor-align-left elementor-widget elementor-widget-raven-heading\" data-id=\"85ce295\" data-element_type=\"widget\" data-widget_type=\"raven-heading.default\">\n\t\t\t\t<div class=\"elementor-widget-container\">\n\t\t\t\t\t<div class=\"raven-widget-wrapper\"><h2 class=\"raven-heading raven-heading-h2\"><span class=\"raven-heading-title\">Secretaria de Obras<\/span><\/h2><\/div>\n\t\t\t\t<\/div>\n\t\t\t\t<\/div>\n\t\t\t\t<div class=\"elementor-element elementor-element-3487829 elementor-widget elementor-widget-text-editor\" data-id=\"3487829\" data-element_type=\"widget\" data-widget_type=\"text-editor.default\">\n\t\t\t\t<div class=\"elementor-widget-container\">\n\t\t\t\t\t\t\t<p>A Secretaria de Obras pertence \u00e0 administra\u00e7\u00e3o direta de Apucarana e tem como atribui\u00e7\u00e3o formular e executar as obras p\u00fablicas municipais, respeitando as diretrizes do Plano Diretor Urbano e a legisla\u00e7\u00e3o vigente do munic\u00edpio.&nbsp;<\/p>\n<p>Fiscaliza o cumprimento do C\u00f3digo Municipal de Obras, al\u00e9m de fazer cumprir as normas referentes ao ordenamento territorial e urbano. Para tanto, pode aplicar multas estabelecidas na legisla\u00e7\u00e3o.&nbsp;<\/p>\n<p>Tem ainda como atribui\u00e7\u00e3o controlar e fiscalizar o parcelamento, uso e ocupa\u00e7\u00e3o do solo urbano.&nbsp;<span style=\"color: var( --e-global-color-text ); font-family: var( --e-global-typography-text-font-family ), Sans-serif; font-weight: var( --e-global-typography-text-font-weight ); font-size: 1rem;\">Al\u00e9m disso, expede licen\u00e7as e alvar\u00e1s para a execu\u00e7\u00e3o de obras p\u00fablicas ou particulares no Munic\u00edpio, entre outras obriga\u00e7\u00f5es.&nbsp;<\/span><\/p>\t\t\t\t\t\t<\/div>\n\t\t\t\t<\/div>\n\t\t\t\t<div class=\"elementor-element elementor-element-e692ceb elementor-widget elementor-widget-text-editor\" data-id=\"e692ceb\" data-element_type=\"widget\" data-widget_type=\"text-editor.default\">\n\t\t\t\t<div class=\"elementor-widget-container\">\n\t\t\t\t\t\t\t<p><strong>Secret\u00e1rio<\/strong>: Mateus Franciscon Fernandes<\/p><p><strong>Endere\u00e7o<\/strong>: <span class=\"span-padrao\">Centro C\u00edvico Jos\u00e9 de Oliveira Rosa, 25 \u2013 Centro \u2013 1\u00ba andar<\/span><\/p><p><strong>Telefone<\/strong>: <span class=\"span-padrao\">(43) 3422-4000<\/span><\/p><p><strong>E-mail<\/strong>: seob@apucarana.pr.gov.br<\/p><p><strong>Hor\u00e1rio de Funcionamento<\/strong>: Segunda a sexta-feira, das 8h \u00e0s 18h<\/p>\t\t\t\t\t\t<\/div>\n\t\t\t\t<\/div>\n\t\t\t\t<div class=\"elementor-element elementor-element-3ea0507 carta-de-servicos-accordion elementor-widget elementor-widget-jet-accordion\" data-id=\"3ea0507\" data-element_type=\"widget\" data-widget_type=\"jet-accordion.default\">\n\t\t\t\t<div class=\"elementor-widget-container\">\n\t\t\t\t\t<div class=\"jet-accordion\" data-settings=\"{&quot;collapsible&quot;:false,&quot;ajaxTemplate&quot;:false,&quot;switchScrolling&quot;:false,&quot;switchScrollingOffset&quot;:0}\" role=\"tablist\">\n\t\t\t<div class=\"jet-accordion__inner\">\n\t\t\t\t<div class=\"jet-accordion__item jet-toggle jet-toggle-fade-effect \">\n\t\t\t\t\t\t\t<div id=\"jet-toggle-control-6561\" class=\"jet-toggle__control elementor-menu-anchor\" data-toggle=\"1\" role=\"tab\" tabindex=\"0\" aria-controls=\"jet-toggle-content-6561\" aria-expanded=\"false\" data-template-id=\"false\">\n\t\t\t\t\t\t\t\t<div class=\"jet-toggle__label-icon jet-toggle-icon-position-left\"><span class=\"jet-toggle__icon icon-normal jet-tabs-icon\"><i class=\"fas fa-list-alt\"><\/i><\/span><span class=\"jet-toggle__icon icon-active jet-tabs-icon\"><i class=\"fas fa-list-alt\"><\/i><\/span><\/div><div class=\"jet-toggle__label-text\">Servi\u00e7os e Programas<\/div>\t\t\t\t\t\t\t<\/div>\n\t\t\t\t\t\t\t<div id=\"jet-toggle-content-6561\" class=\"jet-toggle__content\" data-toggle=\"1\" role=\"tabpanel\" data-template-id=\"false\">\n\t\t\t\t\t\t\t\t<div class=\"jet-toggle__content-inner\"><ul><li><a href=\"\/site\/carta-de-servicos\/alvara-de-licenca-loteamento\/\">Alvar\u00e1 de Licen\u00e7a (Loteamento)<\/a><\/li><li><a href=\"\/site\/carta-de-servicos\/ato-de-aprovacao-construcao\/\">Ato de Aprova\u00e7\u00e3o (Constru\u00e7\u00e3o)<\/a><\/li><li><a href=\"\/site\/carta-de-servicos\/ato-de-aprovacao-desmembramento-remembramento-e-desdobro\/\">Ato de Aprova\u00e7\u00e3o (Desmembramento, Remembramento e Desdobro)<\/a><\/li><li><a href=\"\/site\/carta-de-servicos\/ato-de-aprovacao-previa-loteamento\/\">Ato de Aprova\u00e7\u00e3o Pr\u00e9via &#8211; Loteamento<\/a><\/li><li><a href=\"\/site\/carta-de-servicos\/cancelamento-de-projeto\/\">Cancelamento de Projeto<\/a><\/li><li><a href=\"\/site\/carta-de-servicos\/certidao-comprobatoria-de-construcao\/\">Certid\u00e3o Comprobat\u00f3ria de Constru\u00e7\u00e3o<\/a><\/li><li><a href=\"\/site\/carta-de-servicos\/certidao-comprobatoria-de-demolicao\/\">Certid\u00e3o Comprobat\u00f3ria de Demoli\u00e7\u00e3o<\/a><\/li><li><a href=\"\/site\/carta-de-servicos\/certidao-de-divisas-e-confrontacoes\/\">Certid\u00e3o de Divisas e Confronta\u00e7\u00f5es<\/a><\/li><li><a href=\"\/site\/carta-de-servicos\/certidao-de-endereco\/\">Certid\u00e3o de Endere\u00e7o<\/a><\/li><li><a href=\"\/site\/carta-de-servicos\/certidao-de-informacao-denominacao-de-logradouro-publico\/\">Certid\u00e3o de Informa\u00e7\u00e3o (Denomina\u00e7\u00e3o de Logradouro P\u00fablico)<\/a><\/li><li><a href=\"\/site\/carta-de-servicos\/certidao-de-informacao-desconformidades\/\">Certid\u00e3o de Informa\u00e7\u00e3o (Desconformidades)<\/a><\/li><li><a href=\"\/site\/carta-de-servicos\/certidao-de-informacao-projeto-cancelado\/\">Certid\u00e3o de Informa\u00e7\u00e3o (Projeto Cancelado)<\/a><\/li><li><a href=\"\/site\/carta-de-servicos\/certidao-de-informacao-de-perimetro-urbano\/\">Certid\u00e3o de Informa\u00e7\u00e3o de Per\u00edmetro Urbano<\/a><\/li><li><a href=\"\/site\/carta-de-servicos\/certidao-de-informacoes-narrativa\/\">Certid\u00e3o de Informa\u00e7\u00f5es (Narrativa)<\/a><\/li><li><a href=\"\/site\/carta-de-servicos\/certidao-de-nao-habite-se\/\">Certid\u00e3o de N\u00e3o Habite-se<\/a><\/li><li><a href=\"\/site\/carta-de-servicos\/certidao-de-uso-e-ocupacao-do-solo-obras\/\">Certid\u00e3o de Uso e Ocupa\u00e7\u00e3o do Solo &#8211; Obras<\/a><\/li><li><a href=\"\/site\/carta-de-servicos\/comunicado-de-servico-para-concessionarias\/\">Comunicado de Servi\u00e7o para Concession\u00e1rias<\/a><\/li><li><a href=\"\/site\/carta-de-servicos\/habite-se\/\">Habite-se<\/a><\/li><li><a href=\"\/site\/carta-de-servicos\/informacao-de-demolicao\/\">Informa\u00e7\u00e3o de Demoli\u00e7\u00e3o<\/a><\/li><li><a href=\"\/site\/carta-de-servicos\/pre-analise-de-projeto-arquitetonico-obras\/\">Pr\u00e9-an\u00e1lise de Projeto Arquitet\u00f4nico<\/a><\/li><li><a href=\"\/site\/carta-de-servicos\/pre-analise-de-projeto-de-loteamento\/\">Pr\u00e9-an\u00e1lise de Projeto de Loteamento<\/a><\/li><li><a href=\"\/site\/carta-de-servicos\/pre-analise-de-projeto-topografico-obras\/\">Pr\u00e9-an\u00e1lise de Projeto Topogr\u00e1fico<\/a><\/li><\/ul><\/div>\n\t\t\t\t\t\t\t<\/div>\n\t\t\t\t\t\t<\/div>\t\t\t\t\t\t\t\t<\/div>\n\t\t<\/div>\n\t\t\t\t<\/div>\n\t\t\t\t<\/div>\n\t\t\t\t\t<\/div>\n\t\t<\/div>\n\t\t\t\t\t\t\t<\/div>\n\t\t<\/section>\n\t\t\t\t\t\t\t<\/div>\n\t\t","protected":false},"excerpt":{"rendered":"<p>Agricultura Assist&ecirc;ncia Social Autarquia Municipal de Educa&ccedil;&atilde;o Autarquia Municipal de Sa&uacute;de Autarquia de Servi&ccedil;os Funer&aacute;rios Controle Interno Esportes Fazenda Gabinete Gest&atilde;o P&uacute;blica Ind&uacute;stria, Com&eacute;rcio e Emprego Instituto de Pesquisa e Planejamento Meio Ambiente Mulher e Assuntos da Fam&iacute;lia Obras Promo&ccedil;&atilde;o Art&iacute;stica, Cultural e Tur&iacute;stica Seguran&ccedil;a, Transporte, Tr&acirc;nsito, Mobilidade Urbana e Defesa Civil Servi&ccedil;os P&uacute;blicos Secretaria [&hellip;]<\/p>\n","protected":false},"author":2,"featured_media":0,"parent":646,"menu_order":0,"comment_status":"closed","ping_status":"closed","template":"","meta":{"footnotes":""},"class_list":["post-1515","page","type-page","status-publish","hentry"],"acf":[],"_links":{"self":[{"href":"http:\/\/www.apucarana.pr.gov.br\/site\/wp-json\/wp\/v2\/pages\/1515","targetHints":{"allow":["GET"]}}],"collection":[{"href":"http:\/\/www.apucarana.pr.gov.br\/site\/wp-json\/wp\/v2\/pages"}],"about":[{"href":"http:\/\/www.apucarana.pr.gov.br\/site\/wp-json\/wp\/v2\/types\/page"}],"author":[{"embeddable":true,"href":"http:\/\/www.apucarana.pr.gov.br\/site\/wp-json\/wp\/v2\/users\/2"}],"replies":[{"embeddable":true,"href":"http:\/\/www.apucarana.pr.gov.br\/site\/wp-json\/wp\/v2\/comments?post=1515"}],"version-history":[{"count":5,"href":"http:\/\/www.apucarana.pr.gov.br\/site\/wp-json\/wp\/v2\/pages\/1515\/revisions"}],"predecessor-version":[{"id":123286,"href":"http:\/\/www.apucarana.pr.gov.br\/site\/wp-json\/wp\/v2\/pages\/1515\/revisions\/123286"}],"up":[{"embeddable":true,"href":"http:\/\/www.apucarana.pr.gov.br\/site\/wp-json\/wp\/v2\/pages\/646"}],"wp:attachment":[{"href":"http:\/\/www.apucarana.pr.gov.br\/site\/wp-json\/wp\/v2\/media?parent=1515"}],"curies":[{"name":"wp","href":"https:\/\/api.w.org\/{rel}","templated":true}]}}