{"id":56274,"date":"2022-01-05T10:58:50","date_gmt":"2022-01-05T13:58:50","guid":{"rendered":"http:\/\/www.apucarana.pr.gov.br\/site\/?post_type=carta-de-servicos&#038;p=56274"},"modified":"2023-10-04T14:08:59","modified_gmt":"2023-10-04T17:08:59","slug":"escola-municipal-de-artes-ensino-de-musica","status":"publish","type":"carta-de-servicos","link":"http:\/\/www.apucarana.pr.gov.br\/site\/carta-de-servicos\/escola-municipal-de-artes-ensino-de-musica\/","title":{"rendered":"Escola Municipal de Artes &#8211; Ensino de M\u00fasica"},"content":{"rendered":"<p>As aulas s\u00e3o realizadas na Escola Municipal de M\u00fasica da Casa da Cultura, na Avenida Curitiba, 1215, Centro, na Pra\u00e7a CEU, na Avenida Central do Paran\u00e1, 1420, Jardim Am\u00e9rica, e no Centro da Juventude, na Rua Piratininga, 464, Jardim Diamantina. As aulas s\u00e3o ofertadas de segunda a sexta-feira no per\u00edodo das 8h \u00e0s 22h e, aos s\u00e1bados, das 8h \u00e0s 12h. Os instrumentos musicais s\u00e3o oferecidos aos alunos pela Secretaria de Cultura. Em breve ser\u00e1 divulgada a atualiza\u00e7\u00e3o sobre a distribui\u00e7\u00e3o das aulas em 2023<\/p>\n<div class=\"table-responsive\" style=\"display: none;\">\n<table class=\"table mb-0\">\n<thead>\n<tr>\n<th scope=\"col\">Aula<\/th>\n<th scope=\"col\">Segunda<\/th>\n<th scope=\"col\">Ter\u00e7a<\/th>\n<th scope=\"col\">Quarta<\/th>\n<th scope=\"col\">Quinta<\/th>\n<th scope=\"col\">Sexta<\/th>\n<th scope=\"col\">S\u00e1bado<\/th>\n<\/tr>\n<\/thead>\n<tbody>\n<tr>\n<th scope=\"row\">Piano<\/th>\n<td>13h \u00e0s 21h30<\/td>\n<td>8h \u00e0s 11h30<\/td>\n<td>18h \u00e0s 21h30<\/td>\n<td>8h \u00e0s 11h30 e 17h30 \u00e0s 21h30<\/td>\n<td>&#8212;<\/td>\n<td>8h \u00e0s 11h30<\/td>\n<\/tr>\n<tr>\n<th scope=\"row\">Bateria<\/th>\n<td>9h \u00e0s 16h<\/td>\n<td>&#8212;<\/td>\n<td>16h \u00e0s 20h30<\/td>\n<td>16h \u00e0s 20h30<\/td>\n<td>9h \u00e0s 10h30 e 13h \u00e0s 16h30<\/td>\n<td>&#8212;<\/td>\n<\/tr>\n<tr>\n<th scope=\"row\">Viol\u00e3o<\/th>\n<td>8h \u00e0s 11h, 13h \u00e0s 16h e 18h \u00e0s 20h<\/td>\n<td>8h \u00e0s 11h e 14h \u00e0s 16h<\/td>\n<td>8h \u00e0s 9h e 14h \u00e0s 20h30<\/td>\n<td>14h \u00e0s 20h30<\/td>\n<td>8h \u00e0s 11h e 14h \u00e0s 16h<\/td>\n<td>8h \u00e0s 11h<\/td>\n<\/tr>\n<tr>\n<th scope=\"row\">Saxofone<\/th>\n<td>&#8212;<\/td>\n<td>&#8212;<\/td>\n<td>&#8212;<\/td>\n<td>8h \u00e0s 10h<\/td>\n<td>15h30 \u00e0s 17h30<\/td>\n<td>8h \u00e0s 11h<\/td>\n<\/tr>\n<tr>\n<th scope=\"row\">T\u00e9cnica vocal<\/th>\n<td>&#8212;<\/td>\n<td>&#8212;<\/td>\n<td>&#8212;<\/td>\n<td>20h \u00e0s 21h<\/td>\n<td>16h \u00e0s 19h<\/td>\n<td>&#8212;<\/td>\n<\/tr>\n<tr>\n<th scope=\"row\">Viola caipira<\/th>\n<td>&#8212;<\/td>\n<td>&#8212;<\/td>\n<td>18h30 \u00e0s 20h30<\/td>\n<td>18h30 \u00e0s 20h30<\/td>\n<td>&#8212;<\/td>\n<td>&#8212;<\/td>\n<\/tr>\n<tr>\n<th scope=\"row\">Violino<\/th>\n<td>&#8212;<\/td>\n<td>13h \u00e0s 19h30<\/td>\n<td>8h \u00e0s 11h e 13h \u00e0s 19h30<\/td>\n<td>&#8212;<\/td>\n<td>8h \u00e0s 11h<\/td>\n<td>&#8212;<\/td>\n<\/tr>\n<tr>\n<th scope=\"row\">Violoncelo<\/th>\n<td>13h \u00e0s 14h<\/td>\n<td>&#8212;<\/td>\n<td>&#8212;<\/td>\n<td>18h \u00e0s 21h<\/td>\n<td>10h<\/td>\n<td>&#8212;<\/td>\n<\/tr>\n<\/tbody>\n<\/table>\n<\/div>\n","protected":false},"template":"","meta":[],"class_list":["post-56274","carta-de-servicos","type-carta-de-servicos","status-publish","hentry"],"acf":[],"_links":{"self":[{"href":"http:\/\/www.apucarana.pr.gov.br\/site\/wp-json\/wp\/v2\/carta-de-servicos\/56274","targetHints":{"allow":["GET"]}}],"collection":[{"href":"http:\/\/www.apucarana.pr.gov.br\/site\/wp-json\/wp\/v2\/carta-de-servicos"}],"about":[{"href":"http:\/\/www.apucarana.pr.gov.br\/site\/wp-json\/wp\/v2\/types\/carta-de-servicos"}],"wp:attachment":[{"href":"http:\/\/www.apucarana.pr.gov.br\/site\/wp-json\/wp\/v2\/media?parent=56274"}],"curies":[{"name":"wp","href":"https:\/\/api.w.org\/{rel}","templated":true}]}}