{"id":56147,"date":"2022-01-04T12:09:35","date_gmt":"2022-01-04T15:09:35","guid":{"rendered":"http:\/\/www.apucarana.pr.gov.br\/site\/?post_type=carta-de-servicos&#038;p=56147"},"modified":"2022-01-17T09:36:10","modified_gmt":"2022-01-17T12:36:10","slug":"rede-de-gastronomia-da-economia-solidaria","status":"publish","type":"carta-de-servicos","link":"http:\/\/www.apucarana.pr.gov.br\/site\/carta-de-servicos\/rede-de-gastronomia-da-economia-solidaria\/","title":{"rendered":"Rede de Gastronomia da Economia Solid\u00e1ria"},"content":{"rendered":"<p>A Economia Solid\u00e1ria \u00e9 uma forma aut\u00f4noma de gerir os recursos humanos e naturais de maneira que as desigualdades sociais sejam reduzidas a m\u00e9dio e longo prazo. Em Apucarana, a Rede de Gastronomia da Economia Solid\u00e1ria conta com aproximadamente 35 fam\u00edlias de agricultores rurais e servi\u00e7os aliment\u00edcios urbanos. As Feiras de Gastronomia da Economia Solid\u00e1ria s\u00e3o ofertadas em v\u00e1rios locais da cidade:<\/p>\n<div class=\"table-responsive\">\n<table class=\"table\">\n<thead>\n<tr>\n<th scope=\"col\">Local<\/th>\n<th scope=\"col\">Ter\u00e7a<\/th>\n<th scope=\"col\">Quarta<\/th>\n<th scope=\"col\">Quinta<\/th>\n<th scope=\"col\">Sexta<\/th>\n<th scope=\"col\">S\u00e1bado, Domingo e Feriados<\/th>\n<\/tr>\n<\/thead>\n<tbody>\n<tr>\n<td><strong>Espa\u00e7o da Mulher<\/strong>, na Rua Osvaldo Cruz, 432, Centro<\/td>\n<td>10h \u00e0s 16h30<\/td>\n<td>8h30 \u00e0s 16h30<\/td>\n<td>&#8212;<\/td>\n<td>&#8212;<\/td>\n<td>&#8212;<\/td>\n<\/tr>\n<tr>\n<td><strong>N\u00facleo Jo\u00e3o Paulo<\/strong>, na Rua Rio Igua\u00e7u, no estacionamento do centro comunit\u00e1rio<\/td>\n<td>&#8212;<\/td>\n<td>14h \u00e0s 18h<\/td>\n<td>&#8212;<\/td>\n<td>&#8212;<\/td>\n<td>&#8212;<\/td>\n<\/tr>\n<tr>\n<td><strong>N\u00facleo Adriano Correia<\/strong>, na Rua Serra das Furnas, ao lado da igreja cat\u00f3lica<\/td>\n<td>&#8212;<\/td>\n<td>&#8212;<\/td>\n<td>14h \u00e0s 18h<\/td>\n<td>&#8212;<\/td>\n<td>&#8212;<\/td>\n<\/tr>\n<tr>\n<td><strong>Espa\u00e7o das Feiras<\/strong>, na Rua Talita Bresolin, 94, Centro<\/td>\n<td>&#8212;<\/td>\n<td>&#8212;<\/td>\n<td>&#8212;<\/td>\n<td>16h30 \u00e0s 22h<\/td>\n<td>&#8212;<\/td>\n<\/tr>\n<tr>\n<td><strong>Bosque Municipal<\/strong>, na Rua Jo\u00e3o Ant\u00f4nio Braga Cort\u00eas, 523, Jardim S\u00e3o Pedro<\/td>\n<td>&#8212;<\/td>\n<td>&#8212;<\/td>\n<td>&#8212;<\/td>\n<td>&#8212;<\/td>\n<td>10h \u00e0s 16h30<\/td>\n<\/tr>\n<\/tbody>\n<\/table>\n<\/div>\n<p>Al\u00e9m das feiras, a Economia Solid\u00e1ria conta com 13 espa\u00e7os p\u00fablicos de comercializa\u00e7\u00e3o em diversos segmentos, com destaque \u00e0s atividades de gastronomia, artesanato, beleza e est\u00e9tica, plantas medicinais e confec\u00e7\u00e3o:<\/p>\n<div class=\"table-responsive\">\n<table class=\"table mb-0\">\n<thead>\n<tr>\n<th scope=\"col\">Local<\/th>\n<th scope=\"col\">O que \u00e9<\/th>\n<th scope=\"col\">Onde<\/th>\n<th scope=\"col\">Telefone<\/th>\n<\/tr>\n<\/thead>\n<tbody>\n<tr>\n<th scope=\"row\">Espa\u00e7o da Mulher<\/th>\n<td>Espa\u00e7o p\u00fablico de refer\u00eancia da Economia Solid\u00e1ria em Apucarana, conta com showroom e vendas de artesanato diversificado: plantas suculentas, bolachinhas artesanais e mel certificado de produ\u00e7\u00e3o local<\/td>\n<td>Rua Dr. Osvaldo Cruz, 432 &#8211; Centro<\/td>\n<td>(43) 3122-0457<\/td>\n<\/tr>\n<tr>\n<th scope=\"row\">Espa\u00e7o Empreender<\/th>\n<td>Plantio e comercializa\u00e7\u00e3o de hortali\u00e7as da Horta Solid\u00e1ria<\/td>\n<td>Rua Byington, 253 &#8211; Vila Nova (esquina com a Rua P\u00e9ricles, anexo ao antigo IBC)<\/td>\n<td>(43) 99979-8920<\/td>\n<\/tr>\n<tr>\n<th scope=\"row\">Kino Artes<\/th>\n<td>Comercializa\u00e7\u00e3o de artesanato em feltro, croch\u00ea, tecido, guirlandas para quarto de beb\u00eas e bonecas artesanais<\/td>\n<td>Rua Gast\u00e3o Vidigal (Box 915 A, em anexo ao terminal urbano)<\/td>\n<td>(43) 99664-0069<\/td>\n<\/tr>\n<tr>\n<th scope=\"row\">Um Pouquinho de Mim \/ Ateli\u00ea Dona Lourdes \/ Patch Art<\/th>\n<td>Artesanato diversificado em croch\u00ea, tecido, bonecas artesanais e pe\u00e7as em tric\u00f4 e croch\u00ea para crian\u00e7as<\/td>\n<td>Rua Gast\u00e3o Vidigal (Box 915 B em anexo ao terminal urbano)<\/td>\n<td>(43) 98453-6250 \/ (43) 99932-3481 \/ (43) 98493-9197<\/td>\n<\/tr>\n<tr>\n<th scope=\"row\">Helena Enxovais &amp; Nina Pet<\/th>\n<td>Enxoval, cortinas, almofadas artesanais e roupas pet<\/td>\n<td>Rua Gast\u00e3o Vidigal, 839 (Terminal Urbano)<\/td>\n<td>(43) 99912-5159 \/ (43) 99654-6549<\/td>\n<\/tr>\n<tr>\n<th scope=\"row\">Consertos de Roupas em Geral<\/th>\n<td>Realiza troca de z\u00edperes, ajustes e barras, entre outros pequenos consertos<\/td>\n<td>Terminal Urbano (Box 30 &#8211; interno)<\/td>\n<td>(43) 99660-2481<\/td>\n<\/tr>\n<tr>\n<th scope=\"row\">Ad\u00e9lia Ateli\u00ea &amp; N\u00e1 Artes<\/th>\n<td>Bonecas artesanais, artesanato em croch\u00ea, E.V.A. e tapetes em croch\u00ea, al\u00e9m de enxoval para beb\u00eas personalizados com bordado eletr\u00f4nico, bordados em uniforme escolar, toalhas para igrejas e artigos para o lar<\/td>\n<td>Terminal Urbano (Box 29)<\/td>\n<td>(43) 99913-5889 \/ (43) 99953-8299<\/td>\n<\/tr>\n<tr>\n<th scope=\"row\">Casa das Rosas<\/th>\n<td>Artesanato em tecido, patch aplique, artesanato para decora\u00e7\u00e3o do lar, plantas suculentas, pe\u00e7as para enxoval de beb\u00eas, p\u00e3es caseiros e bolachinhas. Aceita encomenda de salgados<\/td>\n<td>Pra\u00e7a Eraclides de Morais &#8211; antiga Pra\u00e7a Tibagi (pr\u00f3ximo \u00e0 garagem da VAL)<\/td>\n<td>(43) 99654-4853<\/td>\n<\/tr>\n<tr>\n<th scope=\"row\">Recanto Solid\u00e1rio<\/th>\n<td>Pe\u00e7as em marcenaria artesanal para varandas e jardins<\/td>\n<td>Pra\u00e7a Interventor Manoel Ribas (quiosque em frente ao Supermercado Molicenter)<\/td>\n<td>(43) 99900-0952<\/td>\n<\/tr>\n<tr>\n<th scope=\"row\">Sapataria Artesanal e Consertos de Cal\u00e7ados<\/th>\n<td>Produ\u00e7\u00e3o e consertos de cal\u00e7ados em geral<\/td>\n<td>Pra\u00e7a Duque de Caxias (na nova rotat\u00f3ria ao lado do Col\u00e9gio S\u00e3o Jos\u00e9, na Rua Severino Cerutti)<\/td>\n<td>&#8212;<\/td>\n<\/tr>\n<tr>\n<th scope=\"row\">Casa do Mel<\/th>\n<td>Processamento e comercializa\u00e7\u00e3o de mel de abelhas Europa, Jata\u00ed e Bor\u00e1, com produ\u00e7\u00e3o local e certificados. P\u00e3es de mel sob encomenda, caixas para abelhas artesanais, iscas e atrativos para abelhas<\/td>\n<td>Avenida Avia\u00e7\u00e3o, 1525 &#8211; Jardim Trabalhista<\/td>\n<td>(43) 99967- 0446<\/td>\n<\/tr>\n<tr>\n<th scope=\"row\">Kioske R5<\/th>\n<td>Comercializa caf\u00e9 com leite, cafezinho e salgados em geral produzidos por empreendimentos da Rede de Mulheres Solid\u00e1rias, al\u00e9m de sucos, past\u00e9is e coxinhas e mel da Casa do Mel<\/td>\n<td>Pra\u00e7a Mau\u00e1 (frente \u00e0 Rede Ferrovi\u00e1ria)<\/td>\n<td>(43) 99863-0851<\/td>\n<\/tr>\n<tr>\n<th scope=\"row\">La Casa da Panqueca<\/th>\n<td>Panquecas diversificadas pelo servi\u00e7o de drive-thru e atendimento presencial<\/td>\n<td>Pra\u00e7a Interventor Manoel Ribas (em frente ao Centronorte Shopping Center)<\/td>\n<td>&#8212;<\/td>\n<\/tr>\n<\/tbody>\n<\/table>\n<\/div>\n","protected":false},"template":"","meta":[],"class_list":["post-56147","carta-de-servicos","type-carta-de-servicos","status-publish","hentry"],"acf":[],"_links":{"self":[{"href":"http:\/\/www.apucarana.pr.gov.br\/site\/wp-json\/wp\/v2\/carta-de-servicos\/56147","targetHints":{"allow":["GET"]}}],"collection":[{"href":"http:\/\/www.apucarana.pr.gov.br\/site\/wp-json\/wp\/v2\/carta-de-servicos"}],"about":[{"href":"http:\/\/www.apucarana.pr.gov.br\/site\/wp-json\/wp\/v2\/types\/carta-de-servicos"}],"wp:attachment":[{"href":"http:\/\/www.apucarana.pr.gov.br\/site\/wp-json\/wp\/v2\/media?parent=56147"}],"curies":[{"name":"wp","href":"https:\/\/api.w.org\/{rel}","templated":true}]}}