{"id":56023,"date":"2022-01-03T15:24:59","date_gmt":"2022-01-03T18:24:59","guid":{"rendered":"http:\/\/www.apucarana.pr.gov.br\/site\/?post_type=carta-de-servicos&#038;p=56023"},"modified":"2022-05-02T15:44:26","modified_gmt":"2022-05-02T18:44:26","slug":"servico-de-protecao-e-atendimento-especializado-a-familias-e-individuos","status":"publish","type":"carta-de-servicos","link":"http:\/\/www.apucarana.pr.gov.br\/site\/carta-de-servicos\/servico-de-protecao-e-atendimento-especializado-a-familias-e-individuos\/","title":{"rendered":"Servi\u00e7o de Prote\u00e7\u00e3o e Atendimento Especializado a Fam\u00edlias e Indiv\u00edduos"},"content":{"rendered":"<p>A Prote\u00e7\u00e3o e Atendimento Especializado a Fam\u00edlias e Indiv\u00edduos (PAEFI) \u00e9 um servi\u00e7o de apoio, orienta\u00e7\u00e3o e acompanhamento a fam\u00edlias com um ou mais de seus membros em situa\u00e7\u00e3o de amea\u00e7a ou viola\u00e7\u00e3o de direitos. \u00c9 um dos servi\u00e7os desenvolvidos nos Centro de Refer\u00eancia Especializado de Assist\u00eancia Social (CREAS) &#8211; considerado obrigat\u00f3rio. Est\u00e1 fundamentado no respeito \u00e0 heterogeneidade, potencialidades, valores, cren\u00e7as e identidades das fam\u00edlias. Articula-se com as atividades e aten\u00e7\u00f5es prestadas \u00e0s fam\u00edlias nos demais servi\u00e7os s\u00f3cio assistenciais, nas diversas pol\u00edticas p\u00fablicas e com os demais \u00f3rg\u00e3os do Sistema de Garantia de Direitos. O PAEFI deve garantir atendimento imediato e provid\u00eancias necess\u00e1rias para a inclus\u00e3o da fam\u00edlia e seus membros em servi\u00e7os s\u00f3cio assistenciais e\/ou em programas de transfer\u00eancia de renda, de forma a qualificar a interven\u00e7\u00e3o<\/p>\n","protected":false},"template":"","meta":[],"class_list":["post-56023","carta-de-servicos","type-carta-de-servicos","status-publish","hentry"],"acf":[],"_links":{"self":[{"href":"http:\/\/www.apucarana.pr.gov.br\/site\/wp-json\/wp\/v2\/carta-de-servicos\/56023","targetHints":{"allow":["GET"]}}],"collection":[{"href":"http:\/\/www.apucarana.pr.gov.br\/site\/wp-json\/wp\/v2\/carta-de-servicos"}],"about":[{"href":"http:\/\/www.apucarana.pr.gov.br\/site\/wp-json\/wp\/v2\/types\/carta-de-servicos"}],"wp:attachment":[{"href":"http:\/\/www.apucarana.pr.gov.br\/site\/wp-json\/wp\/v2\/media?parent=56023"}],"curies":[{"name":"wp","href":"https:\/\/api.w.org\/{rel}","templated":true}]}}