{"id":56007,"date":"2022-01-03T14:51:06","date_gmt":"2022-01-03T17:51:06","guid":{"rendered":"http:\/\/www.apucarana.pr.gov.br\/site\/?post_type=carta-de-servicos&#038;p=56007"},"modified":"2022-05-02T15:45:03","modified_gmt":"2022-05-02T18:45:03","slug":"servico-de-convivencia-e-fortalecimento-de-vinculos","status":"publish","type":"carta-de-servicos","link":"http:\/\/www.apucarana.pr.gov.br\/site\/carta-de-servicos\/servico-de-convivencia-e-fortalecimento-de-vinculos\/","title":{"rendered":"Servi\u00e7o de Conviv\u00eancia e Fortalecimento de V\u00ednculos"},"content":{"rendered":"<p>O Servi\u00e7o de Conviv\u00eancia e Fortalecimento de V\u00ednculos (SCFV) \u00e9 um servi\u00e7o da Prote\u00e7\u00e3o Social B\u00e1sica do SUAS que \u00e9 ofertado de forma complementar ao trabalho social com fam\u00edlias realizado por meio do Servi\u00e7o de Prote\u00e7\u00e3o e Atendimento Integral \u00e0s Fam\u00edlias (PAIF) e do Servi\u00e7o de Prote\u00e7\u00e3o e Atendimento Especializado \u00e0s Fam\u00edlias e Indiv\u00edduos (PAEFI). O SCFV realiza atendimentos em grupo. S\u00e3o atividades art\u00edsticas, culturais, de lazer e esportivas, dentre outras, de acordo com a idade dos usu\u00e1rios<\/p>\n","protected":false},"template":"","meta":[],"class_list":["post-56007","carta-de-servicos","type-carta-de-servicos","status-publish","hentry"],"acf":[],"_links":{"self":[{"href":"http:\/\/www.apucarana.pr.gov.br\/site\/wp-json\/wp\/v2\/carta-de-servicos\/56007","targetHints":{"allow":["GET"]}}],"collection":[{"href":"http:\/\/www.apucarana.pr.gov.br\/site\/wp-json\/wp\/v2\/carta-de-servicos"}],"about":[{"href":"http:\/\/www.apucarana.pr.gov.br\/site\/wp-json\/wp\/v2\/types\/carta-de-servicos"}],"wp:attachment":[{"href":"http:\/\/www.apucarana.pr.gov.br\/site\/wp-json\/wp\/v2\/media?parent=56007"}],"curies":[{"name":"wp","href":"https:\/\/api.w.org\/{rel}","templated":true}]}}