{"version":"1.0","provider_name":"Prefeitura Municipal de Apucarana","provider_url":"http:\/\/www.apucarana.pr.gov.br\/site","author_name":"Imprensa","author_url":"http:\/\/www.apucarana.pr.gov.br\/site\/author\/imprensa\/","title":"Sistema Fecom\u00e9rcio entrega pra\u00e7as em Apucarana - Prefeitura Municipal de Apucarana","type":"rich","width":600,"height":338,"html":"<blockquote class=\"wp-embedded-content\" data-secret=\"D2TarhBUlN\"><a href=\"http:\/\/www.apucarana.pr.gov.br\/site\/sistema-fecomercio-entrega-pracas-em-apucarana\/\">Sistema Fecom\u00e9rcio entrega pra\u00e7as em Apucarana<\/a><\/blockquote><iframe sandbox=\"allow-scripts\" security=\"restricted\" src=\"http:\/\/www.apucarana.pr.gov.br\/site\/sistema-fecomercio-entrega-pracas-em-apucarana\/embed\/#?secret=D2TarhBUlN\" width=\"600\" height=\"338\" title=\"&#8220;Sistema Fecom\u00e9rcio entrega pra\u00e7as em Apucarana&#8221; &#8212; Prefeitura Municipal de Apucarana\" data-secret=\"D2TarhBUlN\" frameborder=\"0\" marginwidth=\"0\" marginheight=\"0\" scrolling=\"no\" class=\"wp-embedded-content\"><\/iframe><script type=\"text\/javascript\">\n\/* <![CDATA[ *\/\n\/*! This file is auto-generated *\/\n!function(d,l){\"use strict\";l.querySelector&&d.addEventListener&&\"undefined\"!=typeof URL&&(d.wp=d.wp||{},d.wp.receiveEmbedMessage||(d.wp.receiveEmbedMessage=function(e){var t=e.data;if((t||t.secret||t.message||t.value)&&!\/[^a-zA-Z0-9]\/.test(t.secret)){for(var s,r,n,a=l.querySelectorAll('iframe[data-secret=\"'+t.secret+'\"]'),o=l.querySelectorAll('blockquote[data-secret=\"'+t.secret+'\"]'),c=new RegExp(\"^https?:$\",\"i\"),i=0;i<o.length;i++)o[i].style.display=\"none\";for(i=0;i<a.length;i++)s=a[i],e.source===s.contentWindow&&(s.removeAttribute(\"style\"),\"height\"===t.message?(1e3<(r=parseInt(t.value,10))?r=1e3:~~r<200&&(r=200),s.height=r):\"link\"===t.message&&(r=new URL(s.getAttribute(\"src\")),n=new URL(t.value),c.test(n.protocol))&&n.host===r.host&&l.activeElement===s&&(d.top.location.href=t.value))}},d.addEventListener(\"message\",d.wp.receiveEmbedMessage,!1),l.addEventListener(\"DOMContentLoaded\",function(){for(var e,t,s=l.querySelectorAll(\"iframe.wp-embedded-content\"),r=0;r<s.length;r++)(t=(e=s[r]).getAttribute(\"data-secret\"))||(t=Math.random().toString(36).substring(2,12),e.src+=\"#?secret=\"+t,e.setAttribute(\"data-secret\",t)),e.contentWindow.postMessage({message:\"ready\",secret:t},\"*\")},!1)))}(window,document);\n\/* ]]> *\/\n<\/script>\n","thumbnail_url":"http:\/\/www.apucarana.pr.gov.br\/site\/wp-content\/uploads\/2025\/05\/brasao-768x768-1.png","thumbnail_width":768,"thumbnail_height":768,"description":"Devido \u00e0 pandemia do coronav\u00edrus, as pra\u00e7as foram abertas em ato simb\u00f3lico, realizado na manh\u00e3 desta quinta-feira (28\/05), que contou com a presen\u00e7a do prefeito de Apucarana, Junior da Femac, do gerente da unidade do Senac, Lucas Salvalaggio da Silva, da gerente do Sesc, Marcia Dallagnol, de Aida Assun\u00e7\u00e3o, presidente do Sindicato Varejista de Apucarana (Sivana) e de membros da col\u00f4nia portuguesa (Foto: PMA)"}