{"id":5452,"date":"2016-04-28T14:57:35","date_gmt":"2016-04-28T17:57:35","guid":{"rendered":"http:\/\/www.apucarana.pr.gov.br\/ame\/?page_id=5452"},"modified":"2021-02-01T13:44:03","modified_gmt":"2021-02-01T16:44:03","slug":"educacao-infantil","status":"publish","type":"page","link":"http:\/\/www.apucarana.pr.gov.br\/ame\/educacao-infantil\/","title":{"rendered":"Educa\u00e7\u00e3o Infantil"},"content":{"rendered":"<p>A Lei de Diretrizes e Bases da Educa\u00e7\u00e3o Nacional (LDB), sancionada em 20 de dezembro de 1996, define a Educa\u00e7\u00e3o Infantil como a primeira etapa do ensino b\u00e1sico, que tem por finalidade o desenvolvimento integral da crian\u00e7a at\u00e9 os seis anos de idade, em seus aspectos f\u00edsico, psicol\u00f3gico, intelectual e social, complementando as a\u00e7\u00f5es da fam\u00edlia e da comunidade.<\/p>\n<p>A Autarquia de Municipal Educa\u00e7\u00e3o oferta a Educa\u00e7\u00e3o Infantil aos filhos dos apucaranenses atrav\u00e9s deCMEIs e escolas distribu\u00eddos por todas as regi\u00f5es da cidade. Os primeiros s\u00e3o respons\u00e1veis pelo atendimento das crian\u00e7as a partir dos 4 meses at\u00e9 os 3 anos, enquanto que os \u00faltimos oferecem a pr\u00e9-escola para os meninos e meninas de 4 e 5 anos de idade.<\/p>\n<p>Desde 2014, a AME adota a cole\u00e7\u00e3o de livros did\u00e1ticos Prosinha, da Editora Saraiva, para as turmas de Maternal III, Pr\u00e9 I e Pr\u00e9 II, visando garantir aos seus alunos uma transi\u00e7\u00e3o natural da Educa\u00e7\u00e3o Infantil para o Ensino Fundamental. A obra foi escolhida por apresentar os conte\u00fados sob a perspectiva da Pedagogia Hist\u00f3rico-Cr\u00edtica utilizada na rede municipal de ensino.<\/p>\n<p><img class=\"size-full aligncenter\" src=\"\/ame\/wp-content\/uploads\/img\/infantil.jpg\" \/><\/p>\n<div class = 'socialMediaOnEveryPost'>Compartilhe<div id=\"sgmbShare1-1\" class=\"sgmbShare jssocials-theme-classic sgmbWidget1-1\"><\/div><div class=\"dropdownWrapper dropdownWrapper1 dropdownWrapper-for-widget \" id=\"dropdownWrapper-for-widget\">\r\n\t\t\t\t\t\t<div class=\"dropdownLabel\" id=\"dropdownLabel-share-list\"><span class=\"sgmbButtonListLabel1\">Share List<\/span><\/div>\r\n\t\t\t\t\t\t<div class=\"dropdownPanel dropdownPanel1-1\">\r\n\t\t\t\t\t\t<\/div>\r\n\t\t\t\t\t<\/div><script>  SGMB_URL = \"http:\/\/www.apucarana.pr.gov.br\/ame\/wp-content\/plugins\/social-media-builder\/\"; jQuery(\".dropdownWrapper\").hide(); SGMB_GOOGLE_ACOUNT = \"\"; <\/script><script type=\"text\/javascript\">\r\n\t\tjQuery(document).ready(function($){var widget = new SGMBWidget();widget.show({\"id\":\"1\",\"title\":\"Face\\\/Twitter\",\"options\":{\"currentUrl\":\"1\",\"url\":\"\",\"shareText\":\"\",\"fontSize\":\"14\",\"betweenButtons\":\"1px\",\"theme\":\"classic\",\"sgmbButtonsPosition\":\"bottomLeft\",\"socialTheme\":\"\",\"icon\":\"default\",\"buttonsPanelEffect\":\"No Effect\",\"buttonsEffect\":\"No Effect\",\"iconsEffect\":\"No Effect\",\"buttons\":\"{\\\"facebook\\\":{\\\"label\\\":\\\"Share\\\",\\\"icon\\\":\\\"default-facebook\\\"},\\\"twitter\\\":{\\\"label\\\":\\\"Tweet\\\",\\\"icon\\\":\\\"default-twitter\\\",\\\"via\\\":\\\"\\\",\\\"hashtags\\\":\\\"\\\"}}\",\"roundButton\":\"\",\"showLabels\":\"\",\"showCounts\":\"\",\"showCenter\":\"\",\"showButtonsAsList\":\"\",\"sgmbDropdownColor\":\"\",\"sgmbDropdownLabelFontSize\":\"14\",\"sgmbDropdownLabelColor\":\"\",\"showButtonsOnEveryPost\":\"on\",\"selectedOrExcluded\":\"\",\"showButtonsOnEveryPage\":\"\",\"textOnEveryPost\":\"Compartilhe\",\"showButtonsOnCustomPost\":\"\",\"textOnCustomPost\":\"\",\"showButtonsOnMobileDirect\":\"on\",\"showButtonsOnDesktopDirect\":\"on\",\"sgmbSelectedPages\":[\"\"],\"sgmbExcludedPosts\":[\"\"],\"sgmbSelectedCustomPosts\":[],\"showButtonsInPopup\":\"\",\"titleOfPopup\":\"\",\"descriptionOfPopup\":\"\",\"showPopupOnLoad\":\"\",\"showPopupOnScroll\":\"\",\"showPopupOnExit\":\"\",\"openSecondsOfPopup\":\"\",\"googleAnaliticsAccount\":\"\"},\"buttonOptions\":{\"facebook\":{\"label\":\"Share\",\"icon\":\"default-facebook\"},\"twitter\":{\"label\":\"Tweet\",\"icon\":\"default-twitter\",\"via\":\"\",\"hashtags\":\"\"}},\"button\":[\"facebook\",\"twitter\"]}, 1, '', '\/ame\/wp-content\/uploads\/img\/infantil.jpg', '', 'http:\/\/www.apucarana.pr.gov.br\/ame\/educacao-infantil\/'); });<\/script><\/div><script> jQuery(\".socialMediaOnEveryPost\").addClass(\"sgmb-left\") <\/script>","protected":false},"excerpt":{"rendered":"<p>A Lei de Diretrizes e Bases da Educa\u00e7\u00e3o Nacional (LDB), sancionada em 20 de dezembro de 1996, define a Educa\u00e7\u00e3o Infantil como a primeira etapa do ensino b\u00e1sico, que tem por finalidade o desenvolvimento integral da crian\u00e7a at\u00e9 os seis anos de idade, em seus aspectos f\u00edsico, psicol\u00f3gico, intelectual e&hellip; <\/p>\n","protected":false},"author":1,"featured_media":0,"parent":0,"menu_order":0,"comment_status":"closed","ping_status":"closed","template":"","meta":[],"_links":{"self":[{"href":"http:\/\/www.apucarana.pr.gov.br\/ame\/wp-json\/wp\/v2\/pages\/5452"}],"collection":[{"href":"http:\/\/www.apucarana.pr.gov.br\/ame\/wp-json\/wp\/v2\/pages"}],"about":[{"href":"http:\/\/www.apucarana.pr.gov.br\/ame\/wp-json\/wp\/v2\/types\/page"}],"author":[{"embeddable":true,"href":"http:\/\/www.apucarana.pr.gov.br\/ame\/wp-json\/wp\/v2\/users\/1"}],"replies":[{"embeddable":true,"href":"http:\/\/www.apucarana.pr.gov.br\/ame\/wp-json\/wp\/v2\/comments?post=5452"}],"version-history":[{"count":3,"href":"http:\/\/www.apucarana.pr.gov.br\/ame\/wp-json\/wp\/v2\/pages\/5452\/revisions"}],"predecessor-version":[{"id":9321,"href":"http:\/\/www.apucarana.pr.gov.br\/ame\/wp-json\/wp\/v2\/pages\/5452\/revisions\/9321"}],"wp:attachment":[{"href":"http:\/\/www.apucarana.pr.gov.br\/ame\/wp-json\/wp\/v2\/media?parent=5452"}],"curies":[{"name":"wp","href":"https:\/\/api.w.org\/{rel}","templated":true}]}}